{"id":5249,"date":"2021-12-10T16:34:03","date_gmt":"2021-12-10T15:34:03","guid":{"rendered":"https:\/\/vendtra.com\/?page_id=5249"},"modified":"2026-04-28T17:41:22","modified_gmt":"2026-04-28T15:41:22","slug":"konzept","status":"publish","type":"page","link":"https:\/\/www.vendtra.com\/ro\/konzept\/","title":{"rendered":"Concept"},"content":{"rendered":"<p><div class=\"fusion-fullwidth fullwidth-box fusion-builder-row-1 fusion-flex-container nonhundred-percent-fullwidth non-hundred-percent-height-scrolling\" style=\"--awb-border-radius-top-left:0px;--awb-border-radius-top-right:0px;--awb-border-radius-bottom-right:0px;--awb-border-radius-bottom-left:0px;--awb-margin-bottom:36px;--awb-flex-wrap:wrap;\" ><div class=\"fusion-builder-row fusion-row fusion-flex-align-items-flex-start fusion-flex-content-wrap\" style=\"max-width:1064.96px;margin-left: calc(-4% \/ 2 );margin-right: calc(-4% \/ 2 );\"><div class=\"fusion-layout-column fusion_builder_column fusion-builder-column-0 fusion_builder_column_1_1 1_1 fusion-flex-column\" style=\"--awb-bg-size:cover;--awb-width-large:100%;--awb-margin-top-large:15px;--awb-spacing-right-large:1.92%;--awb-margin-bottom-large:15px;--awb-spacing-left-large:1.92%;--awb-width-medium:100%;--awb-order-medium:0;--awb-spacing-right-medium:1.92%;--awb-spacing-left-medium:1.92%;--awb-width-small:100%;--awb-order-small:0;--awb-spacing-right-small:1.92%;--awb-spacing-left-small:1.92%;\"><div class=\"fusion-column-wrapper fusion-column-has-shadow fusion-flex-justify-content-flex-start fusion-content-layout-column\"><div class=\"fusion-text fusion-text-1\" style=\"--awb-text-transform:none;\"><p align=\"center\"><span style=\"font-size: 50px; line-height: 51px; font-family: Inter; font-weight: 200;\" data-fusion-font=\"true\" data-fusion-google-font=\"Inter\" data-fusion-google-variant=\"200\">T\u00e2rg oficial de industrie Germania<\/span><\/p>\n<\/div><div class=\"fusion-text fusion-text-2\" style=\"--awb-text-transform:none;\"><p style=\"font-family: Inter; font-weight: 400; font-size: 16px; line-height: 30px;\" data-fusion-font=\"true\" data-fusion-google-font=\"Inter\" data-fusion-google-variant=\"400\">Vendtra este t\u00e2rgul oficial al industriei de vending \u0219i cafea din Germania \u0219i se adreseaz\u0103 tuturor profesioni\u0219tilor \u0219i \u00eencep\u0103torilor din vending organizat \u0219i neorganizat. Vendtra se concentreaz\u0103 pe activitatea de baz\u0103 a operatorilor, a companiilor de vending \u0219i OCS, a pr\u0103jitorilor, a furnizorilor de catering, a furnizorilor de catering pentru companii, a chio\u0219curilor, a cafenelelor, a restaurantelor, a hotelurilor, a brut\u0103riilor, a m\u0103cel\u0103riilor, a fermierilor, a comercian\u021bilor independen\u021bi, a roboticii \u0219i 24\/7.<\/p>\n<p style=\"font-family: Inter; font-weight: 400; font-size: 16px; line-height: 30px;\" data-fusion-font=\"true\" data-fusion-google-font=\"Inter\" data-fusion-google-variant=\"400\">\u00cen cooperare activ\u0103 cu BDV (Bundesverband der Deutschen Vending-Automatenwirtschaft e.V.), Vendtra se concentreaz\u0103 pe furnizarea c\u0103tre to\u021bi participan\u021bii din industrie a unor r\u0103spunsuri practice pentru o mai mare cre\u0219tere, concentr\u00e2ndu-se pe noi v\u00e2nz\u0103ri, noi produse, tehnologie, concepte \u0219i optimizarea sau automatizarea proceselor.<\/p>\n<p style=\"font-family: Inter; font-weight: 400; font-size: 16px; line-height: 30px;\" data-fusion-font=\"true\" data-fusion-google-font=\"Inter\" data-fusion-google-variant=\"400\">Vendtra vine cu o zon\u0103 de expozi\u021bie clasic\u0103 (standuri de expozi\u021bie \/ cutii), tablet\u0103 speed-up (pentru un contact \u0219i mai rapid), un program de prelegeri care este redat prin intermediul expozan\u021bilor \u0219i al lobby-ului. Explica\u021bii despre produse, B2B, tendin\u021be \u0219i evalu\u0103ri sunt printre subiectele importante pentru ambele zile ale t\u00e2rgului. Seara oficial\u0103 a industriei din prima zi a t\u00e2rgului, cu o medie de +800 de vizitatori, subliniaz\u0103 comunicarea activ\u0103 \u0219i oportunitatea pentru B2B.  <\/p>\n<\/div><\/div><\/div><\/div><\/div><div class=\"fusion-fullwidth fullwidth-box fusion-builder-row-2 fusion-flex-container nonhundred-percent-fullwidth non-hundred-percent-height-scrolling\" style=\"--awb-border-radius-top-left:0px;--awb-border-radius-top-right:0px;--awb-border-radius-bottom-right:0px;--awb-border-radius-bottom-left:0px;--awb-padding-top:0px;--awb-margin-top:0px;--awb-flex-wrap:wrap;\" ><div class=\"fusion-builder-row fusion-row fusion-flex-align-items-flex-start fusion-flex-content-wrap\" style=\"max-width:1064.96px;margin-left: calc(-4% \/ 2 );margin-right: calc(-4% \/ 2 );\"><div class=\"fusion-layout-column fusion_builder_column fusion-builder-column-1 fusion_builder_column_1_3 1_3 fusion-flex-column\" style=\"--awb-bg-size:cover;--awb-width-large:33.333333333333%;--awb-margin-top-large:15px;--awb-spacing-right-large:5.76%;--awb-margin-bottom-large:15px;--awb-spacing-left-large:5.76%;--awb-width-medium:100%;--awb-order-medium:0;--awb-spacing-right-medium:1.92%;--awb-spacing-left-medium:1.92%;--awb-width-small:100%;--awb-order-small:0;--awb-spacing-right-small:1.92%;--awb-spacing-left-small:1.92%;\"><div class=\"fusion-column-wrapper fusion-column-has-shadow fusion-flex-justify-content-flex-start fusion-content-layout-column\"><div class=\"fusion-image-element\" style=\"--awb-bottom-shadow-color:rgba(140,149,163,0.4);--awb-caption-title-font-family:var(--h2_typography-font-family);--awb-caption-title-font-weight:var(--h2_typography-font-weight);--awb-caption-title-font-style:var(--h2_typography-font-style);--awb-caption-title-size:var(--h2_typography-font-size);--awb-caption-title-transform:var(--h2_typography-text-transform);--awb-caption-title-line-height:var(--h2_typography-line-height);--awb-caption-title-letter-spacing:var(--h2_typography-letter-spacing);\"><div class=\"awb-image-frame awb-image-frame-1 awb-bottomshadow\"><span class=\"fusion-imageframe imageframe-bottomshadow imageframe-1 hover-type-zoomout\"><img decoding=\"async\" width=\"496\" height=\"289\" alt=\"Vendtra, Vending Trade Festival Deutschland\" title=\"Vendtra, Festivalul Comer\u021bului de Vending din Germania\" src=\"https:\/\/vendtra.com\/wp-content\/uploads\/2021\/12\/Konzept-Vendtra.png\" class=\"img-responsive wp-image-5265\" srcset=\"https:\/\/www.vendtra.com\/wp-content\/uploads\/2021\/12\/Konzept-Vendtra-200x117.png 200w, https:\/\/www.vendtra.com\/wp-content\/uploads\/2021\/12\/Konzept-Vendtra-400x233.png 400w, https:\/\/www.vendtra.com\/wp-content\/uploads\/2021\/12\/Konzept-Vendtra.png 496w\" sizes=\"(max-width: 1024px) 100vw, (max-width: 640px) 100vw, 400px\" \/><\/span><svg xmlns=\"http:\/\/www.w3.org\/2000\/svg\" version=\"1.1\" width=\"100%\" viewbox=\"0 0 600 28\" preserveaspectratio=\"none\"><g clip-path=\"url(#a)\"><mask id=\"b\" style=\"mask-type:luminance\" maskunits=\"userSpaceOnUse\" x=\"0\" y=\"0\" width=\"600\" height=\"28\"><path d=\"M0 0h600v28H0V0Z\" fill=\"#fff\"\/><\/mask><g filter=\"url(#c)\" mask=\"url(#b)\"><path d=\"M16.439-18.667h567.123v30.8S438.961-8.4 300-8.4C161.04-8.4 16.438 12.133 16.438 12.133v-30.8Z\" fill=\"#000\"\/><\/g><\/g><defs><clippath id=\"a\"><path fill=\"#fff\" d=\"M0 0h600v28H0z\"\/><\/clippath><filter id=\"c\" x=\"5.438\" y=\"-29.667\" width=\"589.123\" height=\"52.8\" filterunits=\"userSpaceOnUse\" color-interpolation-filters=\"sRGB\"><feflood flood-opacity=\"0\" result=\"BackgroundImageFix\"\/><feblend in=\"SourceGraphic\" in2=\"BackgroundImageFix\" result=\"shape\"\/><fegaussianblur stddeviation=\"5.5\" result=\"effect1_foregroundBlur_3983_183\"\/><\/filter><\/defs><\/svg><\/div><\/div><\/div><\/div><div class=\"fusion-layout-column fusion_builder_column fusion-builder-column-2 fusion_builder_column_2_3 2_3 fusion-flex-column\" style=\"--awb-bg-size:cover;--awb-width-large:66.666666666667%;--awb-margin-top-large:0px;--awb-spacing-right-large:2.88%;--awb-margin-bottom-large:15px;--awb-spacing-left-large:2.88%;--awb-width-medium:100%;--awb-order-medium:0;--awb-spacing-right-medium:1.92%;--awb-spacing-left-medium:1.92%;--awb-width-small:100%;--awb-order-small:0;--awb-spacing-right-small:1.92%;--awb-spacing-left-small:1.92%;\"><div class=\"fusion-column-wrapper fusion-column-has-shadow fusion-flex-justify-content-flex-start fusion-content-layout-column\"><div class=\"fusion-text fusion-text-3\" style=\"--awb-text-transform:none;\"><p style=\"font-size: 30px; font-family: 'Inter Tight'; font-weight: 200; line-height: 60px;\" data-fusion-font=\"true\" data-fusion-google-font=\"Inter Tight\" data-fusion-google-variant=\"200\">VENDTRA<\/p>\n<p><span style=\"font-family: Inter; font-weight: 400; font-size: 16px; line-height: 32px;\" data-fusion-font=\"true\" data-fusion-google-font=\"Inter\" data-fusion-google-variant=\"400\">Sal\u0103 de expozi\u021bii clasic\u0103. Boxe de expozi\u021bie\/zon\u0103 de standuri, zon\u0103 de mese speed-up (pentru contact rapid), zon\u0103 de scen\u0103 (program de prelegeri pentru expozan\u021bi\/lobby) \u0219i salonul pentru operatori, care a fost deja testat. <\/span><\/p>\n<\/div><\/div><\/div><\/div><\/div><div class=\"fusion-fullwidth fullwidth-box fusion-builder-row-3 fusion-flex-container nonhundred-percent-fullwidth non-hundred-percent-height-scrolling\" style=\"--awb-border-radius-top-left:0px;--awb-border-radius-top-right:0px;--awb-border-radius-bottom-right:0px;--awb-border-radius-bottom-left:0px;--awb-padding-top:0px;--awb-margin-top:0px;--awb-flex-wrap:wrap;\" ><div class=\"fusion-builder-row fusion-row fusion-flex-align-items-flex-start fusion-flex-content-wrap\" style=\"max-width:1064.96px;margin-left: calc(-4% \/ 2 );margin-right: calc(-4% \/ 2 );\"><div class=\"fusion-layout-column fusion_builder_column fusion-builder-column-3 fusion_builder_column_1_3 1_3 fusion-flex-column\" style=\"--awb-bg-size:cover;--awb-width-large:33.333333333333%;--awb-margin-top-large:15px;--awb-spacing-right-large:5.76%;--awb-margin-bottom-large:15px;--awb-spacing-left-large:5.76%;--awb-width-medium:100%;--awb-order-medium:0;--awb-spacing-right-medium:1.92%;--awb-spacing-left-medium:1.92%;--awb-width-small:100%;--awb-order-small:0;--awb-spacing-right-small:1.92%;--awb-spacing-left-small:1.92%;\"><div class=\"fusion-column-wrapper fusion-column-has-shadow fusion-flex-justify-content-flex-start fusion-content-layout-column\"><div class=\"fusion-image-element\" style=\"--awb-bottom-shadow-color:rgba(140,149,163,0.4);--awb-caption-title-font-family:var(--h2_typography-font-family);--awb-caption-title-font-weight:var(--h2_typography-font-weight);--awb-caption-title-font-style:var(--h2_typography-font-style);--awb-caption-title-size:var(--h2_typography-font-size);--awb-caption-title-transform:var(--h2_typography-text-transform);--awb-caption-title-line-height:var(--h2_typography-line-height);--awb-caption-title-letter-spacing:var(--h2_typography-letter-spacing);\"><div class=\"awb-image-frame awb-image-frame-2 awb-bottomshadow\"><span class=\"fusion-imageframe imageframe-bottomshadow imageframe-2 hover-type-zoomout\"><img decoding=\"async\" width=\"496\" height=\"289\" alt=\"Vendtra, Vending Trade Festival Deutschland\" title=\"Vendtra, Festivalul Comer\u021bului de Vending din Germania\" src=\"https:\/\/vendtra.com\/wp-content\/uploads\/2021\/12\/Konzept-Incentive.png\" class=\"img-responsive wp-image-5267\" srcset=\"https:\/\/www.vendtra.com\/wp-content\/uploads\/2021\/12\/Konzept-Incentive-200x117.png 200w, https:\/\/www.vendtra.com\/wp-content\/uploads\/2021\/12\/Konzept-Incentive-400x233.png 400w, https:\/\/www.vendtra.com\/wp-content\/uploads\/2021\/12\/Konzept-Incentive.png 496w\" sizes=\"(max-width: 1024px) 100vw, (max-width: 640px) 100vw, 400px\" \/><\/span><svg xmlns=\"http:\/\/www.w3.org\/2000\/svg\" version=\"1.1\" width=\"100%\" viewbox=\"0 0 600 28\" preserveaspectratio=\"none\"><g clip-path=\"url(#a)\"><mask id=\"b\" style=\"mask-type:luminance\" maskunits=\"userSpaceOnUse\" x=\"0\" y=\"0\" width=\"600\" height=\"28\"><path d=\"M0 0h600v28H0V0Z\" fill=\"#fff\"\/><\/mask><g filter=\"url(#c)\" mask=\"url(#b)\"><path d=\"M16.439-18.667h567.123v30.8S438.961-8.4 300-8.4C161.04-8.4 16.438 12.133 16.438 12.133v-30.8Z\" fill=\"#000\"\/><\/g><\/g><defs><clippath id=\"a\"><path fill=\"#fff\" d=\"M0 0h600v28H0z\"\/><\/clippath><filter id=\"c\" x=\"5.438\" y=\"-29.667\" width=\"589.123\" height=\"52.8\" filterunits=\"userSpaceOnUse\" color-interpolation-filters=\"sRGB\"><feflood flood-opacity=\"0\" result=\"BackgroundImageFix\"\/><feblend in=\"SourceGraphic\" in2=\"BackgroundImageFix\" result=\"shape\"\/><fegaussianblur stddeviation=\"5.5\" result=\"effect1_foregroundBlur_3983_183\"\/><\/filter><\/defs><\/svg><\/div><\/div><\/div><\/div><div class=\"fusion-layout-column fusion_builder_column fusion-builder-column-4 fusion_builder_column_2_3 2_3 fusion-flex-column\" style=\"--awb-bg-size:cover;--awb-width-large:66.666666666667%;--awb-margin-top-large:0px;--awb-spacing-right-large:2.88%;--awb-margin-bottom-large:15px;--awb-spacing-left-large:2.88%;--awb-width-medium:100%;--awb-order-medium:0;--awb-spacing-right-medium:1.92%;--awb-spacing-left-medium:1.92%;--awb-width-small:100%;--awb-order-small:0;--awb-spacing-right-small:1.92%;--awb-spacing-left-small:1.92%;\"><div class=\"fusion-column-wrapper fusion-column-has-shadow fusion-flex-justify-content-flex-start fusion-content-layout-column\"><div class=\"fusion-text fusion-text-4\" style=\"--awb-text-transform:none;\"><p style=\"font-size: 30px; font-family: Inter; font-weight: 200;\" data-fusion-font=\"true\" data-fusion-google-font=\"Inter\" data-fusion-google-variant=\"200\">SEARA DE LA BRANCH<\/p>\n<p><b><span style=\"font-family: Inter; font-weight: 400; font-size: 16px; line-height: 32px;\" data-fusion-font=\"true\" data-fusion-google-font=\"Inter\" data-fusion-google-variant=\"400\">Cu o medie de +800 de vizitatori, seara industriei este cel mai mare eveniment B2B pentru industria de vending \u0219i cafea din Europa. Dac\u0103 dori\u021bi s\u0103 v\u0103 men\u021bine\u021bi contactele \u0219i s\u0103 face\u021bi altele noi, profita\u021bi de ocazie pentru a v\u0103 angaja \u00een dialog. <\/span><\/b><\/p>\n<\/div><\/div><\/div><\/div><\/div><div class=\"fusion-fullwidth fullwidth-box fusion-builder-row-4 fusion-flex-container nonhundred-percent-fullwidth non-hundred-percent-height-scrolling\" style=\"--awb-border-radius-top-left:0px;--awb-border-radius-top-right:0px;--awb-border-radius-bottom-right:0px;--awb-border-radius-bottom-left:0px;--awb-padding-top:0px;--awb-margin-top:0px;--awb-flex-wrap:wrap;\" ><div class=\"fusion-builder-row fusion-row fusion-flex-align-items-flex-start fusion-flex-content-wrap\" style=\"max-width:1064.96px;margin-left: calc(-4% \/ 2 );margin-right: calc(-4% \/ 2 );\"><div class=\"fusion-layout-column fusion_builder_column fusion-builder-column-5 fusion_builder_column_1_3 1_3 fusion-flex-column\" style=\"--awb-bg-size:cover;--awb-width-large:33.333333333333%;--awb-margin-top-large:15px;--awb-spacing-right-large:5.76%;--awb-margin-bottom-large:15px;--awb-spacing-left-large:5.76%;--awb-width-medium:100%;--awb-order-medium:0;--awb-spacing-right-medium:1.92%;--awb-spacing-left-medium:1.92%;--awb-width-small:100%;--awb-order-small:0;--awb-spacing-right-small:1.92%;--awb-spacing-left-small:1.92%;\"><div class=\"fusion-column-wrapper fusion-column-has-shadow fusion-flex-justify-content-flex-start fusion-content-layout-column\"><div class=\"fusion-image-element\" style=\"--awb-bottom-shadow-color:rgba(140,149,163,0.4);--awb-caption-title-font-family:var(--h2_typography-font-family);--awb-caption-title-font-weight:var(--h2_typography-font-weight);--awb-caption-title-font-style:var(--h2_typography-font-style);--awb-caption-title-size:var(--h2_typography-font-size);--awb-caption-title-transform:var(--h2_typography-text-transform);--awb-caption-title-line-height:var(--h2_typography-line-height);--awb-caption-title-letter-spacing:var(--h2_typography-letter-spacing);\"><div class=\"awb-image-frame awb-image-frame-3 awb-bottomshadow\"><span class=\"fusion-imageframe imageframe-bottomshadow imageframe-3 hover-type-zoomout\"><img decoding=\"async\" width=\"496\" height=\"289\" alt=\"Vendtra, Vending Trade Festival Deutschland\" title=\"Vendtra, Festivalul Comer\u021bului de Vending din Germania\" src=\"https:\/\/vendtra.com\/wp-content\/uploads\/2021\/12\/Konzept-Twins.png\" class=\"img-responsive wp-image-5271\" srcset=\"https:\/\/www.vendtra.com\/wp-content\/uploads\/2021\/12\/Konzept-Twins-200x117.png 200w, https:\/\/www.vendtra.com\/wp-content\/uploads\/2021\/12\/Konzept-Twins-400x233.png 400w, https:\/\/www.vendtra.com\/wp-content\/uploads\/2021\/12\/Konzept-Twins.png 496w\" sizes=\"(max-width: 1024px) 100vw, (max-width: 640px) 100vw, 400px\" \/><\/span><svg xmlns=\"http:\/\/www.w3.org\/2000\/svg\" version=\"1.1\" width=\"100%\" viewbox=\"0 0 600 28\" preserveaspectratio=\"none\"><g clip-path=\"url(#a)\"><mask id=\"b\" style=\"mask-type:luminance\" maskunits=\"userSpaceOnUse\" x=\"0\" y=\"0\" width=\"600\" height=\"28\"><path d=\"M0 0h600v28H0V0Z\" fill=\"#fff\"\/><\/mask><g filter=\"url(#c)\" mask=\"url(#b)\"><path d=\"M16.439-18.667h567.123v30.8S438.961-8.4 300-8.4C161.04-8.4 16.438 12.133 16.438 12.133v-30.8Z\" fill=\"#000\"\/><\/g><\/g><defs><clippath id=\"a\"><path fill=\"#fff\" d=\"M0 0h600v28H0z\"\/><\/clippath><filter id=\"c\" x=\"5.438\" y=\"-29.667\" width=\"589.123\" height=\"52.8\" filterunits=\"userSpaceOnUse\" color-interpolation-filters=\"sRGB\"><feflood flood-opacity=\"0\" result=\"BackgroundImageFix\"\/><feblend in=\"SourceGraphic\" in2=\"BackgroundImageFix\" result=\"shape\"\/><fegaussianblur stddeviation=\"5.5\" result=\"effect1_foregroundBlur_3983_183\"\/><\/filter><\/defs><\/svg><\/div><\/div><\/div><\/div><div class=\"fusion-layout-column fusion_builder_column fusion-builder-column-6 fusion_builder_column_2_3 2_3 fusion-flex-column\" style=\"--awb-bg-size:cover;--awb-width-large:66.666666666667%;--awb-margin-top-large:0px;--awb-spacing-right-large:2.88%;--awb-margin-bottom-large:15px;--awb-spacing-left-large:2.88%;--awb-width-medium:100%;--awb-order-medium:0;--awb-spacing-right-medium:1.92%;--awb-spacing-left-medium:1.92%;--awb-width-small:100%;--awb-order-small:0;--awb-spacing-right-small:1.92%;--awb-spacing-left-small:1.92%;\"><div class=\"fusion-column-wrapper fusion-column-has-shadow fusion-flex-justify-content-flex-start fusion-content-layout-column\"><div class=\"fusion-text fusion-text-5\" style=\"--awb-text-transform:none;\"><p style=\"font-size: 30px; font-family: Inter; font-weight: 200; line-height: 60px;\" data-fusion-font=\"true\" data-fusion-google-font=\"Inter\" data-fusion-google-variant=\"200\">VENDTRA TWINS<\/p>\n<p><span style=\"font-family: Inter; font-weight: 400; font-size: 16px; line-height: 32px;\" data-fusion-font=\"true\" data-fusion-google-font=\"Inter\" data-fusion-google-variant=\"400\">Vendtra Twins se adreseaz\u0103 angaja\u021bilor care doresc, de asemenea, s\u0103 fie prezen\u021bi \u0219i s\u0103 r\u0103m\u00e2n\u0103 informa\u021bi. T\u00e2rgul digital online Vendtra Twins ofer\u0103 toate suporturile, informa\u021bii despre produse de la t\u00e2rgul \u00een sine \u0219i desc\u0103rc\u0103ri ulterioare.<\/span><\/p>\n<\/div><\/div><\/div><\/div><\/div><\/p>","protected":false},"excerpt":{"rendered":"","protected":false},"author":1,"featured_media":-3,"parent":0,"menu_order":0,"comment_status":"closed","ping_status":"closed","template":"100-width.php","meta":{"_acf_changed":false,"footnotes":""},"class_list":["post-5249","page","type-page","status-publish","has-post-thumbnail","hentry"],"acf":[],"yoast_head":"<!-- This site is optimized with the Yoast SEO plugin v27.5 - https:\/\/yoast.com\/product\/yoast-seo-wordpress\/ -->\n<title>VENDTRA<\/title>\n<meta name=\"description\" content=\"Vending Trade Festival, Germany\" \/>\n<meta name=\"robots\" content=\"index, follow, max-snippet:-1, max-image-preview:large, max-video-preview:-1\" \/>\n<link rel=\"canonical\" href=\"https:\/\/www.vendtra.com\/ro\/konzept\/\" \/>\n<meta property=\"og:locale\" content=\"ro_RO\" \/>\n<meta property=\"og:type\" content=\"article\" \/>\n<meta property=\"og:title\" content=\"VENDTRA\" \/>\n<meta property=\"og:description\" content=\"Vending Trade Festival, Germany\" \/>\n<meta property=\"og:url\" content=\"https:\/\/www.vendtra.com\/ro\/konzept\/\" \/>\n<meta property=\"og:site_name\" content=\"VENDTRA\" \/>\n<meta property=\"article:publisher\" content=\"https:\/\/www.facebook.com\/vendingreport\/?ref=pages_you_manage\" \/>\n<meta property=\"article:modified_time\" content=\"2026-04-28T15:41:22+00:00\" \/>\n<meta name=\"twitter:card\" content=\"summary_large_image\" \/>\n<meta name=\"twitter:label1\" content=\"Timp estimat pentru citire\" \/>\n\t<meta name=\"twitter:data1\" content=\"6 minute\" \/>\n<script type=\"application\/ld+json\" class=\"yoast-schema-graph\">{\"@context\":\"https:\\\/\\\/schema.org\",\"@graph\":[{\"@type\":\"WebPage\",\"@id\":\"https:\\\/\\\/www.vendtra.com\\\/de\\\/konzept\\\/\",\"url\":\"https:\\\/\\\/www.vendtra.com\\\/de\\\/konzept\\\/\",\"name\":\"VENDTRA\",\"isPartOf\":{\"@id\":\"https:\\\/\\\/www.vendtra.com\\\/#website\"},\"datePublished\":\"2021-12-10T15:34:03+00:00\",\"dateModified\":\"2026-04-28T15:41:22+00:00\",\"description\":\"Vending Trade Festival, Germany\",\"breadcrumb\":{\"@id\":\"https:\\\/\\\/www.vendtra.com\\\/de\\\/konzept\\\/#breadcrumb\"},\"inLanguage\":\"ro-RO\",\"potentialAction\":[{\"@type\":\"ReadAction\",\"target\":[\"https:\\\/\\\/www.vendtra.com\\\/de\\\/konzept\\\/\"]}]},{\"@type\":\"BreadcrumbList\",\"@id\":\"https:\\\/\\\/www.vendtra.com\\\/de\\\/konzept\\\/#breadcrumb\",\"itemListElement\":[{\"@type\":\"ListItem\",\"position\":1,\"name\":\"Startseite\",\"item\":\"https:\\\/\\\/www.vendtra.com\\\/de\\\/\"},{\"@type\":\"ListItem\",\"position\":2,\"name\":\"Konzept\"}]},{\"@type\":\"WebSite\",\"@id\":\"https:\\\/\\\/www.vendtra.com\\\/#website\",\"url\":\"https:\\\/\\\/www.vendtra.com\\\/\",\"name\":\"VENDTRA\",\"description\":\"Messe der Vending- und Kaffeewirtschaft Deutschland\",\"publisher\":{\"@id\":\"https:\\\/\\\/www.vendtra.com\\\/#organization\"},\"potentialAction\":[{\"@type\":\"SearchAction\",\"target\":{\"@type\":\"EntryPoint\",\"urlTemplate\":\"https:\\\/\\\/www.vendtra.com\\\/?s={search_term_string}\"},\"query-input\":{\"@type\":\"PropertyValueSpecification\",\"valueRequired\":true,\"valueName\":\"search_term_string\"}}],\"inLanguage\":\"ro-RO\"},{\"@type\":\"Organization\",\"@id\":\"https:\\\/\\\/www.vendtra.com\\\/#organization\",\"name\":\"VENDTRA\",\"url\":\"https:\\\/\\\/www.vendtra.com\\\/\",\"logo\":{\"@type\":\"ImageObject\",\"inLanguage\":\"ro-RO\",\"@id\":\"https:\\\/\\\/www.vendtra.com\\\/#\\\/schema\\\/logo\\\/image\\\/\",\"url\":\"https:\\\/\\\/www.vendtra.com\\\/wp-content\\\/uploads\\\/2021\\\/01\\\/vendtra_apple_ipad_retina.png\",\"contentUrl\":\"https:\\\/\\\/www.vendtra.com\\\/wp-content\\\/uploads\\\/2021\\\/01\\\/vendtra_apple_ipad_retina.png\",\"width\":167,\"height\":167,\"caption\":\"VENDTRA\"},\"image\":{\"@id\":\"https:\\\/\\\/www.vendtra.com\\\/#\\\/schema\\\/logo\\\/image\\\/\"},\"sameAs\":[\"https:\\\/\\\/www.facebook.com\\\/vendingreport\\\/?ref=pages_you_manage\"]}]}<\/script>\n<!-- \/ Yoast SEO plugin. -->","yoast_head_json":{"title":"VENDTRA","description":"Vending Trade Festival, Germania","robots":{"index":"index","follow":"follow","max-snippet":"max-snippet:-1","max-image-preview":"max-image-preview:large","max-video-preview":"max-video-preview:-1"},"canonical":"https:\/\/www.vendtra.com\/ro\/konzept\/","og_locale":"ro_RO","og_type":"article","og_title":"VENDTRA","og_description":"Vending Trade Festival, Germany","og_url":"https:\/\/www.vendtra.com\/ro\/konzept\/","og_site_name":"VENDTRA","article_publisher":"https:\/\/www.facebook.com\/vendingreport\/?ref=pages_you_manage","article_modified_time":"2026-04-28T15:41:22+00:00","twitter_card":"summary_large_image","twitter_misc":{"Timp estimat pentru citire":"6 minute"},"schema":{"@context":"https:\/\/schema.org","@graph":[{"@type":"WebPage","@id":"https:\/\/www.vendtra.com\/de\/konzept\/","url":"https:\/\/www.vendtra.com\/de\/konzept\/","name":"VENDTRA","isPartOf":{"@id":"https:\/\/www.vendtra.com\/#website"},"datePublished":"2021-12-10T15:34:03+00:00","dateModified":"2026-04-28T15:41:22+00:00","description":"Vending Trade Festival, Germania","breadcrumb":{"@id":"https:\/\/www.vendtra.com\/de\/konzept\/#breadcrumb"},"inLanguage":"ro-RO","potentialAction":[{"@type":"ReadAction","target":["https:\/\/www.vendtra.com\/de\/konzept\/"]}]},{"@type":"BreadcrumbList","@id":"https:\/\/www.vendtra.com\/de\/konzept\/#breadcrumb","itemListElement":[{"@type":"ListItem","position":1,"name":"Startseite","item":"https:\/\/www.vendtra.com\/de\/"},{"@type":"ListItem","position":2,"name":"Konzept"}]},{"@type":"WebSite","@id":"https:\/\/www.vendtra.com\/#website","url":"https:\/\/www.vendtra.com\/","name":"VENDTRA","description":"T\u00e2rg comercial pentru industria de vending \u0219i cafea din Germania","publisher":{"@id":"https:\/\/www.vendtra.com\/#organization"},"potentialAction":[{"@type":"SearchAction","target":{"@type":"EntryPoint","urlTemplate":"https:\/\/www.vendtra.com\/?s={search_term_string}"},"query-input":{"@type":"PropertyValueSpecification","valueRequired":true,"valueName":"search_term_string"}}],"inLanguage":"ro-RO"},{"@type":"Organization","@id":"https:\/\/www.vendtra.com\/#organization","name":"VENDTRA","url":"https:\/\/www.vendtra.com\/","logo":{"@type":"ImageObject","inLanguage":"ro-RO","@id":"https:\/\/www.vendtra.com\/#\/schema\/logo\/image\/","url":"https:\/\/www.vendtra.com\/wp-content\/uploads\/2021\/01\/vendtra_apple_ipad_retina.png","contentUrl":"https:\/\/www.vendtra.com\/wp-content\/uploads\/2021\/01\/vendtra_apple_ipad_retina.png","width":167,"height":167,"caption":"VENDTRA"},"image":{"@id":"https:\/\/www.vendtra.com\/#\/schema\/logo\/image\/"},"sameAs":["https:\/\/www.facebook.com\/vendingreport\/?ref=pages_you_manage"]}]}},"_links":{"self":[{"href":"https:\/\/www.vendtra.com\/ro\/wp-json\/wp\/v2\/pages\/5249","targetHints":{"allow":["GET"]}}],"collection":[{"href":"https:\/\/www.vendtra.com\/ro\/wp-json\/wp\/v2\/pages"}],"about":[{"href":"https:\/\/www.vendtra.com\/ro\/wp-json\/wp\/v2\/types\/page"}],"author":[{"embeddable":true,"href":"https:\/\/www.vendtra.com\/ro\/wp-json\/wp\/v2\/users\/1"}],"replies":[{"embeddable":true,"href":"https:\/\/www.vendtra.com\/ro\/wp-json\/wp\/v2\/comments?post=5249"}],"version-history":[{"count":15,"href":"https:\/\/www.vendtra.com\/ro\/wp-json\/wp\/v2\/pages\/5249\/revisions"}],"predecessor-version":[{"id":7900,"href":"https:\/\/www.vendtra.com\/ro\/wp-json\/wp\/v2\/pages\/5249\/revisions\/7900"}],"wp:featuredmedia":[{"embeddable":true,"href":"https:\/\/www.vendtra.com\/ro\/wp-json\/"}],"wp:attachment":[{"href":"https:\/\/www.vendtra.com\/ro\/wp-json\/wp\/v2\/media?parent=5249"}],"curies":[{"name":"wp","href":"https:\/\/api.w.org\/{rel}","templated":true}]}}