{"id":4601,"date":"2021-11-18T15:39:58","date_gmt":"2021-11-18T14:39:58","guid":{"rendered":"https:\/\/vendtra.com\/?page_id=4601"},"modified":"2025-01-15T07:21:28","modified_gmt":"2025-01-15T06:21:28","slug":"termine_und_oeffnungszeiten","status":"publish","type":"page","link":"https:\/\/www.vendtra.com\/fr\/termine_und_oeffnungszeiten\/","title":{"rendered":"Dates et heures d'ouverture"},"content":{"rendered":"<p><div class=\"fusion-fullwidth fullwidth-box fusion-builder-row-1 fusion-flex-container nonhundred-percent-fullwidth non-hundred-percent-height-scrolling\" style=\"--awb-border-radius-top-left:0px;--awb-border-radius-top-right:0px;--awb-border-radius-bottom-right:0px;--awb-border-radius-bottom-left:0px;--awb-flex-wrap:wrap;\" ><div class=\"fusion-builder-row fusion-row fusion-flex-align-items-flex-start fusion-flex-content-wrap\" style=\"max-width:1064.96px;margin-left: calc(-4% \/ 2 );margin-right: calc(-4% \/ 2 );\"><div class=\"fusion-layout-column fusion_builder_column fusion-builder-column-0 fusion_builder_column_1_3 1_3 fusion-flex-column\" style=\"--awb-bg-size:cover;--awb-width-large:33.333333333333%;--awb-margin-top-large:15px;--awb-spacing-right-large:5.76%;--awb-margin-bottom-large:15px;--awb-spacing-left-large:5.76%;--awb-width-medium:100%;--awb-order-medium:0;--awb-spacing-right-medium:1.92%;--awb-spacing-left-medium:1.92%;--awb-width-small:100%;--awb-order-small:0;--awb-spacing-right-small:1.92%;--awb-spacing-left-small:1.92%;\"><div class=\"fusion-column-wrapper fusion-column-has-shadow fusion-flex-justify-content-flex-start fusion-content-layout-column\"><div class=\"fusion-image-element\" style=\"--awb-bottom-shadow-color:rgba(140,149,163,0.4);--awb-caption-title-font-family:var(--h2_typography-font-family);--awb-caption-title-font-weight:var(--h2_typography-font-weight);--awb-caption-title-font-style:var(--h2_typography-font-style);--awb-caption-title-size:var(--h2_typography-font-size);--awb-caption-title-transform:var(--h2_typography-text-transform);--awb-caption-title-line-height:var(--h2_typography-line-height);--awb-caption-title-letter-spacing:var(--h2_typography-letter-spacing);\"><div class=\"awb-image-frame awb-image-frame-1 awb-bottomshadow\"><span class=\"fusion-imageframe imageframe-bottomshadow imageframe-1 hover-type-none\"><img decoding=\"async\" width=\"300\" height=\"190\" alt=\"Vendtra, Vending Trade Festival Deutschland\" title=\"Vendtra, Vending Trade Festival Germany\" src=\"https:\/\/vendtra.com\/wp-content\/uploads\/2021\/11\/vendtra-area-munich-2.png\" class=\"img-responsive wp-image-4908\" srcset=\"https:\/\/www.vendtra.com\/wp-content\/uploads\/2021\/11\/vendtra-area-munich-2-200x127.png 200w, https:\/\/www.vendtra.com\/wp-content\/uploads\/2021\/11\/vendtra-area-munich-2.png 300w\" sizes=\"(max-width: 1024px) 100vw, (max-width: 640px) 100vw, 300px\" \/><\/span><svg xmlns=\"http:\/\/www.w3.org\/2000\/svg\" version=\"1.1\" width=\"100%\" viewbox=\"0 0 600 28\" preserveaspectratio=\"none\"><g clip-path=\"url(#a)\"><mask id=\"b\" style=\"mask-type:luminance\" maskunits=\"userSpaceOnUse\" x=\"0\" y=\"0\" width=\"600\" height=\"28\"><path d=\"M0 0h600v28H0V0Z\" fill=\"#fff\"\/><\/mask><g filter=\"url(#c)\" mask=\"url(#b)\"><path d=\"M16.439-18.667h567.123v30.8S438.961-8.4 300-8.4C161.04-8.4 16.438 12.133 16.438 12.133v-30.8Z\" fill=\"#000\"\/><\/g><\/g><defs><clippath id=\"a\"><path fill=\"#fff\" d=\"M0 0h600v28H0z\"\/><\/clippath><filter id=\"c\" x=\"5.438\" y=\"-29.667\" width=\"589.123\" height=\"52.8\" filterunits=\"userSpaceOnUse\" color-interpolation-filters=\"sRGB\"><feflood flood-opacity=\"0\" result=\"BackgroundImageFix\"\/><feblend in=\"SourceGraphic\" in2=\"BackgroundImageFix\" result=\"shape\"\/><fegaussianblur stddeviation=\"5.5\" result=\"effect1_foregroundBlur_3983_183\"\/><\/filter><\/defs><\/svg><\/div><\/div><\/div><\/div><div class=\"fusion-layout-column fusion_builder_column fusion-builder-column-1 fusion_builder_column_2_3 2_3 fusion-flex-column\" style=\"--awb-bg-size:cover;--awb-width-large:66.666666666667%;--awb-margin-top-large:0px;--awb-spacing-right-large:2.88%;--awb-margin-bottom-large:15px;--awb-spacing-left-large:2.88%;--awb-width-medium:100%;--awb-order-medium:0;--awb-spacing-right-medium:1.92%;--awb-spacing-left-medium:1.92%;--awb-width-small:100%;--awb-order-small:0;--awb-spacing-right-small:1.92%;--awb-spacing-left-small:1.92%;\"><div class=\"fusion-column-wrapper fusion-column-has-shadow fusion-flex-justify-content-flex-start fusion-content-layout-column\"><div class=\"fusion-text fusion-text-1\" style=\"--awb-text-transform:none;\"><p style=\"font-size: 24px; font-family: Inter; font-weight: 500;\" data-fusion-font=\"true\" data-fusion-google-font=\"Inter\" data-fusion-google-variant=\"500\">FOIRE<\/p>\n<p><span style=\"font-family: Source Sans Pro;\" data-fusion-font=\"true\" data-fusion-google-font=\"Source Sans Pro\" data-fusion-google-variant=\"600\"><span style=\"font-family: Inter; font-weight: 300; font-size: 18px;\" data-fusion-font=\"true\" data-fusion-google-font=\"Inter\" data-fusion-google-variant=\"300\">23 - 24 septembre 2025, 10h00 - 17h00, (grande) Olympiahalle, Parc olympique de Munich<\/span><span style=\"font-size: 18px; font-family: Inter; font-weight: 300;\" data-fusion-font=\"true\" data-fusion-google-font=\"Inter\" data-fusion-google-variant=\"300\">. <\/span><span style=\"font-family: Inter; font-weight: 300; font-size: 18px;\" data-fusion-font=\"true\" data-fusion-google-font=\"Inter\" data-fusion-google-variant=\"300\">Admission : exposants 09:00, admission des visiteurs 10:00. <\/span><\/span><span style=\"font-family: Inter; font-weight: 300; font-size: 18px;\" data-fusion-font=\"true\" data-fusion-google-font=\"Inter\" data-fusion-google-variant=\"300\">Entr\u00e9e gratuite via l'inscription en ligne pour les visiteurs professionnels (Professionnels et Starters).<\/span><\/p>\n<\/div><\/div><\/div><\/div><\/div><div class=\"fusion-fullwidth fullwidth-box fusion-builder-row-2 fusion-flex-container nonhundred-percent-fullwidth non-hundred-percent-height-scrolling\" style=\"--awb-border-radius-top-left:0px;--awb-border-radius-top-right:0px;--awb-border-radius-bottom-right:0px;--awb-border-radius-bottom-left:0px;--awb-flex-wrap:wrap;\" ><div class=\"fusion-builder-row fusion-row fusion-flex-align-items-flex-start fusion-flex-content-wrap\" style=\"max-width:1064.96px;margin-left: calc(-4% \/ 2 );margin-right: calc(-4% \/ 2 );\"><div class=\"fusion-layout-column fusion_builder_column fusion-builder-column-2 fusion_builder_column_1_3 1_3 fusion-flex-column\" style=\"--awb-bg-size:cover;--awb-width-large:33.333333333333%;--awb-margin-top-large:15px;--awb-spacing-right-large:5.76%;--awb-margin-bottom-large:15px;--awb-spacing-left-large:5.76%;--awb-width-medium:100%;--awb-order-medium:0;--awb-spacing-right-medium:1.92%;--awb-spacing-left-medium:1.92%;--awb-width-small:100%;--awb-order-small:0;--awb-spacing-right-small:1.92%;--awb-spacing-left-small:1.92%;\"><div class=\"fusion-column-wrapper fusion-column-has-shadow fusion-flex-justify-content-flex-start fusion-content-layout-column\"><div class=\"fusion-image-element\" style=\"--awb-bottom-shadow-color:rgba(140,149,163,0.4);--awb-caption-title-font-family:var(--h2_typography-font-family);--awb-caption-title-font-weight:var(--h2_typography-font-weight);--awb-caption-title-font-style:var(--h2_typography-font-style);--awb-caption-title-size:var(--h2_typography-font-size);--awb-caption-title-transform:var(--h2_typography-text-transform);--awb-caption-title-line-height:var(--h2_typography-line-height);--awb-caption-title-letter-spacing:var(--h2_typography-letter-spacing);\"><div class=\"awb-image-frame awb-image-frame-2 awb-bottomshadow\"><span class=\"fusion-imageframe imageframe-bottomshadow imageframe-2 hover-type-none\"><img decoding=\"async\" width=\"300\" height=\"190\" alt=\"Vendtra, Vending Trade Festival Deutschland\" title=\"Vendtra, Vending Trade Festival Germany\" src=\"https:\/\/vendtra.com\/wp-content\/uploads\/2021\/11\/Day-Visitor-Party-small-1.png\" class=\"img-responsive wp-image-4910\" srcset=\"https:\/\/www.vendtra.com\/wp-content\/uploads\/2021\/11\/Day-Visitor-Party-small-1-200x127.png 200w, https:\/\/www.vendtra.com\/wp-content\/uploads\/2021\/11\/Day-Visitor-Party-small-1.png 300w\" sizes=\"(max-width: 1024px) 100vw, (max-width: 640px) 100vw, 300px\" \/><\/span><svg xmlns=\"http:\/\/www.w3.org\/2000\/svg\" version=\"1.1\" width=\"100%\" viewbox=\"0 0 600 28\" preserveaspectratio=\"none\"><g clip-path=\"url(#a)\"><mask id=\"b\" style=\"mask-type:luminance\" maskunits=\"userSpaceOnUse\" x=\"0\" y=\"0\" width=\"600\" height=\"28\"><path d=\"M0 0h600v28H0V0Z\" fill=\"#fff\"\/><\/mask><g filter=\"url(#c)\" mask=\"url(#b)\"><path d=\"M16.439-18.667h567.123v30.8S438.961-8.4 300-8.4C161.04-8.4 16.438 12.133 16.438 12.133v-30.8Z\" fill=\"#000\"\/><\/g><\/g><defs><clippath id=\"a\"><path fill=\"#fff\" d=\"M0 0h600v28H0z\"\/><\/clippath><filter id=\"c\" x=\"5.438\" y=\"-29.667\" width=\"589.123\" height=\"52.8\" filterunits=\"userSpaceOnUse\" color-interpolation-filters=\"sRGB\"><feflood flood-opacity=\"0\" result=\"BackgroundImageFix\"\/><feblend in=\"SourceGraphic\" in2=\"BackgroundImageFix\" result=\"shape\"\/><fegaussianblur stddeviation=\"5.5\" result=\"effect1_foregroundBlur_3983_183\"\/><\/filter><\/defs><\/svg><\/div><\/div><\/div><\/div><div class=\"fusion-layout-column fusion_builder_column fusion-builder-column-3 fusion_builder_column_2_3 2_3 fusion-flex-column\" style=\"--awb-bg-size:cover;--awb-width-large:66.666666666667%;--awb-margin-top-large:0px;--awb-spacing-right-large:2.88%;--awb-margin-bottom-large:15px;--awb-spacing-left-large:2.88%;--awb-width-medium:100%;--awb-order-medium:0;--awb-spacing-right-medium:1.92%;--awb-spacing-left-medium:1.92%;--awb-width-small:100%;--awb-order-small:0;--awb-spacing-right-small:1.92%;--awb-spacing-left-small:1.92%;\"><div class=\"fusion-column-wrapper fusion-column-has-shadow fusion-flex-justify-content-flex-start fusion-content-layout-column\"><div class=\"fusion-text fusion-text-2\" style=\"--awb-text-transform:none;\"><p style=\"font-size: 24px;\" data-fusion-font=\"true\"><span style=\"font-family: Inter; font-weight: 500;\" data-fusion-font=\"true\" data-fusion-google-font=\"Inter\" data-fusion-google-variant=\"500\"><span style=\"font-size: 24px; font-family: Inter; font-weight: 500;\" data-fusion-font=\"true\" data-fusion-google-font=\"Inter\" data-fusion-google-variant=\"500\">SOIR\u00c9E DE LA BRANCHE<\/span><br \/><\/span><\/p>\n<p><span style=\"font-family: Inter; font-weight: 300;\" data-fusion-font=\"true\" data-fusion-google-font=\"Inter\" data-fusion-google-variant=\"300\">23 septembre 2025, 19:00 - 23:00 heures, Augusiner Stammhaus, Munich. Retrouver tout le monde une fois par an, parler ensemble. Avec une moyenne de +800 participants, la soir\u00e9e sectorielle est le plus grand \u00e9v\u00e9nement sectoriel d'Allemagne. Entr\u00e9e gratuite \/ bons de consommation via les exposants \/ \u00e0 payer soi-m\u00eame.<br \/><\/span><\/p>\n<\/div><\/div><\/div><\/div><\/div><div class=\"fusion-fullwidth fullwidth-box fusion-builder-row-3 fusion-flex-container nonhundred-percent-fullwidth non-hundred-percent-height-scrolling\" style=\"--awb-border-radius-top-left:0px;--awb-border-radius-top-right:0px;--awb-border-radius-bottom-right:0px;--awb-border-radius-bottom-left:0px;--awb-flex-wrap:wrap;\" ><div class=\"fusion-builder-row fusion-row fusion-flex-align-items-flex-start fusion-flex-content-wrap\" style=\"max-width:1064.96px;margin-left: calc(-4% \/ 2 );margin-right: calc(-4% \/ 2 );\"><div class=\"fusion-layout-column fusion_builder_column fusion-builder-column-4 fusion_builder_column_1_3 1_3 fusion-flex-column\" style=\"--awb-bg-size:cover;--awb-width-large:33.333333333333%;--awb-margin-top-large:15px;--awb-spacing-right-large:5.76%;--awb-margin-bottom-large:15px;--awb-spacing-left-large:5.76%;--awb-width-medium:100%;--awb-order-medium:0;--awb-spacing-right-medium:1.92%;--awb-spacing-left-medium:1.92%;--awb-width-small:100%;--awb-order-small:0;--awb-spacing-right-small:1.92%;--awb-spacing-left-small:1.92%;\"><div class=\"fusion-column-wrapper fusion-column-has-shadow fusion-flex-justify-content-flex-start fusion-content-layout-column\"><div class=\"fusion-image-element\" style=\"--awb-bottom-shadow-color:rgba(140,149,163,0.4);--awb-caption-title-font-family:var(--h2_typography-font-family);--awb-caption-title-font-weight:var(--h2_typography-font-weight);--awb-caption-title-font-style:var(--h2_typography-font-style);--awb-caption-title-size:var(--h2_typography-font-size);--awb-caption-title-transform:var(--h2_typography-text-transform);--awb-caption-title-line-height:var(--h2_typography-line-height);--awb-caption-title-letter-spacing:var(--h2_typography-letter-spacing);\"><div class=\"awb-image-frame awb-image-frame-3 awb-bottomshadow\"><span class=\"fusion-imageframe imageframe-bottomshadow imageframe-3 hover-type-none\"><img decoding=\"async\" width=\"300\" height=\"190\" alt=\"Vendtra, Vending Trade Festival Deutschland\" title=\"Vendtra, Vending Trade Festival Germany\" src=\"https:\/\/vendtra.com\/wp-content\/uploads\/2021\/11\/Oktoberfest-small.png\" class=\"img-responsive wp-image-4912\" srcset=\"https:\/\/www.vendtra.com\/wp-content\/uploads\/2021\/11\/Oktoberfest-small-200x127.png 200w, https:\/\/www.vendtra.com\/wp-content\/uploads\/2021\/11\/Oktoberfest-small.png 300w\" sizes=\"(max-width: 1024px) 100vw, (max-width: 640px) 100vw, 300px\" \/><\/span><svg xmlns=\"http:\/\/www.w3.org\/2000\/svg\" version=\"1.1\" width=\"100%\" viewbox=\"0 0 600 28\" preserveaspectratio=\"none\"><g clip-path=\"url(#a)\"><mask id=\"b\" style=\"mask-type:luminance\" maskunits=\"userSpaceOnUse\" x=\"0\" y=\"0\" width=\"600\" height=\"28\"><path d=\"M0 0h600v28H0V0Z\" fill=\"#fff\"\/><\/mask><g filter=\"url(#c)\" mask=\"url(#b)\"><path d=\"M16.439-18.667h567.123v30.8S438.961-8.4 300-8.4C161.04-8.4 16.438 12.133 16.438 12.133v-30.8Z\" fill=\"#000\"\/><\/g><\/g><defs><clippath id=\"a\"><path fill=\"#fff\" d=\"M0 0h600v28H0z\"\/><\/clippath><filter id=\"c\" x=\"5.438\" y=\"-29.667\" width=\"589.123\" height=\"52.8\" filterunits=\"userSpaceOnUse\" color-interpolation-filters=\"sRGB\"><feflood flood-opacity=\"0\" result=\"BackgroundImageFix\"\/><feblend in=\"SourceGraphic\" in2=\"BackgroundImageFix\" result=\"shape\"\/><fegaussianblur stddeviation=\"5.5\" result=\"effect1_foregroundBlur_3983_183\"\/><\/filter><\/defs><\/svg><\/div><\/div><\/div><\/div><div class=\"fusion-layout-column fusion_builder_column fusion-builder-column-5 fusion_builder_column_2_3 2_3 fusion-flex-column\" style=\"--awb-bg-size:cover;--awb-width-large:66.666666666667%;--awb-margin-top-large:0px;--awb-spacing-right-large:2.88%;--awb-margin-bottom-large:15px;--awb-spacing-left-large:2.88%;--awb-width-medium:100%;--awb-order-medium:0;--awb-spacing-right-medium:1.92%;--awb-spacing-left-medium:1.92%;--awb-width-small:100%;--awb-order-small:0;--awb-spacing-right-small:1.92%;--awb-spacing-left-small:1.92%;\"><div class=\"fusion-column-wrapper fusion-column-has-shadow fusion-flex-justify-content-flex-start fusion-content-layout-column\"><div class=\"fusion-text fusion-text-3\" style=\"--awb-text-transform:none;\"><p style=\"font-size: 24px; font-family: Inter; font-weight: 500;\" data-fusion-font=\"true\" data-fusion-google-font=\"Inter\" data-fusion-google-variant=\"500\">JOURN\u00c9E VIP<\/p>\n<p><span style=\"font-family: Inter; font-weight: 300;\" data-fusion-font=\"true\" data-fusion-google-font=\"Inter\" data-fusion-google-variant=\"300\">25 septembre 2025, 11h00 - 16h30, Oktoberfest, Theresienwiese Munich, Paulaner Festzelt, balcon entier pour les meilleurs clients de l'industrie et les acteurs du secteur sur le balcon r\u00e9serv\u00e9 dans le Paulaner Festzelt. Invit\u00e9s uniquement via les bons VIP des exposants.<\/span><\/p>\n<\/div><\/div><\/div><\/div><\/div><div class=\"fusion-fullwidth fullwidth-box fusion-builder-row-4 fusion-flex-container nonhundred-percent-fullwidth non-hundred-percent-height-scrolling\" style=\"--awb-border-radius-top-left:0px;--awb-border-radius-top-right:0px;--awb-border-radius-bottom-right:0px;--awb-border-radius-bottom-left:0px;--awb-flex-wrap:wrap;\" ><div class=\"fusion-builder-row fusion-row fusion-flex-align-items-flex-start fusion-flex-content-wrap\" style=\"max-width:1064.96px;margin-left: calc(-4% \/ 2 );margin-right: calc(-4% \/ 2 );\"><div class=\"fusion-layout-column fusion_builder_column fusion-builder-column-6 fusion_builder_column_1_3 1_3 fusion-flex-column\" style=\"--awb-bg-size:cover;--awb-width-large:33.333333333333%;--awb-margin-top-large:15px;--awb-spacing-right-large:5.76%;--awb-margin-bottom-large:15px;--awb-spacing-left-large:5.76%;--awb-width-medium:100%;--awb-order-medium:0;--awb-spacing-right-medium:1.92%;--awb-spacing-left-medium:1.92%;--awb-width-small:100%;--awb-order-small:0;--awb-spacing-right-small:1.92%;--awb-spacing-left-small:1.92%;\"><div class=\"fusion-column-wrapper fusion-column-has-shadow fusion-flex-justify-content-flex-start fusion-content-layout-column\"><div class=\"fusion-image-element\" style=\"--awb-bottom-shadow-color:rgba(140,149,163,0.4);--awb-caption-title-font-family:var(--h2_typography-font-family);--awb-caption-title-font-weight:var(--h2_typography-font-weight);--awb-caption-title-font-style:var(--h2_typography-font-style);--awb-caption-title-size:var(--h2_typography-font-size);--awb-caption-title-transform:var(--h2_typography-text-transform);--awb-caption-title-line-height:var(--h2_typography-line-height);--awb-caption-title-letter-spacing:var(--h2_typography-letter-spacing);\"><div class=\"awb-image-frame awb-image-frame-4 awb-bottomshadow\"><span class=\"fusion-imageframe imageframe-bottomshadow imageframe-4 hover-type-none\"><img decoding=\"async\" width=\"300\" height=\"175\" alt=\"Vendtra, Vending Trade Festival Deutschland\" title=\"Vendtra, Vending Trade Festival Germany\" src=\"https:\/\/vendtra.com\/wp-content\/uploads\/2021\/12\/Konzept-Twins-300x175.png\" class=\"img-responsive wp-image-5271\" srcset=\"https:\/\/www.vendtra.com\/wp-content\/uploads\/2021\/12\/Konzept-Twins-200x117.png 200w, https:\/\/www.vendtra.com\/wp-content\/uploads\/2021\/12\/Konzept-Twins-400x233.png 400w, https:\/\/www.vendtra.com\/wp-content\/uploads\/2021\/12\/Konzept-Twins.png 496w\" sizes=\"(max-width: 1024px) 100vw, (max-width: 640px) 100vw, 400px\" \/><\/span><svg xmlns=\"http:\/\/www.w3.org\/2000\/svg\" version=\"1.1\" width=\"100%\" viewbox=\"0 0 600 28\" preserveaspectratio=\"none\"><g clip-path=\"url(#a)\"><mask id=\"b\" style=\"mask-type:luminance\" maskunits=\"userSpaceOnUse\" x=\"0\" y=\"0\" width=\"600\" height=\"28\"><path d=\"M0 0h600v28H0V0Z\" fill=\"#fff\"\/><\/mask><g filter=\"url(#c)\" mask=\"url(#b)\"><path d=\"M16.439-18.667h567.123v30.8S438.961-8.4 300-8.4C161.04-8.4 16.438 12.133 16.438 12.133v-30.8Z\" fill=\"#000\"\/><\/g><\/g><defs><clippath id=\"a\"><path fill=\"#fff\" d=\"M0 0h600v28H0z\"\/><\/clippath><filter id=\"c\" x=\"5.438\" y=\"-29.667\" width=\"589.123\" height=\"52.8\" filterunits=\"userSpaceOnUse\" color-interpolation-filters=\"sRGB\"><feflood flood-opacity=\"0\" result=\"BackgroundImageFix\"\/><feblend in=\"SourceGraphic\" in2=\"BackgroundImageFix\" result=\"shape\"\/><fegaussianblur stddeviation=\"5.5\" result=\"effect1_foregroundBlur_3983_183\"\/><\/filter><\/defs><\/svg><\/div><\/div><\/div><\/div><div class=\"fusion-layout-column fusion_builder_column fusion-builder-column-7 fusion_builder_column_2_3 2_3 fusion-flex-column\" style=\"--awb-bg-size:cover;--awb-width-large:66.666666666667%;--awb-margin-top-large:0px;--awb-spacing-right-large:2.88%;--awb-margin-bottom-large:15px;--awb-spacing-left-large:2.88%;--awb-width-medium:100%;--awb-order-medium:0;--awb-spacing-right-medium:1.92%;--awb-spacing-left-medium:1.92%;--awb-width-small:100%;--awb-order-small:0;--awb-spacing-right-small:1.92%;--awb-spacing-left-small:1.92%;\"><div class=\"fusion-column-wrapper fusion-column-has-shadow fusion-flex-justify-content-flex-start fusion-content-layout-column\"><div class=\"fusion-text fusion-text-4\" style=\"--awb-text-transform:none;\"><p style=\"font-size: 24px; font-family: Inter; font-weight: 500;\" data-fusion-font=\"true\" data-fusion-google-font=\"Inter\" data-fusion-google-variant=\"500\">FOIRE NUM\u00c9RIQUE<\/p>\n<p><span style=\"font-family: 'Source Sans Pro';\" data-fusion-font=\"true\" data-fusion-google-font=\"Source Sans Pro\" data-fusion-google-variant=\"600\"><span style=\"font-family: Inter; font-weight: 300;\" data-fusion-font=\"true\" data-fusion-google-font=\"Inter\" data-fusion-google-variant=\"300\">23 - 24 septembre 2025, 10:00 - 17:00, en ligne sur le WWW. En m\u00eame temps que Vendtra, pour tous ceux qui ne peuvent pas se rendre \u00e0 Munich. Stands d'exposition num\u00e9riques, vid\u00e9os, prospectus, t\u00e9l\u00e9chargements et conf\u00e9rences. <\/span><\/span><span style=\"color: var(--body_typography-color); font-family: Inter; font-size: var(--body_typography-font-size); letter-spacing: var(--body_typography-letter-spacing); font-weight: 300;\" data-fusion-font=\"true\" data-fusion-google-font=\"Inter\" data-fusion-google-variant=\"300\">Entr\u00e9e gratuite via l'inscription en ligne.<\/span><\/p>\n<\/div><\/div><\/div><\/div><\/div><\/p>","protected":false},"excerpt":{"rendered":"","protected":false},"author":1,"featured_media":-3,"parent":0,"menu_order":0,"comment_status":"closed","ping_status":"closed","template":"","meta":{"_acf_changed":false,"footnotes":""},"class_list":["post-4601","page","type-page","status-publish","has-post-thumbnail","hentry"],"acf":[],"yoast_head":"<!-- This site is optimized with the Yoast SEO plugin v27.5 - https:\/\/yoast.com\/product\/yoast-seo-wordpress\/ -->\n<title>VENDTRA<\/title>\n<meta name=\"description\" content=\"Vending Trade Festival, Germany\" \/>\n<meta name=\"robots\" content=\"index, follow, max-snippet:-1, max-image-preview:large, max-video-preview:-1\" \/>\n<link rel=\"canonical\" href=\"https:\/\/www.vendtra.com\/fr\/termine_und_oeffnungszeiten\/\" \/>\n<meta property=\"og:locale\" content=\"fr_FR\" \/>\n<meta property=\"og:type\" content=\"article\" \/>\n<meta property=\"og:title\" content=\"VENDTRA\" \/>\n<meta property=\"og:description\" content=\"Vending Trade Festival, Germany\" \/>\n<meta property=\"og:url\" content=\"https:\/\/www.vendtra.com\/fr\/termine_und_oeffnungszeiten\/\" \/>\n<meta property=\"og:site_name\" content=\"VENDTRA\" \/>\n<meta property=\"article:publisher\" content=\"https:\/\/www.facebook.com\/vendingreport\/?ref=pages_you_manage\" \/>\n<meta property=\"article:modified_time\" content=\"2025-01-15T06:21:28+00:00\" \/>\n<meta name=\"twitter:card\" content=\"summary_large_image\" \/>\n<meta name=\"twitter:label1\" content=\"Dur\u00e9e de lecture estim\u00e9e\" \/>\n\t<meta name=\"twitter:data1\" content=\"5 minutes\" \/>\n<script type=\"application\/ld+json\" class=\"yoast-schema-graph\">{\"@context\":\"https:\\\/\\\/schema.org\",\"@graph\":[{\"@type\":\"WebPage\",\"@id\":\"https:\\\/\\\/www.vendtra.com\\\/de\\\/termine_und_oeffnungszeiten\\\/\",\"url\":\"https:\\\/\\\/www.vendtra.com\\\/de\\\/termine_und_oeffnungszeiten\\\/\",\"name\":\"VENDTRA\",\"isPartOf\":{\"@id\":\"https:\\\/\\\/www.vendtra.com\\\/#website\"},\"datePublished\":\"2021-11-18T14:39:58+00:00\",\"dateModified\":\"2025-01-15T06:21:28+00:00\",\"description\":\"Vending Trade Festival, Germany\",\"breadcrumb\":{\"@id\":\"https:\\\/\\\/www.vendtra.com\\\/de\\\/termine_und_oeffnungszeiten\\\/#breadcrumb\"},\"inLanguage\":\"fr-FR\",\"potentialAction\":[{\"@type\":\"ReadAction\",\"target\":[\"https:\\\/\\\/www.vendtra.com\\\/de\\\/termine_und_oeffnungszeiten\\\/\"]}]},{\"@type\":\"BreadcrumbList\",\"@id\":\"https:\\\/\\\/www.vendtra.com\\\/de\\\/termine_und_oeffnungszeiten\\\/#breadcrumb\",\"itemListElement\":[{\"@type\":\"ListItem\",\"position\":1,\"name\":\"Startseite\",\"item\":\"https:\\\/\\\/www.vendtra.com\\\/de\\\/\"},{\"@type\":\"ListItem\",\"position\":2,\"name\":\"Termine und \u00d6ffnungszeiten\"}]},{\"@type\":\"WebSite\",\"@id\":\"https:\\\/\\\/www.vendtra.com\\\/#website\",\"url\":\"https:\\\/\\\/www.vendtra.com\\\/\",\"name\":\"VENDTRA\",\"description\":\"Messe der Vending- und Kaffeewirtschaft Deutschland\",\"publisher\":{\"@id\":\"https:\\\/\\\/www.vendtra.com\\\/#organization\"},\"potentialAction\":[{\"@type\":\"SearchAction\",\"target\":{\"@type\":\"EntryPoint\",\"urlTemplate\":\"https:\\\/\\\/www.vendtra.com\\\/?s={search_term_string}\"},\"query-input\":{\"@type\":\"PropertyValueSpecification\",\"valueRequired\":true,\"valueName\":\"search_term_string\"}}],\"inLanguage\":\"fr-FR\"},{\"@type\":\"Organization\",\"@id\":\"https:\\\/\\\/www.vendtra.com\\\/#organization\",\"name\":\"VENDTRA\",\"url\":\"https:\\\/\\\/www.vendtra.com\\\/\",\"logo\":{\"@type\":\"ImageObject\",\"inLanguage\":\"fr-FR\",\"@id\":\"https:\\\/\\\/www.vendtra.com\\\/#\\\/schema\\\/logo\\\/image\\\/\",\"url\":\"https:\\\/\\\/www.vendtra.com\\\/wp-content\\\/uploads\\\/2021\\\/01\\\/vendtra_apple_ipad_retina.png\",\"contentUrl\":\"https:\\\/\\\/www.vendtra.com\\\/wp-content\\\/uploads\\\/2021\\\/01\\\/vendtra_apple_ipad_retina.png\",\"width\":167,\"height\":167,\"caption\":\"VENDTRA\"},\"image\":{\"@id\":\"https:\\\/\\\/www.vendtra.com\\\/#\\\/schema\\\/logo\\\/image\\\/\"},\"sameAs\":[\"https:\\\/\\\/www.facebook.com\\\/vendingreport\\\/?ref=pages_you_manage\"]}]}<\/script>\n<!-- \/ Yoast SEO plugin. -->","yoast_head_json":{"title":"VENDTRA","description":"Foire Commerciale de la Distribution Automatique, Allemagne","robots":{"index":"index","follow":"follow","max-snippet":"max-snippet:-1","max-image-preview":"max-image-preview:large","max-video-preview":"max-video-preview:-1"},"canonical":"https:\/\/www.vendtra.com\/fr\/termine_und_oeffnungszeiten\/","og_locale":"fr_FR","og_type":"article","og_title":"VENDTRA","og_description":"Vending Trade Festival, Germany","og_url":"https:\/\/www.vendtra.com\/fr\/termine_und_oeffnungszeiten\/","og_site_name":"VENDTRA","article_publisher":"https:\/\/www.facebook.com\/vendingreport\/?ref=pages_you_manage","article_modified_time":"2025-01-15T06:21:28+00:00","twitter_card":"summary_large_image","twitter_misc":{"Dur\u00e9e de lecture estim\u00e9e":"5 minutes"},"schema":{"@context":"https:\/\/schema.org","@graph":[{"@type":"WebPage","@id":"https:\/\/www.vendtra.com\/de\/termine_und_oeffnungszeiten\/","url":"https:\/\/www.vendtra.com\/de\/termine_und_oeffnungszeiten\/","name":"VENDTRA","isPartOf":{"@id":"https:\/\/www.vendtra.com\/#website"},"datePublished":"2021-11-18T14:39:58+00:00","dateModified":"2025-01-15T06:21:28+00:00","description":"Foire Commerciale de la Distribution Automatique, Allemagne","breadcrumb":{"@id":"https:\/\/www.vendtra.com\/de\/termine_und_oeffnungszeiten\/#breadcrumb"},"inLanguage":"fr-FR","potentialAction":[{"@type":"ReadAction","target":["https:\/\/www.vendtra.com\/de\/termine_und_oeffnungszeiten\/"]}]},{"@type":"BreadcrumbList","@id":"https:\/\/www.vendtra.com\/de\/termine_und_oeffnungszeiten\/#breadcrumb","itemListElement":[{"@type":"ListItem","position":1,"name":"Startseite","item":"https:\/\/www.vendtra.com\/de\/"},{"@type":"ListItem","position":2,"name":"Termine und \u00d6ffnungszeiten"}]},{"@type":"WebSite","@id":"https:\/\/www.vendtra.com\/#website","url":"https:\/\/www.vendtra.com\/","name":"VENDTRA","description":"Messe du secteur de la vente automatique et du caf\u00e9 en Allemagne","publisher":{"@id":"https:\/\/www.vendtra.com\/#organization"},"potentialAction":[{"@type":"SearchAction","target":{"@type":"EntryPoint","urlTemplate":"https:\/\/www.vendtra.com\/?s={search_term_string}"},"query-input":{"@type":"PropertyValueSpecification","valueRequired":true,"valueName":"search_term_string"}}],"inLanguage":"fr-FR"},{"@type":"Organization","@id":"https:\/\/www.vendtra.com\/#organization","name":"VENDTRA","url":"https:\/\/www.vendtra.com\/","logo":{"@type":"ImageObject","inLanguage":"fr-FR","@id":"https:\/\/www.vendtra.com\/#\/schema\/logo\/image\/","url":"https:\/\/www.vendtra.com\/wp-content\/uploads\/2021\/01\/vendtra_apple_ipad_retina.png","contentUrl":"https:\/\/www.vendtra.com\/wp-content\/uploads\/2021\/01\/vendtra_apple_ipad_retina.png","width":167,"height":167,"caption":"VENDTRA"},"image":{"@id":"https:\/\/www.vendtra.com\/#\/schema\/logo\/image\/"},"sameAs":["https:\/\/www.facebook.com\/vendingreport\/?ref=pages_you_manage"]}]}},"_links":{"self":[{"href":"https:\/\/www.vendtra.com\/fr\/wp-json\/wp\/v2\/pages\/4601","targetHints":{"allow":["GET"]}}],"collection":[{"href":"https:\/\/www.vendtra.com\/fr\/wp-json\/wp\/v2\/pages"}],"about":[{"href":"https:\/\/www.vendtra.com\/fr\/wp-json\/wp\/v2\/types\/page"}],"author":[{"embeddable":true,"href":"https:\/\/www.vendtra.com\/fr\/wp-json\/wp\/v2\/users\/1"}],"replies":[{"embeddable":true,"href":"https:\/\/www.vendtra.com\/fr\/wp-json\/wp\/v2\/comments?post=4601"}],"version-history":[{"count":13,"href":"https:\/\/www.vendtra.com\/fr\/wp-json\/wp\/v2\/pages\/4601\/revisions"}],"predecessor-version":[{"id":7709,"href":"https:\/\/www.vendtra.com\/fr\/wp-json\/wp\/v2\/pages\/4601\/revisions\/7709"}],"wp:featuredmedia":[{"embeddable":true,"href":"https:\/\/www.vendtra.com\/fr\/wp-json\/"}],"wp:attachment":[{"href":"https:\/\/www.vendtra.com\/fr\/wp-json\/wp\/v2\/media?parent=4601"}],"curies":[{"name":"wp","href":"https:\/\/api.w.org\/{rel}","templated":true}]}}