{"id":4307,"date":"2021-10-26T15:42:40","date_gmt":"2021-10-26T13:42:40","guid":{"rendered":"https:\/\/vendtra.com\/?page_id=4307"},"modified":"2026-04-16T23:09:18","modified_gmt":"2026-04-16T21:09:18","slug":"daten_und_fakten","status":"publish","type":"page","link":"https:\/\/www.vendtra.com\/es\/daten_und_fakten\/","title":{"rendered":"Datos y cifras"},"content":{"rendered":"<p><div class=\"fusion-fullwidth fullwidth-box fusion-builder-row-1 fusion-flex-container has-pattern-background has-mask-background nonhundred-percent-fullwidth non-hundred-percent-height-scrolling\" style=\"--awb-border-radius-top-left:0px;--awb-border-radius-top-right:0px;--awb-border-radius-bottom-right:0px;--awb-border-radius-bottom-left:0px;--awb-flex-wrap:wrap;\" ><div class=\"fusion-builder-row fusion-row fusion-flex-align-items-flex-start fusion-flex-content-wrap\" style=\"max-width:1064.96px;margin-left: calc(-4% \/ 2 );margin-right: calc(-4% \/ 2 );\"><div class=\"fusion-layout-column fusion_builder_column fusion-builder-column-0 fusion_builder_column_1_1 1_1 fusion-flex-column\" style=\"--awb-bg-size:cover;--awb-width-large:100%;--awb-margin-top-large:15px;--awb-spacing-right-large:1.92%;--awb-margin-bottom-large:15px;--awb-spacing-left-large:1.92%;--awb-width-medium:100%;--awb-order-medium:0;--awb-spacing-right-medium:1.92%;--awb-spacing-left-medium:1.92%;--awb-width-small:100%;--awb-order-small:0;--awb-spacing-right-small:1.92%;--awb-spacing-left-small:1.92%;\"><div class=\"fusion-column-wrapper fusion-column-has-shadow fusion-flex-justify-content-flex-start fusion-content-layout-column\">\n<div class=\"table-1\">\n<table width=\"100%\">\n<thead>\n<tr>\n<th align=\"left\"><strong>Feria<\/strong><\/th>\n<th align=\"left\"><strong>VENDTRA<\/strong><\/th>\n<\/tr>\n<\/thead>\n<tbody>\n<tr>\n<td align=\"left\">Perfil<\/td>\n<td align=\"left\">Feria del sector de m\u00e1quinas expendedoras y caf\u00e9 de Alemania<\/td>\n<\/tr>\n<tr>\n<td align=\"left\">Fecha<\/td>\n<td align=\"left\">16. \u2013 17. septiembre de 2026<\/td>\n<\/tr>\n<tr>\n<td align=\"left\">Lugar<\/td>\n<td align=\"left\">Pabell\u00f3n 1, Centro de Exposiciones de Augsburgo<\/td>\n<\/tr>\n<tr>\n<td align=\"left\">Direcci\u00f3n<\/td>\n<td align=\"left\">Am Messezentrum 5, 86159 Augsburgo, Alemania<\/td>\n<\/tr>\n<tr>\n<td align=\"left\">Admisi\u00f3n<\/td>\n<td align=\"left\">10:00 - 17:00<\/td>\n<\/tr>\n<tr>\n<td align=\"left\">Admisi\u00f3n<\/td>\n<td align=\"left\">Gratuito para los visitantes profesionales (profesionales y principiantes) mediante inscripci\u00f3n en l\u00ednea<\/td>\n<\/tr>\n<tr>\n<td align=\"left\">Grupo destinatario<\/td>\n<td align=\"left\">Empresas de operaciones, m\u00e1quinas expendedoras y OCS, Servicio de refrigerios, Servicio de m\u00e1quinas expendedoras, Tostadores, Catering, Proveedores de servicios de alimentaci\u00f3n para empresas, Panader\u00eda, Carnicer\u00eda, Agricultores, Vendedores directos, Quiosco, Tienda, 24\/7<\/td>\n<\/tr>\n<tr>\n<td align=\"left\">Pa\u00edses<\/td>\n<td align=\"left\">Alemania, Austria, Liechtenstein, Suiza y sus pa\u00edses vecinos del norte y el este de Europa.<\/td>\n<\/tr>\n<\/tbody>\n<\/table>\n<\/div>\n<\/div><\/div><\/div><\/div><div class=\"fusion-fullwidth fullwidth-box fusion-builder-row-2 fusion-flex-container has-pattern-background has-mask-background nonhundred-percent-fullwidth non-hundred-percent-height-scrolling\" style=\"--awb-border-radius-top-left:0px;--awb-border-radius-top-right:0px;--awb-border-radius-bottom-right:0px;--awb-border-radius-bottom-left:0px;--awb-flex-wrap:wrap;\" ><div class=\"fusion-builder-row fusion-row fusion-flex-align-items-flex-start fusion-flex-content-wrap\" style=\"max-width:1064.96px;margin-left: calc(-4% \/ 2 );margin-right: calc(-4% \/ 2 );\"><div class=\"fusion-layout-column fusion_builder_column fusion-builder-column-1 fusion_builder_column_1_1 1_1 fusion-flex-column\" style=\"--awb-bg-size:cover;--awb-width-large:100%;--awb-margin-top-large:15px;--awb-spacing-right-large:1.92%;--awb-margin-bottom-large:15px;--awb-spacing-left-large:1.92%;--awb-width-medium:100%;--awb-order-medium:0;--awb-spacing-right-medium:1.92%;--awb-spacing-left-medium:1.92%;--awb-width-small:100%;--awb-order-small:0;--awb-spacing-right-small:1.92%;--awb-spacing-left-small:1.92%;\"><div class=\"fusion-column-wrapper fusion-column-has-shadow fusion-flex-justify-content-flex-start fusion-content-layout-column\">\n<div class=\"table-1\">\n<table width=\"100%\">\n<thead>\n<tr>\n<th align=\"left\"><strong>Evento<\/strong><\/th>\n<th align=\"left\"><strong>NOCHE DE LA SUCURSAL<\/strong><\/th>\n<\/tr>\n<\/thead>\n<tbody>\n<tr>\n<td align=\"left\">Perfil<\/td>\n<td align=\"left\">Mayor evento anual de la industria de m\u00e1quinas expendedoras y de caf\u00e9 en Alemania<\/td>\n<\/tr>\n<tr>\n<td align=\"left\">Fecha<\/td>\n<td align=\"left\">16 de septiembre de 2026<\/td>\n<\/tr>\n<tr>\n<td align=\"left\">Lugar<\/td>\n<td align=\"left\">Hasen-Br\u00e4u-Haus Augsburgo<\/td>\n<\/tr>\n<tr>\n<td align=\"left\">Direcci\u00f3n<\/td>\n<td align=\"left\">Berliner Allee 36, 86153 Augsburgo, Alemania<\/td>\n<\/tr>\n<tr>\n<td align=\"left\">Admisi\u00f3n<\/td>\n<td align=\"left\">19:00 - 23:00<\/td>\n<\/tr>\n<tr>\n<td align=\"left\">Admisi\u00f3n<\/td>\n<td align=\"left\">sin entrada \/ vales para comida y bebida a trav\u00e9s de los expositores \/ autopagadores<\/td>\n<\/tr>\n<tr>\n<td align=\"left\">+800<\/td>\n<td align=\"left\">Participantes medios<\/td>\n<\/tr>\n<tr>\n<td align=\"left\">Pa\u00edses<\/td>\n<td align=\"left\">Alemania, Austria, Liechtenstein, Suiza y sus pa\u00edses vecinos del norte y el este de Europa.<\/td>\n<\/tr>\n<\/tbody>\n<\/table>\n<\/div>\n<\/div><\/div><\/div><\/div><div class=\"fusion-fullwidth fullwidth-box fusion-builder-row-3 fusion-flex-container has-pattern-background has-mask-background nonhundred-percent-fullwidth non-hundred-percent-height-scrolling\" style=\"--awb-border-radius-top-left:0px;--awb-border-radius-top-right:0px;--awb-border-radius-bottom-right:0px;--awb-border-radius-bottom-left:0px;--awb-flex-wrap:wrap;\" ><div class=\"fusion-builder-row fusion-row fusion-flex-align-items-flex-start fusion-flex-content-wrap\" style=\"max-width:1064.96px;margin-left: calc(-4% \/ 2 );margin-right: calc(-4% \/ 2 );\"><div class=\"fusion-layout-column fusion_builder_column fusion-builder-column-2 fusion_builder_column_1_1 1_1 fusion-flex-column\" style=\"--awb-bg-size:cover;--awb-width-large:100%;--awb-margin-top-large:15px;--awb-spacing-right-large:1.92%;--awb-margin-bottom-large:15px;--awb-spacing-left-large:1.92%;--awb-width-medium:100%;--awb-order-medium:0;--awb-spacing-right-medium:1.92%;--awb-spacing-left-medium:1.92%;--awb-width-small:100%;--awb-order-small:0;--awb-spacing-right-small:1.92%;--awb-spacing-left-small:1.92%;\"><div class=\"fusion-column-wrapper fusion-column-has-shadow fusion-flex-justify-content-flex-start fusion-content-layout-column\">\n<div class=\"table-1\">\n<table width=\"100%\">\n<thead>\n<tr>\n<th align=\"left\"><strong>Feria<\/strong><\/th>\n<th align=\"left\"><strong>VENDTRA TWINS<\/strong><\/th>\n<\/tr>\n<\/thead>\n<tbody>\n<tr>\n<td align=\"left\">Perfil<\/td>\n<td align=\"left\">Feria digital en l\u00ednea de la industria de m\u00e1quinas expendedoras y de caf\u00e9 de Alemania<\/td>\n<\/tr>\n<tr>\n<td align=\"left\">Fecha<\/td>\n<td align=\"left\">16. \u2013 17. septiembre de 2026<\/td>\n<\/tr>\n<tr>\n<td align=\"left\">Lugar<\/td>\n<td align=\"left\">www.vendtra.expo-ip.com<\/td>\n<\/tr>\n<tr>\n<td align=\"left\">&nbsp;<\/td>\n<td align=\"left\">al mismo tiempo que el Vendtra<\/td>\n<\/tr>\n<tr>\n<td align=\"left\">Admisi\u00f3n<\/td>\n<td align=\"left\">10:00 - 17:00<\/td>\n<\/tr>\n<tr>\n<td align=\"left\">Admisi\u00f3n<\/td>\n<td align=\"left\">Gratuito para los visitantes profesionales (profesionales y principiantes) mediante inscripci\u00f3n en l\u00ednea<\/td>\n<\/tr>\n<tr>\n<td align=\"left\">+1.400<\/td>\n<td align=\"left\">Participantes medios<\/td>\n<\/tr>\n<tr>\n<td align=\"left\">Idioma<\/td>\n<td align=\"left\">Alem\u00e1n, ingl\u00e9s<\/td>\n<\/tr>\n<\/tbody>\n<\/table>\n<\/div>\n<\/div><\/div><\/div><\/div><\/p>","protected":false},"excerpt":{"rendered":"","protected":false},"author":1,"featured_media":-3,"parent":0,"menu_order":0,"comment_status":"closed","ping_status":"closed","template":"","meta":{"_acf_changed":false,"footnotes":""},"class_list":["post-4307","page","type-page","status-publish","has-post-thumbnail","hentry"],"acf":[],"yoast_head":"<!-- This site is optimized with the Yoast SEO plugin v27.5 - https:\/\/yoast.com\/product\/yoast-seo-wordpress\/ -->\n<title>VENDTRA<\/title>\n<meta name=\"description\" content=\"Vending Trade Festival, Germany\" \/>\n<meta name=\"robots\" content=\"index, follow, max-snippet:-1, max-image-preview:large, max-video-preview:-1\" \/>\n<link rel=\"canonical\" href=\"https:\/\/www.vendtra.com\/es\/daten_und_fakten\/\" \/>\n<meta property=\"og:locale\" content=\"es_ES\" \/>\n<meta property=\"og:type\" content=\"article\" \/>\n<meta property=\"og:title\" content=\"VENDTRA\" \/>\n<meta property=\"og:description\" content=\"Vending Trade Festival, Germany\" \/>\n<meta property=\"og:url\" content=\"https:\/\/www.vendtra.com\/es\/daten_und_fakten\/\" \/>\n<meta property=\"og:site_name\" content=\"VENDTRA\" \/>\n<meta property=\"article:publisher\" content=\"https:\/\/www.facebook.com\/vendingreport\/?ref=pages_you_manage\" \/>\n<meta property=\"article:modified_time\" content=\"2026-04-16T21:09:18+00:00\" \/>\n<meta name=\"twitter:card\" content=\"summary_large_image\" \/>\n<meta name=\"twitter:label1\" content=\"Tiempo de lectura\" \/>\n\t<meta name=\"twitter:data1\" content=\"3 minutos\" \/>\n<script type=\"application\/ld+json\" class=\"yoast-schema-graph\">{\"@context\":\"https:\\\/\\\/schema.org\",\"@graph\":[{\"@type\":\"WebPage\",\"@id\":\"https:\\\/\\\/www.vendtra.com\\\/de\\\/daten_und_fakten\\\/\",\"url\":\"https:\\\/\\\/www.vendtra.com\\\/de\\\/daten_und_fakten\\\/\",\"name\":\"VENDTRA\",\"isPartOf\":{\"@id\":\"https:\\\/\\\/www.vendtra.com\\\/#website\"},\"datePublished\":\"2021-10-26T13:42:40+00:00\",\"dateModified\":\"2026-04-16T21:09:18+00:00\",\"description\":\"Vending Trade Festival, Germany\",\"breadcrumb\":{\"@id\":\"https:\\\/\\\/www.vendtra.com\\\/de\\\/daten_und_fakten\\\/#breadcrumb\"},\"inLanguage\":\"es\",\"potentialAction\":[{\"@type\":\"ReadAction\",\"target\":[\"https:\\\/\\\/www.vendtra.com\\\/de\\\/daten_und_fakten\\\/\"]}]},{\"@type\":\"BreadcrumbList\",\"@id\":\"https:\\\/\\\/www.vendtra.com\\\/de\\\/daten_und_fakten\\\/#breadcrumb\",\"itemListElement\":[{\"@type\":\"ListItem\",\"position\":1,\"name\":\"Startseite\",\"item\":\"https:\\\/\\\/www.vendtra.com\\\/de\\\/\"},{\"@type\":\"ListItem\",\"position\":2,\"name\":\"Daten und Fakten\"}]},{\"@type\":\"WebSite\",\"@id\":\"https:\\\/\\\/www.vendtra.com\\\/#website\",\"url\":\"https:\\\/\\\/www.vendtra.com\\\/\",\"name\":\"VENDTRA\",\"description\":\"Messe der Vending- und Kaffeewirtschaft Deutschland\",\"publisher\":{\"@id\":\"https:\\\/\\\/www.vendtra.com\\\/#organization\"},\"potentialAction\":[{\"@type\":\"SearchAction\",\"target\":{\"@type\":\"EntryPoint\",\"urlTemplate\":\"https:\\\/\\\/www.vendtra.com\\\/?s={search_term_string}\"},\"query-input\":{\"@type\":\"PropertyValueSpecification\",\"valueRequired\":true,\"valueName\":\"search_term_string\"}}],\"inLanguage\":\"es\"},{\"@type\":\"Organization\",\"@id\":\"https:\\\/\\\/www.vendtra.com\\\/#organization\",\"name\":\"VENDTRA\",\"url\":\"https:\\\/\\\/www.vendtra.com\\\/\",\"logo\":{\"@type\":\"ImageObject\",\"inLanguage\":\"es\",\"@id\":\"https:\\\/\\\/www.vendtra.com\\\/#\\\/schema\\\/logo\\\/image\\\/\",\"url\":\"https:\\\/\\\/www.vendtra.com\\\/wp-content\\\/uploads\\\/2021\\\/01\\\/vendtra_apple_ipad_retina.png\",\"contentUrl\":\"https:\\\/\\\/www.vendtra.com\\\/wp-content\\\/uploads\\\/2021\\\/01\\\/vendtra_apple_ipad_retina.png\",\"width\":167,\"height\":167,\"caption\":\"VENDTRA\"},\"image\":{\"@id\":\"https:\\\/\\\/www.vendtra.com\\\/#\\\/schema\\\/logo\\\/image\\\/\"},\"sameAs\":[\"https:\\\/\\\/www.facebook.com\\\/vendingreport\\\/?ref=pages_you_manage\"]}]}<\/script>\n<!-- \/ Yoast SEO plugin. -->","yoast_head_json":{"title":"VENDTRA","description":"Feria de M\u00e1quinas Expendedoras, Alemania","robots":{"index":"index","follow":"follow","max-snippet":"max-snippet:-1","max-image-preview":"max-image-preview:large","max-video-preview":"max-video-preview:-1"},"canonical":"https:\/\/www.vendtra.com\/es\/daten_und_fakten\/","og_locale":"es_ES","og_type":"article","og_title":"VENDTRA","og_description":"Vending Trade Festival, Germany","og_url":"https:\/\/www.vendtra.com\/es\/daten_und_fakten\/","og_site_name":"VENDTRA","article_publisher":"https:\/\/www.facebook.com\/vendingreport\/?ref=pages_you_manage","article_modified_time":"2026-04-16T21:09:18+00:00","twitter_card":"summary_large_image","twitter_misc":{"Tiempo de lectura":"3 minutos"},"schema":{"@context":"https:\/\/schema.org","@graph":[{"@type":"WebPage","@id":"https:\/\/www.vendtra.com\/de\/daten_und_fakten\/","url":"https:\/\/www.vendtra.com\/de\/daten_und_fakten\/","name":"VENDTRA","isPartOf":{"@id":"https:\/\/www.vendtra.com\/#website"},"datePublished":"2021-10-26T13:42:40+00:00","dateModified":"2026-04-16T21:09:18+00:00","description":"Feria de M\u00e1quinas Expendedoras, Alemania","breadcrumb":{"@id":"https:\/\/www.vendtra.com\/de\/daten_und_fakten\/#breadcrumb"},"inLanguage":"es","potentialAction":[{"@type":"ReadAction","target":["https:\/\/www.vendtra.com\/de\/daten_und_fakten\/"]}]},{"@type":"BreadcrumbList","@id":"https:\/\/www.vendtra.com\/de\/daten_und_fakten\/#breadcrumb","itemListElement":[{"@type":"ListItem","position":1,"name":"Startseite","item":"https:\/\/www.vendtra.com\/de\/"},{"@type":"ListItem","position":2,"name":"Daten und Fakten"}]},{"@type":"WebSite","@id":"https:\/\/www.vendtra.com\/#website","url":"https:\/\/www.vendtra.com\/","name":"VENDTRA","description":"Feria del sector de m\u00e1quinas expendedoras y caf\u00e9 de Alemania","publisher":{"@id":"https:\/\/www.vendtra.com\/#organization"},"potentialAction":[{"@type":"SearchAction","target":{"@type":"EntryPoint","urlTemplate":"https:\/\/www.vendtra.com\/?s={search_term_string}"},"query-input":{"@type":"PropertyValueSpecification","valueRequired":true,"valueName":"search_term_string"}}],"inLanguage":"es"},{"@type":"Organization","@id":"https:\/\/www.vendtra.com\/#organization","name":"VENDTRA","url":"https:\/\/www.vendtra.com\/","logo":{"@type":"ImageObject","inLanguage":"es","@id":"https:\/\/www.vendtra.com\/#\/schema\/logo\/image\/","url":"https:\/\/www.vendtra.com\/wp-content\/uploads\/2021\/01\/vendtra_apple_ipad_retina.png","contentUrl":"https:\/\/www.vendtra.com\/wp-content\/uploads\/2021\/01\/vendtra_apple_ipad_retina.png","width":167,"height":167,"caption":"VENDTRA"},"image":{"@id":"https:\/\/www.vendtra.com\/#\/schema\/logo\/image\/"},"sameAs":["https:\/\/www.facebook.com\/vendingreport\/?ref=pages_you_manage"]}]}},"_links":{"self":[{"href":"https:\/\/www.vendtra.com\/es\/wp-json\/wp\/v2\/pages\/4307","targetHints":{"allow":["GET"]}}],"collection":[{"href":"https:\/\/www.vendtra.com\/es\/wp-json\/wp\/v2\/pages"}],"about":[{"href":"https:\/\/www.vendtra.com\/es\/wp-json\/wp\/v2\/types\/page"}],"author":[{"embeddable":true,"href":"https:\/\/www.vendtra.com\/es\/wp-json\/wp\/v2\/users\/1"}],"replies":[{"embeddable":true,"href":"https:\/\/www.vendtra.com\/es\/wp-json\/wp\/v2\/comments?post=4307"}],"version-history":[{"count":13,"href":"https:\/\/www.vendtra.com\/es\/wp-json\/wp\/v2\/pages\/4307\/revisions"}],"predecessor-version":[{"id":7832,"href":"https:\/\/www.vendtra.com\/es\/wp-json\/wp\/v2\/pages\/4307\/revisions\/7832"}],"wp:featuredmedia":[{"embeddable":true,"href":"https:\/\/www.vendtra.com\/es\/wp-json\/"}],"wp:attachment":[{"href":"https:\/\/www.vendtra.com\/es\/wp-json\/wp\/v2\/media?parent=4307"}],"curies":[{"name":"wp","href":"https:\/\/api.w.org\/{rel}","templated":true}]}}