{"id":2781,"date":"2020-11-19T10:52:38","date_gmt":"2020-11-19T09:52:38","guid":{"rendered":"https:\/\/vendtra.com\/?page_id=2781"},"modified":"2026-04-28T17:36:08","modified_gmt":"2026-04-28T15:36:08","slug":"vendtra-vending-trande-festival-deutschland","status":"publish","type":"page","link":"https:\/\/www.vendtra.com\/es\/","title":{"rendered":"Vendtra Festival del Vending en Alemania"},"content":{"rendered":"<p><div class=\"fusion-fullwidth fullwidth-box fusion-builder-row-1 has-pattern-background has-mask-background nonhundred-percent-fullwidth non-hundred-percent-height-scrolling\" style=\"--awb-border-sizes-top:0px;--awb-border-sizes-bottom:0px;--awb-border-sizes-left:0px;--awb-border-sizes-right:0px;--awb-border-color:#cccbd1;--awb-border-radius-top-left:0px;--awb-border-radius-top-right:0px;--awb-border-radius-bottom-right:0px;--awb-border-radius-bottom-left:0px;--awb-padding-top:0%;--awb-padding-right:21px;--awb-padding-bottom:2%;--awb-margin-top:0px;--awb-margin-bottom:3px;--awb-background-color:#ffffff;--awb-flex-wrap:wrap;\" ><div class=\"fusion-builder-row fusion-row\"><div class=\"fusion-layout-column fusion_builder_column fusion-builder-column-0 fusion_builder_column_1_1 1_1 fusion-one-full fusion-column-first fusion-column-last\" style=\"--awb-bg-size:cover;\"><div class=\"fusion-column-wrapper fusion-column-has-shadow fusion-flex-column-wrapper-legacy\"><div class=\"fusion-text fusion-text-1\"><h2 style=\"--fontsize: 40; line-height: 1.2; font-family: Inter; font-weight: 200; font-size: 50px;\" align=\"center\" data-fontsize=\"40\" data-lineheight=\"48px\" data-fusion-font=\"true\" data-fusion-google-font=\"Inter\" data-fusion-google-variant=\"200\">La feria de la industria alemana del vending y el caf\u00e9<\/h2>\n<\/div><div class=\"fusion-clearfix\"><\/div><\/div><\/div><div class=\"fusion-layout-column fusion_builder_column fusion-builder-column-1 fusion_builder_column_1_1 1_1 fusion-one-full fusion-column-first fusion-column-last\" style=\"--awb-bg-size:cover;\"><div class=\"fusion-column-wrapper fusion-column-has-shadow fusion-flex-column-wrapper-legacy\"><div class=\"fusion-text fusion-text-2\"><h4 style=\"font-family: Inter; font-weight: 400; --fontSize: 28; line-height: 1.29;\" data-fusion-font=\"true\" data-fusion-google-font=\"Inter\" data-fusion-google-variant=\"400\" align=\"left\" data-fontsize=\"28\" data-lineheight=\"36.119999px\" class=\"fusion-responsive-typography-calculated\"><span style=\"font-size: 16px; font-family: Inter; font-weight: 400; color: rgb(0, 0, 0); line-height: 20px; letter-spacing: normal;\" data-fusion-font=\"true\" data-fusion-google-font=\"Inter\" data-fusion-google-variant=\"400\">Para profesionales y principiantes. Dos d\u00edas de feria con exposici\u00f3n cl\u00e1sica y mesas de agilizaci\u00f3n para un contacto a\u00fan m\u00e1s r\u00e1pido, una noche de sector con una media de +800 participantes \u2013 listo. Verse una vez al a\u00f1o, conocer novedades, comparar conceptos y soluciones \u2013 estar al d\u00eda. Eso y mucho m\u00e1s ofrece Vendtra. No se pierda el evento anual del sector, intercambie ideas con fabricantes y colegas, descubra c\u00f3mo generar ingresos nuevos y s\u00f3lidos en Alemania incluso en momentos econ\u00f3micamente desafiantes.<\/span><\/h4>\n<\/div><div class=\"fusion-clearfix\"><\/div><\/div><\/div><\/div><\/div><div class=\"fusion-fullwidth fullwidth-box fusion-builder-row-2 nonhundred-percent-fullwidth non-hundred-percent-height-scrolling\" style=\"--awb-border-sizes-top:0px;--awb-border-sizes-bottom:0px;--awb-border-sizes-left:0px;--awb-border-sizes-right:0px;--awb-border-color:#cccbd1;--awb-border-radius-top-left:0px;--awb-border-radius-top-right:0px;--awb-border-radius-bottom-right:0px;--awb-border-radius-bottom-left:0px;--awb-padding-top:20px;--awb-padding-right:21px;--awb-padding-bottom:0%;--awb-margin-top:0px;--awb-margin-bottom:0px;--awb-background-color:#e2e1e8;--awb-flex-wrap:wrap;\" ><div class=\"fusion-builder-row fusion-row\"><div class=\"fusion-layout-column fusion_builder_column fusion-builder-column-2 fusion_builder_column_1_1 1_1 fusion-one-full fusion-column-first fusion-column-last\" style=\"--awb-bg-size:cover;\"><div class=\"fusion-column-wrapper fusion-column-has-shadow fusion-flex-column-wrapper-legacy\"><div class=\"fusion-text fusion-text-3\"><h2 style=\"text-align: center; font-family: Inter; font-weight: 200;\" data-fusion-font=\"true\" data-fusion-google-font=\"Inter\" data-fusion-google-variant=\"200\">Feria y espect\u00e1culo digital<\/h2>\n<\/div><div class=\"fusion-clearfix\"><\/div><\/div><\/div><\/div><\/div><div class=\"fusion-fullwidth fullwidth-box fusion-builder-row-3 nonhundred-percent-fullwidth non-hundred-percent-height-scrolling\" style=\"--awb-border-sizes-top:0px;--awb-border-sizes-bottom:0px;--awb-border-sizes-left:0px;--awb-border-sizes-right:0px;--awb-border-color:#cccbd1;--awb-border-radius-top-left:0px;--awb-border-radius-top-right:0px;--awb-border-radius-bottom-right:0px;--awb-border-radius-bottom-left:0px;--awb-padding-top:0%;--awb-padding-right:21px;--awb-padding-bottom:2%;--awb-margin-top:0px;--awb-margin-bottom:5px;--awb-background-color:#e2e1e8;--awb-flex-wrap:wrap;\" ><div class=\"fusion-builder-row fusion-row\"><div class=\"fusion-layout-column fusion_builder_column fusion-builder-column-3 fusion_builder_column_1_2 1_2 fusion-one-half fusion-column-first\" style=\"--awb-bg-size:cover;width:50%;width:calc(50% - ( ( 4% ) * 0.5 ) );margin-right: 4%;\"><div class=\"fusion-column-wrapper fusion-column-has-shadow fusion-flex-column-wrapper-legacy\"><div class=\"fusion-image-element fusion-image-align-center in-legacy-container\" style=\"text-align:center;--awb-caption-text-size:14px;--awb-caption-overlay-color:#102d69;--awb-caption-background-color:#102d69;--awb-max-width:400px;--awb-caption-title-font-family:&quot;Source Sans Pro&quot;;--awb-caption-title-font-weight:600;--awb-caption-title-font-style:normal;--awb-caption-title-size:var(--h2_typography-font-size);--awb-caption-title-transform:var(--h2_typography-text-transform);--awb-caption-title-line-height:var(--h2_typography-line-height);--awb-caption-title-letter-spacing:var(--h2_typography-letter-spacing);--awb-caption-text-font-family:&quot;Inter&quot;;--awb-caption-text-font-style:normal;--awb-caption-text-font-weight:400;--awb-filter:brightness(121%);--awb-filter-transition:filter 0.3s ease;--awb-filter-hover:brightness(100%);\"><div class=\"imageframe-align-center\"><span class=\"fusion-imageframe imageframe-none imageframe-1 awb-imageframe-style awb-imageframe-style-dany\"><img decoding=\"async\" width=\"800\" height=\"638\" src=\"https:\/\/www.vendtra.com\/wp-content\/uploads\/2026\/04\/26_A_Vendtra-Hybrid-Augsburg-1.jpg\" alt class=\"img-responsive wp-image-7806\" srcset=\"https:\/\/www.vendtra.com\/wp-content\/uploads\/2026\/04\/26_A_Vendtra-Hybrid-Augsburg-1-200x160.jpg 200w, https:\/\/www.vendtra.com\/wp-content\/uploads\/2026\/04\/26_A_Vendtra-Hybrid-Augsburg-1-400x319.jpg 400w, https:\/\/www.vendtra.com\/wp-content\/uploads\/2026\/04\/26_A_Vendtra-Hybrid-Augsburg-1-600x479.jpg 600w, https:\/\/www.vendtra.com\/wp-content\/uploads\/2026\/04\/26_A_Vendtra-Hybrid-Augsburg-1.jpg 800w\" sizes=\"(max-width: 800px) 100vw, 600px\" \/><div class=\"awb-imageframe-caption-container\"><div class=\"awb-imageframe-caption\"><p class=\"awb-imageframe-caption-text\">La feria sectorial para directivos, compradores y responsables de la toma de decisiones en Augsburgo<\/p><\/div><\/div><\/span><\/div><\/div><div class=\"fusion-clearfix\"><\/div><\/div><\/div><div class=\"fusion-layout-column fusion_builder_column fusion-builder-column-4 fusion_builder_column_1_2 1_2 fusion-one-half fusion-column-last\" style=\"--awb-bg-size:cover;width:50%;width:calc(50% - ( ( 4% ) * 0.5 ) );\"><div class=\"fusion-column-wrapper fusion-column-has-shadow fusion-flex-column-wrapper-legacy\"><div class=\"fusion-image-element fusion-image-align-center in-legacy-container\" style=\"text-align:center;--awb-caption-text-size:14px;--awb-caption-background-color:#102d69;--awb-max-width:400px;--awb-caption-title-font-family:var(--h2_typography-font-family);--awb-caption-title-font-weight:var(--h2_typography-font-weight);--awb-caption-title-font-style:var(--h2_typography-font-style);--awb-caption-title-size:var(--h2_typography-font-size);--awb-caption-title-transform:var(--h2_typography-text-transform);--awb-caption-title-line-height:var(--h2_typography-line-height);--awb-caption-title-letter-spacing:var(--h2_typography-letter-spacing);--awb-caption-text-font-family:&quot;Inter&quot;;--awb-caption-text-font-style:normal;--awb-caption-text-font-weight:400;--awb-filter:brightness(121%);--awb-filter-transition:filter 0.3s ease;--awb-filter-hover:brightness(100%);\"><div class=\"imageframe-align-center\"><span class=\"fusion-imageframe imageframe-none imageframe-2 awb-imageframe-style awb-imageframe-style-dany\"><img decoding=\"async\" width=\"800\" height=\"638\" src=\"https:\/\/www.vendtra.com\/wp-content\/uploads\/2026\/04\/26_B_Vendtra-Hybrid-Augsburg.jpg\" alt class=\"img-responsive wp-image-7807\" srcset=\"https:\/\/www.vendtra.com\/wp-content\/uploads\/2026\/04\/26_B_Vendtra-Hybrid-Augsburg-200x160.jpg 200w, https:\/\/www.vendtra.com\/wp-content\/uploads\/2026\/04\/26_B_Vendtra-Hybrid-Augsburg-400x319.jpg 400w, https:\/\/www.vendtra.com\/wp-content\/uploads\/2026\/04\/26_B_Vendtra-Hybrid-Augsburg-600x479.jpg 600w, https:\/\/www.vendtra.com\/wp-content\/uploads\/2026\/04\/26_B_Vendtra-Hybrid-Augsburg.jpg 800w\" sizes=\"(max-width: 800px) 100vw, 600px\" \/><div class=\"awb-imageframe-caption-container\"><div class=\"awb-imageframe-caption\"><p class=\"awb-imageframe-caption-text\">La feria sectorial digital para empleados y todos los dem\u00e1s<\/p><\/div><\/div><\/span><\/div><\/div><div class=\"fusion-clearfix\"><\/div><\/div><\/div><\/div><\/div><div class=\"fusion-fullwidth fullwidth-box fusion-builder-row-4 fusion-flex-container nonhundred-percent-fullwidth non-hundred-percent-height-scrolling\" style=\"--awb-border-radius-top-left:0px;--awb-border-radius-top-right:0px;--awb-border-radius-bottom-right:0px;--awb-border-radius-bottom-left:0px;--awb-padding-top:16px;--awb-margin-top:100px;--awb-margin-bottom:0px;--awb-flex-wrap:wrap;\" ><div class=\"fusion-builder-row fusion-row fusion-flex-align-items-flex-start fusion-flex-content-wrap\" style=\"max-width:1064.96px;margin-left: calc(-4% \/ 2 );margin-right: calc(-4% \/ 2 );\"><div class=\"fusion-layout-column fusion_builder_column fusion-builder-column-5 fusion_builder_column_1_2 1_2 fusion-flex-column\" style=\"--awb-bg-size:cover;--awb-width-large:50%;--awb-margin-top-large:15px;--awb-spacing-right-large:3.84%;--awb-margin-bottom-large:15px;--awb-spacing-left-large:3.84%;--awb-width-medium:100%;--awb-order-medium:0;--awb-spacing-right-medium:1.92%;--awb-spacing-left-medium:1.92%;--awb-width-small:100%;--awb-order-small:0;--awb-spacing-right-small:1.92%;--awb-spacing-left-small:1.92%;\"><div class=\"fusion-column-wrapper fusion-column-has-shadow fusion-flex-justify-content-flex-start fusion-content-layout-column\"><div class=\"fusion-text fusion-text-4\"><h1 class=\"fusion-responsive-typography-calculated\" style=\"font-size: 140px; line-height: 0.5; font-family: Inter; font-weight: 600; color: rgb(2, 119, 209); --fontsize: 140; --fontSize: 140;\" data-fusion-font=\"true\" data-fusion-google-font=\"Inter\" data-fusion-google-variant=\"600\" data-fontsize=\"140\" data-lineheight=\"70px\">+3.800<\/h1>\n<p><span style=\"background-color: rgba(0, 0, 0, 0);\"><br \/>Revisi\u00f3n Vendtra 2025, f\u00edsico + en l\u00ednea<\/span><\/p><\/p>\n<\/div><\/div><\/div><div class=\"fusion-layout-column fusion_builder_column fusion-builder-column-6 fusion_builder_column_1_2 1_2 fusion-flex-column\" style=\"--awb-bg-size:cover;--awb-width-large:50%;--awb-margin-top-large:15px;--awb-spacing-right-large:3.84%;--awb-margin-bottom-large:15px;--awb-spacing-left-large:3.84%;--awb-width-medium:100%;--awb-order-medium:0;--awb-spacing-right-medium:1.92%;--awb-spacing-left-medium:1.92%;--awb-width-small:100%;--awb-order-small:0;--awb-spacing-right-small:1.92%;--awb-spacing-left-small:1.92%;\"><div class=\"fusion-column-wrapper fusion-column-has-shadow fusion-flex-justify-content-flex-start fusion-content-layout-column\"><div class=\"fusion-text fusion-text-5\"><h1 class=\"fusion-responsive-typography-calculated\" style=\"font-size: 36px; line-height: 1.11; font-family: Inter; font-weight: 500; color: rgb(0, 0, 0); letter-spacing: normal; --fontsize: 36; --fontSize: 36;\" data-fusion-font=\"true\" data-fusion-google-font=\"Inter\" data-fusion-google-variant=\"500\" data-fontsize=\"36\" data-lineheight=\"39.96px\"><span style=\"font-family: Inter; font-weight: 200;\" data-fusion-font=\"true\" data-fusion-google-font=\"Inter\" data-fusion-google-variant=\"200\">Compradores y tomadores de decisiones de Vending\/Operaciones, Servicios de Caf\u00e9, Catering, Comida de empresa, Quioscos, Tiendas, 24\/7, Minoristas.<\/span> <\/h1>\n<\/div><\/div><\/div><\/div><\/div><div class=\"fusion-fullwidth fullwidth-box fusion-builder-row-5 fusion-flex-container has-pattern-background has-mask-background nonhundred-percent-fullwidth non-hundred-percent-height-scrolling\" style=\"--awb-border-radius-top-left:0px;--awb-border-radius-top-right:0px;--awb-border-radius-bottom-right:0px;--awb-border-radius-bottom-left:0px;--awb-margin-top:39px;--awb-background-color:#ffffff;--awb-flex-wrap:wrap;\" ><div class=\"fusion-builder-row fusion-row fusion-flex-align-items-flex-start fusion-flex-content-wrap\" style=\"max-width:1064.96px;margin-left: calc(-4% \/ 2 );margin-right: calc(-4% \/ 2 );\"><div class=\"fusion-layout-column fusion_builder_column fusion-builder-column-7 fusion_builder_column_2_3 2_3 fusion-flex-column\" style=\"--awb-bg-size:cover;--awb-width-large:66.666666666667%;--awb-margin-top-large:55px;--awb-spacing-right-large:2.88%;--awb-margin-bottom-large:15px;--awb-spacing-left-large:2.88%;--awb-width-medium:100%;--awb-order-medium:0;--awb-spacing-right-medium:1.92%;--awb-spacing-left-medium:1.92%;--awb-width-small:100%;--awb-order-small:0;--awb-spacing-right-small:1.92%;--awb-spacing-left-small:1.92%;\"><div class=\"fusion-column-wrapper fusion-column-has-shadow fusion-flex-justify-content-flex-start fusion-content-layout-column\"><div class=\"fusion-video fusion-selfhosted-video\" style=\"max-width:100%;\"><div class=\"video-wrapper\"><video playsinline=\"true\" width=\"100%\" style=\"object-fit: cover;\" autoplay=\"true\" muted=\"true\" loop=\"true\" preload=\"auto\" controls=\"1\"><source src=\"https:\/\/www.vendtra.com\/wp-content\/uploads\/2026\/04\/Vendtra-Short-.mp4\" type=\"video\/mp4\">Lo sentimos, su navegador no&#039;admite v\u00eddeos incrustados.<\/video><\/div><\/div><\/div><\/div><div class=\"fusion-layout-column fusion_builder_column fusion-builder-column-8 fusion_builder_column_1_3 1_3 fusion-flex-column\" style=\"--awb-bg-size:cover;--awb-width-large:33.333333333333%;--awb-margin-top-large:38px;--awb-spacing-right-large:5.76%;--awb-margin-bottom-large:15px;--awb-spacing-left-large:5.76%;--awb-width-medium:100%;--awb-order-medium:0;--awb-spacing-right-medium:1.92%;--awb-spacing-left-medium:1.92%;--awb-width-small:100%;--awb-order-small:0;--awb-spacing-right-small:1.92%;--awb-spacing-left-small:1.92%;\"><div class=\"fusion-column-wrapper fusion-column-has-shadow fusion-flex-justify-content-flex-start fusion-content-layout-column\"><div class=\"fusion-text fusion-text-6\" style=\"--awb-text-transform:none;\"><h1 style=\"--fontsize: 40; line-height: 1.2; font-family: Inter; font-weight: 200; font-size: 40px; --fontSize: 40;\" data-fontsize=\"40\" data-lineheight=\"47.999996px\" data-fusion-font=\"true\" data-fusion-google-font=\"Inter\" data-fusion-google-variant=\"200\" class=\"fusion-responsive-typography-calculated\">AUGSBURGO<\/h1>\n<p data-fusion-font=\"true\" data-fusion-google-font=\"Inter\" data-fusion-google-variant=\"400\"><font size=\"3\"><font face=\"Inter\"><span style=\"font-family: Inter; font-weight: 400;\" data-fusion-font=\"true\" data-fusion-google-font=\"Inter\" data-fusion-google-variant=\"400\">En las inmediaciones de M\u00fanich y lejos de los altos precios de los hoteles. El recinto ferial de Augsburgo convence con todas las ventajas de un recinto ferial profesional, aparcamiento, servicios y es de f\u00e1cil acceso. Una conexi\u00f3n directa por autopista, tren y aeropuerto completan la oferta para expositores y visitantes. <\/span><\/font><\/font><\/p>\n<\/div><\/div><\/div><\/div><\/div><div class=\"fusion-fullwidth fullwidth-box fusion-builder-row-6 fusion-flex-container nonhundred-percent-fullwidth non-hundred-percent-height-scrolling\" style=\"--awb-border-radius-top-left:0px;--awb-border-radius-top-right:0px;--awb-border-radius-bottom-right:0px;--awb-border-radius-bottom-left:0px;--awb-margin-top:-30px;--awb-margin-bottom:0px;--awb-flex-wrap:wrap;\" ><div class=\"fusion-builder-row fusion-row fusion-flex-align-items-flex-start fusion-flex-content-wrap\" style=\"max-width:1064.96px;margin-left: calc(-4% \/ 2 );margin-right: calc(-4% \/ 2 );\"><div class=\"fusion-layout-column fusion_builder_column fusion-builder-column-9 fusion_builder_column_1_1 1_1 fusion-flex-column\" style=\"--awb-bg-size:cover;--awb-width-large:100%;--awb-margin-top-large:15px;--awb-spacing-right-large:1.92%;--awb-margin-bottom-large:15px;--awb-spacing-left-large:1.92%;--awb-width-medium:100%;--awb-order-medium:0;--awb-spacing-right-medium:1.92%;--awb-spacing-left-medium:1.92%;--awb-width-small:100%;--awb-order-small:0;--awb-spacing-right-small:1.92%;--awb-spacing-left-small:1.92%;\"><div class=\"fusion-column-wrapper fusion-column-has-shadow fusion-flex-justify-content-flex-start fusion-content-layout-column\"><div class=\"fusion-text fusion-text-7\"><p>_____________________________________________________________________________________________________<\/p>\n<\/div><\/div><\/div><\/div><\/div><div class=\"fusion-fullwidth fullwidth-box fusion-builder-row-7 fusion-flex-container nonhundred-percent-fullwidth non-hundred-percent-height-scrolling\" style=\"--awb-border-radius-top-left:0px;--awb-border-radius-top-right:0px;--awb-border-radius-bottom-right:0px;--awb-border-radius-bottom-left:0px;--awb-padding-bottom:0px;--awb-margin-top:0px;--awb-margin-bottom:0px;--awb-flex-wrap:wrap;\" ><div class=\"fusion-builder-row fusion-row fusion-flex-align-items-flex-start fusion-flex-content-wrap\" style=\"max-width:1064.96px;margin-left: calc(-4% \/ 2 );margin-right: calc(-4% \/ 2 );\"><div class=\"fusion-layout-column fusion_builder_column fusion-builder-column-10 fusion_builder_column_1_1 1_1 fusion-flex-column\" style=\"--awb-bg-size:cover;--awb-width-large:100%;--awb-margin-top-large:13px;--awb-spacing-right-large:1.92%;--awb-margin-bottom-large:15px;--awb-spacing-left-large:1.92%;--awb-width-medium:100%;--awb-order-medium:0;--awb-spacing-right-medium:1.92%;--awb-spacing-left-medium:1.92%;--awb-width-small:100%;--awb-order-small:0;--awb-spacing-right-small:1.92%;--awb-spacing-left-small:1.92%;\"><div class=\"fusion-column-wrapper fusion-column-has-shadow fusion-flex-justify-content-flex-start fusion-content-layout-column\"><div class=\"fusion-text fusion-text-8\" style=\"--awb-text-transform:none;\"><h2 style=\"--fontsize: 40; line-height: 1.2; font-family: Inter; font-weight: 200; --fontSize: 40;\" align=\"center\" data-fontsize=\"40\" data-lineheight=\"47.999996px\" data-fusion-font=\"true\" data-fusion-google-font=\"Inter\" data-fusion-google-variant=\"200\" class=\"fusion-responsive-typography-calculated\">PRIORIDADES DE LA FERIA<\/h2>\n<\/div><\/div><\/div><\/div><\/div><div class=\"fusion-fullwidth fullwidth-box fusion-builder-row-8 fusion-flex-container nonhundred-percent-fullwidth non-hundred-percent-height-scrolling\" style=\"--link_hover_color: #007be8;--awb-border-radius-top-left:0px;--awb-border-radius-top-right:0px;--awb-border-radius-bottom-right:0px;--awb-border-radius-bottom-left:0px;--awb-padding-top:-50px;--awb-flex-wrap:wrap;\" ><div class=\"fusion-builder-row fusion-row fusion-flex-align-items-center fusion-flex-content-wrap\" style=\"max-width:1064.96px;margin-left: calc(-4% \/ 2 );margin-right: calc(-4% \/ 2 );\"><div class=\"fusion-layout-column fusion_builder_column fusion-builder-column-11 fusion_builder_column_1_3 1_3 fusion-flex-column fusion-flex-align-self-flex-start\" style=\"--awb-bg-size:cover;--awb-width-large:33.333333333333%;--awb-margin-top-large:15px;--awb-spacing-right-large:5.76%;--awb-margin-bottom-large:15px;--awb-spacing-left-large:5.76%;--awb-width-medium:100%;--awb-order-medium:0;--awb-spacing-right-medium:1.92%;--awb-spacing-left-medium:1.92%;--awb-width-small:100%;--awb-order-small:0;--awb-spacing-right-small:1.92%;--awb-spacing-left-small:1.92%;\"><div class=\"fusion-column-wrapper fusion-column-has-shadow fusion-flex-justify-content-flex-start fusion-content-layout-column\"><div class=\"fusion-content-boxes content-boxes columns row fusion-columns-1 fusion-columns-total-0 fusion-content-boxes-1 content-boxes-icon-with-title content-left\" style=\"--awb-hover-accent-color:#1a80b6;--awb-circle-hover-accent-color:#1a80b6;--awb-item-margin-bottom:40px;\" data-animationoffset=\"top-into-view\"><div class=\"fusion-clearfix\"><\/div><\/div><\/div><\/div><div class=\"fusion-layout-column fusion_builder_column fusion-builder-column-12 fusion_builder_column_1_3 1_3 fusion-flex-column fusion-flex-align-self-flex-start\" style=\"--awb-bg-size:cover;--awb-width-large:33.333333333333%;--awb-margin-top-large:15px;--awb-spacing-right-large:5.76%;--awb-margin-bottom-large:15px;--awb-spacing-left-large:5.76%;--awb-width-medium:100%;--awb-order-medium:0;--awb-spacing-right-medium:1.92%;--awb-spacing-left-medium:1.92%;--awb-width-small:100%;--awb-order-small:0;--awb-spacing-right-small:1.92%;--awb-spacing-left-small:1.92%;\"><div class=\"fusion-column-wrapper fusion-column-has-shadow fusion-flex-justify-content-flex-start fusion-content-layout-column\"><div class=\"fusion-content-boxes content-boxes columns row fusion-columns-1 fusion-columns-total-0 fusion-content-boxes-2 content-boxes-icon-with-title content-left\" style=\"--awb-hover-accent-color:#1a80b6;--awb-circle-hover-accent-color:#1a80b6;--awb-item-margin-bottom:40px;\" data-animationoffset=\"top-into-view\"><div class=\"fusion-clearfix\"><\/div><\/div><\/div><\/div><div class=\"fusion-layout-column fusion_builder_column fusion-builder-column-13 fusion_builder_column_1_3 1_3 fusion-flex-column fusion-flex-align-self-flex-start\" style=\"--awb-bg-size:cover;--awb-width-large:33.333333333333%;--awb-margin-top-large:15px;--awb-spacing-right-large:5.76%;--awb-margin-bottom-large:15px;--awb-spacing-left-large:5.76%;--awb-width-medium:100%;--awb-order-medium:0;--awb-spacing-right-medium:1.92%;--awb-spacing-left-medium:1.92%;--awb-width-small:100%;--awb-order-small:0;--awb-spacing-right-small:1.92%;--awb-spacing-left-small:1.92%;\"><div class=\"fusion-column-wrapper fusion-column-has-shadow fusion-flex-justify-content-flex-start fusion-content-layout-column\"><div class=\"fusion-content-boxes content-boxes columns row fusion-columns-1 fusion-columns-total-0 fusion-content-boxes-3 content-boxes-icon-with-title content-left\" style=\"--awb-hover-accent-color:#1a80b6;--awb-circle-hover-accent-color:#1a80b6;--awb-item-margin-bottom:40px;\" data-animationoffset=\"top-into-view\"><div class=\"fusion-clearfix\"><\/div><\/div><\/div><\/div><div class=\"fusion-layout-column fusion_builder_column fusion-builder-column-14 fusion_builder_column_1_3 1_3 fusion-flex-column fusion-flex-align-self-flex-start\" style=\"--awb-bg-size:cover;--awb-width-large:33.333333333333%;--awb-margin-top-large:15px;--awb-spacing-right-large:5.76%;--awb-margin-bottom-large:15px;--awb-spacing-left-large:5.76%;--awb-width-medium:100%;--awb-order-medium:0;--awb-spacing-right-medium:1.92%;--awb-spacing-left-medium:1.92%;--awb-width-small:100%;--awb-order-small:0;--awb-spacing-right-small:1.92%;--awb-spacing-left-small:1.92%;\"><div class=\"fusion-column-wrapper fusion-column-has-shadow fusion-flex-justify-content-flex-start fusion-content-layout-column\"><div class=\"fusion-content-boxes content-boxes columns row fusion-columns-1 fusion-columns-total-1 fusion-content-boxes-4 content-boxes-icon-with-title content-left\" style=\"--awb-body-color:#000000;--awb-title-color:#000000;--awb-iconcolor:#0161c8;--awb-hover-accent-color:#0161c8;--awb-circle-hover-accent-color:#0161c8;--awb-item-margin-bottom:40px;\" data-animationoffset=\"top-into-view\"><div style=\"--awb-backgroundcolor:rgba(255,255,255,0);--awb-iconcolor:#0161c8;\" class=\"fusion-column content-box-column content-box-column content-box-column-1 col-lg-12 col-md-12 col-sm-12 fusion-content-box-hover content-box-column-last content-box-column-last-in-row\"><div class=\"col content-box-wrapper content-wrapper link-area-box content-icon-wrapper-yes icon-wrapper-hover-animation-pulsate\" data-animationoffset=\"top-into-view\"><div class=\"heading heading-with-icon icon-left\"><div class=\"icon\"><span style=\"height:48px;width:48px;line-height:25px;border-color:#102d69;border-width:1px;border-style:solid;background-color:#ffffff;box-sizing:content-box;border-radius:50%;\"><i style=\"border-color:#ffffff;border-width:1px;background-color:#ffffff;box-sizing:content-box;height:46px;width:46px;line-height:46px;border-radius:50%;position:relative;top:auto;left:auto;margin:0;border-radius:50%;font-size:23px;\" aria-hidden=\"true\" class=\"fontawesome-icon fa-dice-d6 fas circle-yes\"><\/i><\/span><\/div><h3 class=\"content-box-heading fusion-responsive-typography-calculated\" style=\"--h3_typography-font-size:28px;--fontSize:28;line-height:1.25;\">Sobremesa<\/h3><\/div><div class=\"fusion-clearfix\"><\/div><div class=\"content-container\">\n<p style=\"font-family: Inter; font-weight: 200;\" data-fusion-font=\"true\" data-fusion-google-font=\"Inter\" data-fusion-google-variant=\"200\"><span style=\"font-family: Inter; font-weight: 400;\" data-fusion-font=\"true\" data-fusion-google-font=\"Inter\" data-fusion-google-variant=\"400\">M\u00e1quinas expendedoras de caf\u00e9 y soluciones OCS (grano, instant\u00e1neo, caf\u00e9 reci\u00e9n hecho, Incup, c\u00e1psula, monodosis), con\/sin sistema de vasos<\/span>.<\/p>\n<\/div><\/div><\/div><div class=\"fusion-clearfix\"><\/div><\/div><\/div><\/div><div class=\"fusion-layout-column fusion_builder_column fusion-builder-column-15 fusion_builder_column_1_3 1_3 fusion-flex-column fusion-flex-align-self-flex-start\" style=\"--awb-bg-size:cover;--awb-width-large:33.333333333333%;--awb-margin-top-large:15px;--awb-spacing-right-large:5.76%;--awb-margin-bottom-large:15px;--awb-spacing-left-large:5.76%;--awb-width-medium:100%;--awb-order-medium:0;--awb-spacing-right-medium:1.92%;--awb-spacing-left-medium:1.92%;--awb-width-small:100%;--awb-order-small:0;--awb-spacing-right-small:1.92%;--awb-spacing-left-small:1.92%;\"><div class=\"fusion-column-wrapper fusion-column-has-shadow fusion-flex-justify-content-flex-start fusion-content-layout-column\"><div class=\"fusion-content-boxes content-boxes columns row fusion-columns-1 fusion-columns-total-1 fusion-content-boxes-5 content-boxes-icon-with-title content-left\" style=\"--awb-body-color:#000000;--awb-title-color:#000000;--awb-iconcolor:#0161c8;--awb-hover-accent-color:#0161c8;--awb-circle-hover-accent-color:#0161c8;--awb-item-margin-bottom:40px;\" data-animationoffset=\"top-into-view\"><div style=\"--awb-backgroundcolor:rgba(255,255,255,0);--awb-iconcolor:#0161c8;\" class=\"fusion-column content-box-column content-box-column content-box-column-1 col-lg-12 col-md-12 col-sm-12 fusion-content-box-hover content-box-column-last content-box-column-last-in-row\"><div class=\"col content-box-wrapper content-wrapper link-area-box content-icon-wrapper-yes icon-wrapper-hover-animation-pulsate\" data-animationoffset=\"top-into-view\"><div class=\"heading heading-with-icon icon-left\"><div class=\"icon\"><span style=\"height:46px;width:46px;line-height:23px;border-color:#102d69;border-width:1px;border-style:solid;background-color:#102d69;box-sizing:content-box;border-radius:50%;\"><i style=\"border-color:#ffffff;border-width:0px;background-color:#ffffff;box-sizing:content-box;height:46px;width:46px;line-height:46px;border-radius:50%;position:relative;top:auto;left:auto;margin:0;border-radius:50%;font-size:23px;\" aria-hidden=\"true\" class=\"fontawesome-icon fa-coffee fas circle-yes\"><\/i><\/span><\/div><h3 class=\"content-box-heading fusion-responsive-typography-calculated\" style=\"--h3_typography-font-size:28px;--fontSize:28;line-height:1.25;\">M\u00e1quinas de caf\u00e9<\/h3><\/div><div class=\"fusion-clearfix\"><\/div><div class=\"content-container\">\n<p style=\"font-family: Inter Tight; font-weight: 300;\" data-fusion-font=\"true\" data-fusion-google-font=\"Inter Tight\" data-fusion-google-variant=\"300\"><span style=\"font-family: Inter Tight; font-weight: 400;\" data-fusion-font=\"true\" data-fusion-google-font=\"Inter Tight\" data-fusion-google-variant=\"400\">Soluciones para restauraci\u00f3n, hosteler\u00eda, bares, panader\u00edas y tiendas, m\u00e1quinas profesionales, portafiltros, molinillos de caf\u00e9.<\/span><\/p>\n<\/div><\/div><\/div><div class=\"fusion-clearfix\"><\/div><\/div><\/div><\/div><div class=\"fusion-layout-column fusion_builder_column fusion-builder-column-16 fusion_builder_column_1_3 1_3 fusion-flex-column fusion-flex-align-self-flex-start\" style=\"--awb-bg-size:cover;--awb-width-large:33.333333333333%;--awb-margin-top-large:15px;--awb-spacing-right-large:5.76%;--awb-margin-bottom-large:15px;--awb-spacing-left-large:5.76%;--awb-width-medium:100%;--awb-order-medium:0;--awb-spacing-right-medium:1.92%;--awb-spacing-left-medium:1.92%;--awb-width-small:100%;--awb-order-small:0;--awb-spacing-right-small:1.92%;--awb-spacing-left-small:1.92%;\"><div class=\"fusion-column-wrapper fusion-column-has-shadow fusion-flex-justify-content-flex-start fusion-content-layout-column\"><div class=\"fusion-content-boxes content-boxes columns row fusion-columns-1 fusion-columns-total-1 fusion-content-boxes-6 content-boxes-icon-with-title content-left\" style=\"--awb-body-color:#000000;--awb-title-color:#000000;--awb-iconcolor:#0161c8;--awb-hover-accent-color:#0161c8;--awb-circle-hover-accent-color:#0161c8;--awb-item-margin-bottom:40px;\" data-animationoffset=\"top-into-view\"><div style=\"--awb-backgroundcolor:rgba(255,255,255,0);--awb-iconcolor:#0161c8;\" class=\"fusion-column content-box-column content-box-column content-box-column-1 col-lg-12 col-md-12 col-sm-12 fusion-content-box-hover content-box-column-last content-box-column-last-in-row\"><div class=\"col content-box-wrapper content-wrapper link-area-box content-icon-wrapper-yes icon-wrapper-hover-animation-pulsate\" data-animationoffset=\"top-into-view\"><div class=\"heading heading-with-icon icon-left\"><div class=\"icon\"><span style=\"height:48px;width:48px;line-height:25px;border-color:#102d69;border-width:1px;border-style:solid;background-color:#ffffff;box-sizing:content-box;border-radius:50%;\"><i style=\"border-color:#ffffff;border-width:1px;background-color:#ffffff;box-sizing:content-box;height:46px;width:46px;line-height:46px;border-radius:50%;position:relative;top:auto;left:auto;margin:0;border-radius:50%;font-size:23px;\" aria-hidden=\"true\" class=\"fontawesome-icon fa-mobile fas circle-yes\"><\/i><\/span><\/div><h3 class=\"content-box-heading fusion-responsive-typography-calculated\" style=\"--h3_typography-font-size:28px;--fontSize:28;line-height:1.25;\">Torre<\/h3><\/div><div class=\"fusion-clearfix\"><\/div><div class=\"content-container\">\n<p style=\"font-family: Inter; font-weight: 400;\" data-fusion-font=\"true\" data-fusion-google-font=\"Inter\" data-fusion-google-variant=\"400\">Torre Caliente, fr\u00eda, snack, comida, helados, congelados, ascensor, take-back, panader\u00eda, carnicer\u00eda expendedora, auto-comercializador.<\/p>\n<\/div><\/div><\/div><div class=\"fusion-clearfix\"><\/div><\/div><\/div><\/div><div class=\"fusion-layout-column fusion_builder_column fusion-builder-column-17 fusion_builder_column_1_3 1_3 fusion-flex-column fusion-flex-align-self-flex-start\" style=\"--awb-bg-size:cover;--awb-width-large:33.333333333333%;--awb-margin-top-large:15px;--awb-spacing-right-large:5.76%;--awb-margin-bottom-large:15px;--awb-spacing-left-large:5.76%;--awb-width-medium:100%;--awb-order-medium:0;--awb-spacing-right-medium:1.92%;--awb-spacing-left-medium:1.92%;--awb-width-small:100%;--awb-order-small:0;--awb-spacing-right-small:1.92%;--awb-spacing-left-small:1.92%;\"><div class=\"fusion-column-wrapper fusion-column-has-shadow fusion-flex-justify-content-flex-start fusion-content-layout-column\"><div class=\"fusion-content-boxes content-boxes columns row fusion-columns-1 fusion-columns-total-1 fusion-content-boxes-7 content-boxes-icon-with-title content-left\" style=\"--awb-body-color:#000000;--awb-title-color:#000000;--awb-iconcolor:#0161c8;--awb-hover-accent-color:#0161c8;--awb-circle-hover-accent-color:#0161c8;--awb-item-margin-bottom:40px;\" data-animationoffset=\"top-into-view\"><div style=\"--awb-backgroundcolor:rgba(255,255,255,0);--awb-iconcolor:#0161c8;\" class=\"fusion-column content-box-column content-box-column content-box-column-1 col-lg-12 col-md-12 col-sm-12 fusion-content-box-hover content-box-column-last content-box-column-last-in-row\"><div class=\"col content-box-wrapper content-wrapper link-area-box content-icon-wrapper-yes icon-wrapper-hover-animation-pulsate\" data-animationoffset=\"top-into-view\"><div class=\"heading heading-with-icon icon-left\"><div class=\"icon\"><span style=\"height:48px;width:48px;line-height:25px;border-color:#102d69;border-width:1px;border-style:solid;background-color:#ffffff;box-sizing:content-box;border-radius:50%;\"><i style=\"border-color:#ffffff;border-width:1px;background-color:#ffffff;box-sizing:content-box;height:46px;width:46px;line-height:46px;border-radius:50%;position:relative;top:auto;left:auto;margin:0;border-radius:50%;font-size:23px;\" aria-hidden=\"true\" class=\"fontawesome-icon fa-box fas circle-yes\"><\/i><\/span><\/div><h3 class=\"content-box-heading fusion-responsive-typography-calculated\" style=\"--h3_typography-font-size:28px;--fontSize:28;line-height:1.25;\">Ingredientes<\/h3><\/div><div class=\"fusion-clearfix\"><\/div><div class=\"content-container\">\n<p><span style=\"font-size: 18px; font-family: Inter; font-weight: 300;\" data-fusion-font=\"true\" data-fusion-google-font=\"Inter\" data-fusion-google-variant=\"300\"><span style=\"font-family: Inter; font-weight: 400;\" data-fusion-font=\"true\" data-fusion-google-font=\"Inter\" data-fusion-google-variant=\"400\">K<\/span><span style=\"font-family: Inter; font-weight: 400;\" data-fusion-font=\"true\" data-fusion-google-font=\"Inter\" data-fusion-google-variant=\"400\">Caf\u00e9 (FB, Instant, Granos, Espresso, Pastillas, C\u00e1psulas, L\u00edquido), InCup, Topping, Cacao, Sopas<\/span><\/span><span style=\"font-family: Inter; font-weight: 400;\" data-fusion-font=\"true\" data-fusion-google-font=\"Inter\" data-fusion-google-variant=\"400\">.<\/span><\/p>\n<\/div><\/div><\/div><div class=\"fusion-clearfix\"><\/div><\/div><\/div><\/div><div class=\"fusion-layout-column fusion_builder_column fusion-builder-column-18 fusion_builder_column_1_3 1_3 fusion-flex-column fusion-flex-align-self-flex-start\" style=\"--awb-bg-size:cover;--awb-width-large:33.333333333333%;--awb-margin-top-large:15px;--awb-spacing-right-large:5.76%;--awb-margin-bottom-large:15px;--awb-spacing-left-large:5.76%;--awb-width-medium:100%;--awb-order-medium:0;--awb-spacing-right-medium:1.92%;--awb-spacing-left-medium:1.92%;--awb-width-small:100%;--awb-order-small:0;--awb-spacing-right-small:1.92%;--awb-spacing-left-small:1.92%;\"><div class=\"fusion-column-wrapper fusion-column-has-shadow fusion-flex-justify-content-flex-start fusion-content-layout-column\"><div class=\"fusion-content-boxes content-boxes columns row fusion-columns-1 fusion-columns-total-1 fusion-content-boxes-8 content-boxes-icon-with-title content-left\" style=\"--awb-body-color:#000000;--awb-title-color:#000000;--awb-hover-accent-color:#0161c8;--awb-circle-hover-accent-color:#0161c8;--awb-item-margin-bottom:40px;\" data-animationoffset=\"top-into-view\"><div style=\"--awb-backgroundcolor:rgba(255,255,255,0);\" class=\"fusion-column content-box-column content-box-column content-box-column-1 col-lg-12 col-md-12 col-sm-12 fusion-content-box-hover content-box-column-last content-box-column-last-in-row\"><div class=\"col content-box-wrapper content-wrapper link-area-box content-icon-wrapper-yes icon-wrapper-hover-animation-pulsate\" data-animationoffset=\"top-into-view\"><div class=\"heading heading-with-icon icon-left\"><div class=\"icon\"><span style=\"height:48px;width:48px;line-height:25px;border-color:#102d69;border-width:1px;border-style:solid;background-color:#ffffff;box-sizing:content-box;border-radius:50%;\"><i style=\"border-color:#ffffff;border-width:1px;background-color:#ffffff;box-sizing:content-box;height:46px;width:46px;line-height:46px;border-radius:50%;position:relative;top:auto;left:auto;margin:0;border-radius:50%;font-size:23px;\" aria-hidden=\"true\" class=\"fontawesome-icon fa-cubes fas circle-yes\"><\/i><\/span><\/div><h3 class=\"content-box-heading fusion-responsive-typography-calculated\" style=\"--h3_typography-font-size:28px;--fontSize:28;line-height:1.25;\">Productos de beneficio<br \/>\n<\/h3><\/div><div class=\"fusion-clearfix\"><\/div><div class=\"content-container\">\n<p style=\"font-family: Inter; font-weight: 400;\" data-fusion-font=\"true\" data-fusion-google-font=\"Inter\" data-fusion-google-variant=\"400\">Beneficios Aperitivos dulces\/salados, alimentos (congelados), helados, cigarrillos electr\u00f3nicos. Bebidas, refrescos, bebidas energ\u00e9ticas\/fr\u00edas.<\/p>\n<\/div><\/div><\/div><div class=\"fusion-clearfix\"><\/div><\/div><\/div><\/div><div class=\"fusion-layout-column fusion_builder_column fusion-builder-column-19 fusion_builder_column_1_3 1_3 fusion-flex-column fusion-flex-align-self-flex-start\" style=\"--awb-bg-size:cover;--awb-width-large:33.333333333333%;--awb-margin-top-large:15px;--awb-spacing-right-large:5.76%;--awb-margin-bottom-large:15px;--awb-spacing-left-large:5.76%;--awb-width-medium:100%;--awb-order-medium:0;--awb-spacing-right-medium:1.92%;--awb-spacing-left-medium:1.92%;--awb-width-small:100%;--awb-order-small:0;--awb-spacing-right-small:1.92%;--awb-spacing-left-small:1.92%;\"><div class=\"fusion-column-wrapper fusion-column-has-shadow fusion-flex-justify-content-flex-start fusion-content-layout-column\"><div class=\"fusion-content-boxes content-boxes columns row fusion-columns-1 fusion-columns-total-1 fusion-content-boxes-9 content-boxes-icon-with-title content-left\" style=\"--awb-body-color:#000000;--awb-title-color:#000000;--awb-iconcolor:#0161c8;--awb-hover-accent-color:#0161c8;--awb-circle-hover-accent-color:#0161c8;--awb-item-margin-bottom:40px;\" data-animationoffset=\"top-into-view\"><div style=\"--awb-backgroundcolor:rgba(255,255,255,0);--awb-iconcolor:#0161c8;\" class=\"fusion-column content-box-column content-box-column content-box-column-1 col-lg-12 col-md-12 col-sm-12 fusion-content-box-hover content-box-column-last content-box-column-last-in-row\"><div class=\"col content-box-wrapper content-wrapper link-area-box content-icon-wrapper-yes icon-wrapper-hover-animation-pulsate\" data-animationoffset=\"top-into-view\"><div class=\"heading heading-with-icon icon-left\"><div class=\"icon\"><span style=\"height:48px;width:48px;line-height:25px;border-color:#102d69;border-width:1px;border-style:solid;background-color:#ffffff;box-sizing:content-box;border-radius:50%;\"><i style=\"border-color:#ffffff;border-width:1px;background-color:#ffffff;box-sizing:content-box;height:46px;width:46px;line-height:46px;border-radius:50%;position:relative;top:auto;left:auto;margin:0;border-radius:50%;font-size:23px;\" aria-hidden=\"true\" class=\"fontawesome-icon fa-tint fas circle-yes\"><\/i><\/span><\/div><h3 class=\"content-box-heading fusion-responsive-typography-calculated\" style=\"--h3_typography-font-size:28px;--fontSize:28;line-height:1.25;\">Agua<br \/>\n<\/h3><\/div><div class=\"fusion-clearfix\"><\/div><div class=\"content-container\">\n<p style=\"font-family: Inter; font-weight: 300;\" data-fusion-font=\"true\" data-fusion-google-font=\"Inter\" data-fusion-google-variant=\"300\"><span style=\"font-family: Inter; font-weight: 200;\" data-fusion-font=\"true\" data-fusion-google-font=\"Inter\" data-fusion-google-variant=\"200\"><span style=\"font-family: Inter; font-weight: 400;\" data-fusion-font=\"true\" data-fusion-google-font=\"Inter\" data-fusion-google-variant=\"400\">Bebederos, sistemas de galones, dispensadores<\/span><span style=\"font-family: Inter; font-weight: 400;\" data-fusion-font=\"true\" data-fusion-google-font=\"Inter\" data-fusion-google-variant=\"400\">pensar con\/sin Postmix\/l\u00edquido, <\/span><\/span><span style=\"font-family: Inter; font-weight: 400;\" data-fusion-font=\"true\" data-fusion-google-font=\"Inter\" data-fusion-google-variant=\"400\">Filtraci\u00f3n de agua, planta de \u00f3smosis<\/span><span style=\"font-family: Inter; font-weight: 400;\" data-fusion-font=\"true\" data-fusion-google-font=\"Inter\" data-fusion-google-variant=\"400\">n.<\/span><\/p>\n<\/div><\/div><\/div><div class=\"fusion-clearfix\"><\/div><\/div><\/div><\/div><div class=\"fusion-layout-column fusion_builder_column fusion-builder-column-20 fusion_builder_column_1_3 1_3 fusion-flex-column fusion-flex-align-self-flex-start\" style=\"--awb-bg-size:cover;--awb-width-large:33.333333333333%;--awb-margin-top-large:15px;--awb-spacing-right-large:5.76%;--awb-margin-bottom-large:15px;--awb-spacing-left-large:5.76%;--awb-width-medium:100%;--awb-order-medium:0;--awb-spacing-right-medium:1.92%;--awb-spacing-left-medium:1.92%;--awb-width-small:100%;--awb-order-small:0;--awb-spacing-right-small:1.92%;--awb-spacing-left-small:1.92%;\"><div class=\"fusion-column-wrapper fusion-column-has-shadow fusion-flex-justify-content-flex-start fusion-content-layout-column\"><div class=\"fusion-content-boxes content-boxes columns row fusion-columns-1 fusion-columns-total-1 fusion-content-boxes-10 content-boxes-icon-with-title content-left\" style=\"--awb-body-color:#000000;--awb-title-color:#000000;--awb-iconcolor:#0161c8;--awb-hover-accent-color:#0161c8;--awb-circle-hover-accent-color:#0161c8;--awb-item-margin-bottom:40px;\" data-animationoffset=\"top-into-view\"><div style=\"--awb-backgroundcolor:rgba(255,255,255,0);--awb-iconcolor:#0161c8;\" class=\"fusion-column content-box-column content-box-column content-box-column-1 col-lg-12 col-md-12 col-sm-12 fusion-content-box-hover content-box-column-last content-box-column-last-in-row\"><div class=\"col content-box-wrapper content-wrapper link-area-box content-icon-wrapper-yes icon-wrapper-hover-animation-pulsate\" data-animationoffset=\"top-into-view\"><div class=\"heading heading-with-icon icon-left\"><div class=\"icon\"><span style=\"height:46px;width:46px;line-height:23px;border-color:#102d69;border-width:1px;border-style:solid;background-color:#102d69;box-sizing:content-box;border-radius:50%;\"><i style=\"border-color:#ffffff;border-width:0px;background-color:#ffffff;box-sizing:content-box;height:46px;width:46px;line-height:46px;border-radius:50%;position:relative;top:auto;left:auto;margin:0;border-radius:50%;font-size:23px;\" aria-hidden=\"true\" class=\"fontawesome-icon fa-euro-sign fas circle-yes\"><\/i><\/span><\/div><h3 class=\"content-box-heading fusion-responsive-typography-calculated\" style=\"--h3_typography-font-size:28px;--fontSize:28;line-height:1.25;\">Pago y telemetr\u00eda<br \/>\n<\/h3><\/div><div class=\"fusion-clearfix\"><\/div><div class=\"content-container\">\n<p style=\"font-family: Inter; font-weight: 400;\" data-fusion-font=\"true\" data-fusion-google-font=\"Inter\" data-fusion-google-variant=\"400\">Validador de monedas, cambiador de monedas, lector de billetes, cashless, pago por m\u00f3vil, telemetr\u00eda.<\/p>\n<\/div><\/div><\/div><div class=\"fusion-clearfix\"><\/div><\/div><\/div><\/div><div class=\"fusion-layout-column fusion_builder_column fusion-builder-column-21 fusion_builder_column_1_3 1_3 fusion-flex-column fusion-flex-align-self-flex-start\" style=\"--awb-bg-size:cover;--awb-width-large:33.333333333333%;--awb-margin-top-large:15px;--awb-spacing-right-large:5.76%;--awb-margin-bottom-large:15px;--awb-spacing-left-large:5.76%;--awb-width-medium:100%;--awb-order-medium:0;--awb-spacing-right-medium:1.92%;--awb-spacing-left-medium:1.92%;--awb-width-small:100%;--awb-order-small:0;--awb-spacing-right-small:1.92%;--awb-spacing-left-small:1.92%;\"><div class=\"fusion-column-wrapper fusion-column-has-shadow fusion-flex-justify-content-flex-start fusion-content-layout-column\"><div class=\"fusion-content-boxes content-boxes columns row fusion-columns-1 fusion-columns-total-1 fusion-content-boxes-11 content-boxes-icon-with-title content-left\" style=\"--awb-body-color:#000000;--awb-title-color:#000000;--awb-iconcolor:#0161c8;--awb-hover-accent-color:#0161c8;--awb-circle-hover-accent-color:#0161c8;--awb-item-margin-bottom:40px;\" data-animationoffset=\"top-into-view\"><div style=\"--awb-backgroundcolor:rgba(255,255,255,0);--awb-iconcolor:#0161c8;\" class=\"fusion-column content-box-column content-box-column content-box-column-1 col-lg-12 col-md-12 col-sm-12 fusion-content-box-hover content-box-column-last content-box-column-last-in-row\"><div class=\"col content-box-wrapper content-wrapper link-area-box content-icon-wrapper-yes icon-wrapper-hover-animation-pulsate\" data-animationoffset=\"top-into-view\"><div class=\"heading heading-with-icon icon-left\"><div class=\"icon\"><span style=\"height:48px;width:48px;line-height:25px;border-color:#102d69;border-width:1px;border-style:solid;background-color:#ffffff;box-sizing:content-box;border-radius:50%;\"><i style=\"border-color:#ffffff;border-width:1px;background-color:#ffffff;box-sizing:content-box;height:46px;width:46px;line-height:46px;border-radius:50%;position:relative;top:auto;left:auto;margin:0;border-radius:50%;font-size:23px;\" aria-hidden=\"true\" class=\"fontawesome-icon fa-columns fas circle-yes\"><\/i><\/span><\/div><h3 class=\"content-box-heading fusion-responsive-typography-calculated\" style=\"--h3_typography-font-size:28px;--fontSize:28;line-height:1.25;\">Especial<br \/>\n<\/h3><\/div><div class=\"fusion-clearfix\"><\/div><div class=\"content-container\">\n<p style=\"font-family: Inter; font-weight: 400;\" data-fusion-font=\"true\" data-fusion-google-font=\"Inter\" data-fusion-google-variant=\"400\">Conversiones de m\u00e1quinas expendedoras, muebles, productos de limpieza, subeescaleras, cerraduras de seguridad.<\/p>\n<\/div><\/div><\/div><div class=\"fusion-clearfix\"><\/div><\/div><\/div><\/div><div class=\"fusion-layout-column fusion_builder_column fusion-builder-column-22 fusion_builder_column_1_3 1_3 fusion-flex-column fusion-flex-align-self-flex-start\" style=\"--awb-bg-size:cover;--awb-width-large:33.333333333333%;--awb-margin-top-large:15px;--awb-spacing-right-large:5.76%;--awb-margin-bottom-large:15px;--awb-spacing-left-large:5.76%;--awb-width-medium:100%;--awb-order-medium:0;--awb-spacing-right-medium:1.92%;--awb-spacing-left-medium:1.92%;--awb-width-small:100%;--awb-order-small:0;--awb-spacing-right-small:1.92%;--awb-spacing-left-small:1.92%;\"><div class=\"fusion-column-wrapper fusion-column-has-shadow fusion-flex-justify-content-flex-start fusion-content-layout-column\"><div class=\"fusion-content-boxes content-boxes columns row fusion-columns-1 fusion-columns-total-1 fusion-content-boxes-12 content-boxes-icon-with-title content-left\" style=\"--awb-body-color:#000000;--awb-title-color:#000000;--awb-iconcolor:#0161c8;--awb-hover-accent-color:#0161c8;--awb-circle-hover-accent-color:#0161c8;--awb-item-margin-bottom:40px;\" data-animationoffset=\"top-into-view\"><div style=\"--awb-backgroundcolor:rgba(255,255,255,0);--awb-iconcolor:#0161c8;\" class=\"fusion-column content-box-column content-box-column content-box-column-1 col-lg-12 col-md-12 col-sm-12 fusion-content-box-hover content-box-column-last content-box-column-last-in-row\"><div class=\"col content-box-wrapper content-wrapper link-area-box content-icon-wrapper-yes icon-wrapper-hover-animation-pulsate\" data-animationoffset=\"top-into-view\"><div class=\"heading heading-with-icon icon-left\"><div class=\"icon\"><span style=\"height:48px;width:48px;line-height:25px;border-color:#102d69;border-width:1px;border-style:solid;background-color:#ffffff;box-sizing:content-box;border-radius:50%;\"><i style=\"border-color:#ffffff;border-width:1px;background-color:#ffffff;box-sizing:content-box;height:46px;width:46px;line-height:46px;border-radius:50%;position:relative;top:auto;left:auto;margin:0;border-radius:50%;font-size:23px;\" aria-hidden=\"true\" class=\"fontawesome-icon fa-dot-circle fas circle-yes\"><\/i><\/span><\/div><h3 class=\"content-box-heading fusion-responsive-typography-calculated\" style=\"--h3_typography-font-size:28px;--fontSize:28;line-height:1.25;\">Tazas<br \/>\n<\/h3><\/div><div class=\"fusion-clearfix\"><\/div><div class=\"content-container\">\n<p style=\"font-family: Inter; font-weight: 400;\" data-fusion-font=\"true\" data-fusion-google-font=\"Inter\" data-fusion-google-variant=\"400\">Vasos calientes\/fr\u00edos de PP, papel, desechables, reutilizables, tapas, bandejas, soluciones sostenibles.<\/p>\n<\/div><\/div><\/div><div class=\"fusion-clearfix\"><\/div><\/div><\/div><\/div><\/div><\/div><div class=\"fusion-fullwidth fullwidth-box fusion-builder-row-9 fusion-flex-container nonhundred-percent-fullwidth non-hundred-percent-height-scrolling\" style=\"--awb-border-color:#cccbd1;--awb-border-radius-top-left:0px;--awb-border-radius-top-right:0px;--awb-border-radius-bottom-right:0px;--awb-border-radius-bottom-left:0px;--awb-padding-top:0px;--awb-padding-bottom:17px;--awb-margin-top:0px;--awb-margin-bottom:36px;--awb-background-color:#e2e1e8;--awb-flex-wrap:wrap;\" ><div class=\"fusion-builder-row fusion-row fusion-flex-align-items-flex-start fusion-flex-content-wrap\" style=\"max-width:1064.96px;margin-left: calc(-4% \/ 2 );margin-right: calc(-4% \/ 2 );\"><div class=\"fusion-layout-column fusion_builder_column fusion-builder-column-23 fusion_builder_column_1_2 1_2 fusion-flex-column\" style=\"--awb-bg-blend:overlay;--awb-bg-size:cover;--awb-width-large:50%;--awb-margin-top-large:28px;--awb-spacing-right-large:3.84%;--awb-margin-bottom-large:15px;--awb-spacing-left-large:3.84%;--awb-width-medium:100%;--awb-spacing-right-medium:1.92%;--awb-spacing-left-medium:1.92%;--awb-width-small:100%;--awb-spacing-right-small:1.92%;--awb-spacing-left-small:1.92%;\"><div class=\"fusion-column-wrapper fusion-flex-justify-content-flex-start fusion-content-layout-column\"><div class=\"fusion-image-element\" style=\"--awb-bottom-shadow-color:rgba(140,149,163,0.4);--awb-margin-top:40px;--awb-caption-title-font-family:var(--h2_typography-font-family);--awb-caption-title-font-weight:var(--h2_typography-font-weight);--awb-caption-title-font-style:var(--h2_typography-font-style);--awb-caption-title-size:var(--h2_typography-font-size);--awb-caption-title-transform:var(--h2_typography-text-transform);--awb-caption-title-line-height:var(--h2_typography-line-height);--awb-caption-title-letter-spacing:var(--h2_typography-letter-spacing);\"><div class=\"awb-image-frame awb-image-frame-3 awb-bottomshadow\" style=\"max-width:2000px;display:inline-block;\"><span class=\"fusion-imageframe imageframe-bottomshadow imageframe-3 hover-type-zoomout\"><img decoding=\"async\" width=\"1980\" height=\"1036\" alt=\"Vendtra\" title=\"Vendtra\" src=\"https:\/\/www.vendtra.com\/wp-content\/uploads\/2026\/04\/D_Europa.jpg\" class=\"img-responsive wp-image-7822\" srcset=\"https:\/\/www.vendtra.com\/wp-content\/uploads\/2026\/04\/D_Europa-200x105.jpg 200w, https:\/\/www.vendtra.com\/wp-content\/uploads\/2026\/04\/D_Europa-400x209.jpg 400w, https:\/\/www.vendtra.com\/wp-content\/uploads\/2026\/04\/D_Europa-600x314.jpg 600w, https:\/\/www.vendtra.com\/wp-content\/uploads\/2026\/04\/D_Europa-800x419.jpg 800w, https:\/\/www.vendtra.com\/wp-content\/uploads\/2026\/04\/D_Europa-1200x628.jpg 1200w, https:\/\/www.vendtra.com\/wp-content\/uploads\/2026\/04\/D_Europa.jpg 1980w\" sizes=\"(max-width: 1024px) 100vw, (max-width: 640px) 100vw, 600px\" \/><\/span><svg xmlns=\"http:\/\/www.w3.org\/2000\/svg\" version=\"1.1\" width=\"100%\" viewbox=\"0 0 600 28\" preserveaspectratio=\"none\"><g clip-path=\"url(#a)\"><mask id=\"b\" style=\"mask-type:luminance\" maskunits=\"userSpaceOnUse\" x=\"0\" y=\"0\" width=\"600\" height=\"28\"><path d=\"M0 0h600v28H0V0Z\" fill=\"#fff\"\/><\/mask><g filter=\"url(#c)\" mask=\"url(#b)\"><path d=\"M16.439-18.667h567.123v30.8S438.961-8.4 300-8.4C161.04-8.4 16.438 12.133 16.438 12.133v-30.8Z\" fill=\"#000\"\/><\/g><\/g><defs><clippath id=\"a\"><path fill=\"#fff\" d=\"M0 0h600v28H0z\"\/><\/clippath><filter id=\"c\" x=\"5.438\" y=\"-29.667\" width=\"589.123\" height=\"52.8\" filterunits=\"userSpaceOnUse\" color-interpolation-filters=\"sRGB\"><feflood flood-opacity=\"0\" result=\"BackgroundImageFix\"\/><feblend in=\"SourceGraphic\" in2=\"BackgroundImageFix\" result=\"shape\"\/><fegaussianblur stddeviation=\"5.5\" result=\"effect1_foregroundBlur_3983_183\"\/><\/filter><\/defs><\/svg><\/div><\/div><\/div><\/div><div class=\"fusion-layout-column fusion_builder_column fusion-builder-column-24 fusion_builder_column_1_2 1_2 fusion-flex-column\" style=\"--awb-bg-blend:overlay;--awb-bg-size:cover;--awb-width-large:50%;--awb-margin-top-large:45px;--awb-spacing-right-large:3.84%;--awb-margin-bottom-large:15px;--awb-spacing-left-large:3.84%;--awb-width-medium:100%;--awb-spacing-right-medium:1.92%;--awb-spacing-left-medium:1.92%;--awb-width-small:100%;--awb-spacing-right-small:1.92%;--awb-spacing-left-small:1.92%;\"><div class=\"fusion-column-wrapper fusion-flex-justify-content-flex-start fusion-content-layout-column\"><div class=\"fusion-text fusion-text-9\"><h2 class=\"fusion-responsive-typography-calculated\" style=\"--fontsize: 40; line-height: 1.2; --fontSize: 40;\" data-fontsize=\"40\" data-lineheight=\"47.999996px\"><span style=\"color: #000000;\"><span style=\"font-family: Inter; font-weight: 200;\" data-fusion-font=\"true\" data-fusion-google-font=\"Inter\" data-fusion-google-variant=\"200\">ALEMANIA<\/span><br \/>\n<\/span><\/h2>\n<p><span style=\"color: #000000;\"><span style=\"color: #000000;\"><span style=\"font-size: 16px; line-height: 40px; font-family: Inter; font-weight: 400;\" data-fusion-font=\"true\" data-fusion-google-font=\"Inter\" data-fusion-google-variant=\"400\">Una vez al a\u00f1o, todos los responsables de la toma de decisiones se re\u00fanen en Vendtra, la feria de la industria de la venta autom\u00e1tica y del caf\u00e9 en Alemania. El foco principal son los productos, la tecnolog\u00eda y las innovaciones para el negocio principal en Alemania. Vendtra se considera un bar\u00f3metro de tendencias para sus pa\u00edses vecinos y para el norte y este de Europa.<\/span><\/span><\/span><span style=\"font-family: Inter; font-size: 16px; letter-spacing: var(--awb-letter-spacing); text-align: var(--awb-content-alignment); text-transform: var(--awb-text-transform); font-weight: 400; line-height: 40px;\" data-fusion-font=\"true\" data-fusion-google-font=\"Inter\" data-fusion-google-variant=\"400\">.<\/span><\/p>\n<\/div><\/div><\/div><\/div><\/div><div class=\"fusion-fullwidth fullwidth-box fusion-builder-row-10 fusion-flex-container nonhundred-percent-fullwidth non-hundred-percent-height-scrolling\" style=\"--awb-border-radius-top-left:0px;--awb-border-radius-top-right:0px;--awb-border-radius-bottom-right:0px;--awb-border-radius-bottom-left:0px;--awb-padding-top:17px;--awb-margin-top:0px;--awb-flex-wrap:wrap;\" ><div class=\"fusion-builder-row fusion-row fusion-flex-align-items-flex-start fusion-flex-content-wrap\" style=\"max-width:1064.96px;margin-left: calc(-4% \/ 2 );margin-right: calc(-4% \/ 2 );\"><div class=\"fusion-layout-column fusion_builder_column fusion-builder-column-25 fusion_builder_column_1_1 1_1 fusion-flex-column\" style=\"--awb-bg-size:cover;--awb-width-large:100%;--awb-margin-top-large:15px;--awb-spacing-right-large:1.92%;--awb-margin-bottom-large:15px;--awb-spacing-left-large:1.92%;--awb-width-medium:100%;--awb-order-medium:0;--awb-spacing-right-medium:1.92%;--awb-spacing-left-medium:1.92%;--awb-width-small:100%;--awb-order-small:0;--awb-spacing-right-small:1.92%;--awb-spacing-left-small:1.92%;\"><div class=\"fusion-column-wrapper fusion-column-has-shadow fusion-flex-justify-content-flex-start fusion-content-layout-column\"><div class=\"fusion-flip-boxes flip-boxes row fusion-columns-3 flip-effect-3d equal-heights\" style=\"--awb-flip-duration:1.0s;--awb-margin-top:16px;--awb-margin-bottom:16px;\"><div class=\"fusion-flip-box-wrapper fusion-column col-lg-4 col-md-4 col-sm-4\"><div class=\"fusion-flip-box flip-right\" tabindex=\"0\"><div class=\"flip-box-inner-wrapper\"><div class=\"flip-box-front\" style=\"--awb-icon-color:#ffffff;--awb-border-color:rgba(0,0,0,0);--awb-border-size:0px;--awb-border-radius:6px;--awb-background-color-front:#002b70;--awb-title-front-color:#ffffff;--awb-text-front-color:#ffffff;\"><div class=\"flip-box-front-inner\"><div class=\"flip-box-grafix flip-box-no-circle\"><i aria-hidden=\"true\" class=\"fa-adjust fas\"><\/i><\/div><h2 class=\"flip-box-heading\">Alemania<\/h2>Cifras clave<\/div><\/div><div class=\"flip-box-back\" style=\"--awb-icon-color:#ffffff;--awb-border-color:rgba(0,0,0,0);--awb-border-size:0px;--awb-border-radius:6px;--awb-background-color-back:#002b70;--awb-title-back-color:#ffffff;--awb-text-back-color:rgba(255,255,255,0.8);\"><div class=\"flip-box-back-inner\">\n<p><em><strong>+ 610.000 m\u00e1quinas expendedoras<\/strong><\/em><br \/>\n<em><strong>3.140 millones de euros de facturaci\u00f3n total<\/strong><\/em><br \/>\n<em><strong>13 millones de productos vendidos al d\u00eda<\/strong><\/em><\/p>\n<\/div><\/div><\/div><\/div><\/div><div class=\"fusion-flip-box-wrapper fusion-column col-lg-4 col-md-4 col-sm-4\"><div class=\"fusion-flip-box flip-up\" tabindex=\"0\"><div class=\"flip-box-inner-wrapper\"><div class=\"flip-box-front\" style=\"--awb-icon-color:#ffffff;--awb-border-color:rgba(0,0,0,0);--awb-border-size:0px;--awb-border-radius:6px;--awb-background-color-front:#0052af;--awb-title-front-color:#ffffff;--awb-text-front-color:#ffffff;\"><div class=\"flip-box-front-inner\"><div class=\"flip-box-grafix flip-box-no-circle\"><i aria-hidden=\"true\" class=\"fa-chart-pie fas\"><\/i><\/div><h2 class=\"flip-box-heading\">Europa<\/h2>Cifras clave<\/div><\/div><div class=\"flip-box-back\" style=\"--awb-icon-color:#ffffff;--awb-border-color:rgba(0,0,0,0);--awb-border-size:0px;--awb-border-radius:6px;--awb-background-color-back:#0052af;--awb-title-back-color:#ffffff;--awb-text-back-color:rgba(255,255,255,0.8);\"><div class=\"flip-box-back-inner\">\n<p><em><strong>+ 4 millones de m\u00e1quinas expendedoras<\/strong><\/em><br \/>\n<em><strong>11.800 millones de euros de facturaci\u00f3n<\/strong><\/em><br \/>\n<em><strong>78 millones de productos vendidos al d\u00eda<\/strong><\/em><\/p>\n<\/div><\/div><\/div><\/div><\/div><div class=\"fusion-flip-box-wrapper fusion-column col-lg-4 col-md-4 col-sm-4\"><div class=\"fusion-flip-box flip-down\" tabindex=\"0\"><div class=\"flip-box-inner-wrapper\"><div class=\"flip-box-front\" style=\"--awb-icon-color:#ffffff;--awb-border-color:#e09900;--awb-border-size:0px;--awb-border-radius:6px;--awb-background-color-front:#0277d1;--awb-title-front-color:#ffffff;--awb-text-front-color:#ffffff;\"><div class=\"flip-box-front-inner\"><div class=\"flip-box-grafix flip-box-no-circle\"><i aria-hidden=\"true\" class=\"fa-chart-line fas\"><\/i><\/div><h2 class=\"flip-box-heading\">Mundo<\/h2>Tendencias<\/div><\/div><div class=\"flip-box-back\" style=\"--awb-icon-color:#ffffff;--awb-border-color:#e09900;--awb-border-size:0px;--awb-border-radius:6px;--awb-background-color-back:#0277d1;--awb-title-back-color:#ffffff;--awb-text-back-color:#ffffff;\"><div class=\"flip-box-back-inner\">\n<p><em><strong>M\u00e1quinas expendedoras al aire libre, 24 horas al d\u00eda, 7 d\u00edas a la semana<br \/>\nCashmaker-Products<br \/>\nPago\/Telemetr\u00eda<\/strong><\/em><\/p>\n<\/div><\/div><\/div><\/div><\/div><\/div><\/div><\/div><\/div><\/div><div class=\"fusion-fullwidth fullwidth-box fusion-builder-row-11 fusion-flex-container nonhundred-percent-fullwidth non-hundred-percent-height-scrolling\" style=\"--link_hover_color: #0161c8;--link_color: #0161c8;--awb-border-color:#0161c8;--awb-border-radius-top-left:0px;--awb-border-radius-top-right:0px;--awb-border-radius-bottom-right:0px;--awb-border-radius-bottom-left:0px;--awb-margin-bottom:0px;--awb-background-color:#003d93;--awb-flex-wrap:wrap;\" ><div class=\"fusion-builder-row fusion-row fusion-flex-align-items-flex-start fusion-flex-content-wrap\" style=\"max-width:1064.96px;margin-left: calc(-4% \/ 2 );margin-right: calc(-4% \/ 2 );\"><div class=\"fusion-layout-column fusion_builder_column fusion-builder-column-26 fusion_builder_column_1_1 1_1 fusion-flex-column\" style=\"--awb-bg-size:cover;--awb-width-large:100%;--awb-margin-top-large:15px;--awb-spacing-right-large:1.92%;--awb-margin-bottom-large:15px;--awb-spacing-left-large:1.92%;--awb-width-medium:100%;--awb-order-medium:0;--awb-spacing-right-medium:1.92%;--awb-spacing-left-medium:1.92%;--awb-width-small:100%;--awb-order-small:0;--awb-spacing-right-small:1.92%;--awb-spacing-left-small:1.92%;\"><div class=\"fusion-column-wrapper fusion-column-has-shadow fusion-flex-justify-content-flex-start fusion-content-layout-column\"><div class=\"fusion-countdown fusion-countdown-1 fusion-countdown-floated fusion-countdown-label-text_flow fusion-countdown-has-heading\" style=\"--awb-counter-box-color:#ffffff;--awb-counter-text-color:#003d93;--awb-label-color:#000000;--awb-subheading-font-size:22;--awb-background:#003d93;--awb-counter-border-size:0;\"><div class=\"fusion-countdown-wrapper\"><div class=\"fusion-countdown-heading-wrapper\"><div class=\"fusion-countdown-subheading\">PR\u00d3XIMOS GEMELOS VENDTRA<\/div><div class=\"fusion-countdown-heading\">CUENTA ATR\u00c1S PARA LA FERIA 2025<\/div><\/div><div class=\"fusion-countdown-counter-wrapper\" id=\"fusion-countdown-1\" data-gmt-offset=\"2\" data-timer=\"2026-09-16-10-00-00\" data-omit-weeks=\"0\"><div class=\"fusion-dash-wrapper\"><div class=\"fusion-dash fusion-dash-weeks\"><div class=\"fusion-digit-wrapper\"><div class=\"fusion-hundred-digit fusion-digit\">0<\/div><div class=\"fusion-digit\">0<\/div><div class=\"fusion-digit\">0<\/div><\/div><div class=\"fusion-dash-title\">Semanas<\/div><\/div><\/div><div class=\"fusion-dash-wrapper\"><div class=\"fusion-dash fusion-dash-days\"><div class=\"fusion-digit-wrapper\"><div class=\"fusion-thousand-digit fusion-digit\">0<\/div><div class=\"fusion-hundred-digit fusion-digit\">0<\/div><div class=\"fusion-digit\">0<\/div><div class=\"fusion-digit\">0<\/div><\/div><div class=\"fusion-dash-title\">D\u00edas<\/div><\/div><\/div><div class=\"fusion-dash-wrapper\"><div class=\"fusion-dash fusion-dash-hours\"><div class=\"fusion-digit-wrapper\"><div class=\"fusion-digit\">0<\/div><div class=\"fusion-digit\">0<\/div><\/div><div class=\"fusion-dash-title\">Hrs<\/div><\/div><\/div><div class=\"fusion-dash-wrapper\"><div class=\"fusion-dash fusion-dash-minutes\"><div class=\"fusion-digit-wrapper\"><div class=\"fusion-digit\">0<\/div><div class=\"fusion-digit\">0<\/div><\/div><div class=\"fusion-dash-title\">Min<\/div><\/div><\/div><div class=\"fusion-dash-wrapper\"><div class=\"fusion-dash fusion-dash-seconds\"><div class=\"fusion-digit-wrapper\"><div class=\"fusion-digit\">0<\/div><div class=\"fusion-digit\">0<\/div><\/div><div class=\"fusion-dash-title\">Sec<\/div><\/div><\/div><\/div><\/div><\/div><\/div><\/div><\/div><\/div><div class=\"fusion-fullwidth fullwidth-box fusion-builder-row-12 nonhundred-percent-fullwidth non-hundred-percent-height-scrolling\" style=\"--awb-background-position:left top;--awb-border-sizes-top:0px;--awb-border-sizes-bottom:0px;--awb-border-sizes-left:0px;--awb-border-sizes-right:0px;--awb-border-radius-top-left:0px;--awb-border-radius-top-right:0px;--awb-border-radius-bottom-right:0px;--awb-border-radius-bottom-left:0px;--awb-padding-top:35px;--awb-padding-bottom:41px;--awb-margin-top:0px;--awb-margin-bottom:32px;--awb-flex-wrap:wrap;\" ><div class=\"fusion-builder-row fusion-row\"><div class=\"fusion-layout-column fusion_builder_column fusion-builder-column-27 fusion_builder_column_1_1 1_1 fusion-one-full fusion-column-first fusion-column-last\" style=\"--awb-bg-blend:overlay;--awb-bg-size:cover;\"><div class=\"fusion-column-wrapper fusion-flex-column-wrapper-legacy\"><div class=\"fusion-text fusion-text-10\"><h2 style=\"text-align: center; font-size: 46.006px; line-height: 1.17; color: rgb(0, 0, 0); --fontsize: 46.006; font-family: Inter; font-weight: 200; --fontSize: 46.006001;\" data-fontsize=\"46.006001\" data-lineheight=\"53.827019px\" data-inline-fontsize=\"46.006px\" data-inline-lineheight=\"53.674px\" data-fusion-font=\"true\" data-fusion-google-font=\"Inter\" data-fusion-google-variant=\"200\" class=\"fusion-responsive-typography-calculated\">PARTNER INDUSTRIE<\/h2>\n<\/div><div class=\"fusion-text fusion-text-11\"><p style=\"text-align: center;\"><span style=\"color: #000000;\"><span style=\"font-size: 20px; font-family: Inter; font-weight: 400;\" data-fusion-font=\"true\" data-fusion-google-font=\"Inter\" data-fusion-google-variant=\"400\">Industria fabricante <\/span><\/span><span style=\"font-family: Inter; font-size: 20px; letter-spacing: var(--awb-letter-spacing); text-transform: var(--awb-text-transform); background-color: var(--awb-bg-color-hover); font-weight: 400;\" data-fusion-font=\"true\" data-fusion-google-font=\"Inter\" data-fusion-google-variant=\"400\">Conf\u00eda en Vendtra (Extracto 2020-2025). Porque Vendtra funciona s\u00f3lidamente.<\/span><\/p>\n<\/div><div class=\"fusion-image-carousel fusion-image-carousel-fixed fusion-image-carousel-1 fusion-carousel-border\"><div class=\"awb-carousel awb-swiper awb-swiper-carousel awb-carousel--carousel awb-swiper-dots-position-bottom\" data-layout=\"carousel\" data-autoplay=\"yes\" data-autoplayspeed=\"2500\" data-autoplaypause=\"no\" data-loop=\"yes\" data-columns=\"3\" data-columnsmedium=\"1\" data-columnssmall=\"1\" data-itemmargin=\"0\" data-itemwidth=\"180\" data-touchscroll=\"no\" data-freemode=\"no\" data-imagesize=\"fixed\" data-scrollitems=\"0\" data-centeredslides=\"no\" data-rotationangle=\"50\" data-depth=\"100\" data-speed=\"500\" data-shadow=\"no\" data-pagination=\"bullets\" style=\"--awb-columns:3;--awb-column-spacing:0px;--awb-border-width:1px;--awb-border-color:#e9eaee;\"><div class=\"swiper-wrapper awb-image-carousel-wrapper fusion-flex-align-items-center\"><div class=\"swiper-slide\"><div class=\"fusion-carousel-item-wrapper\"><div class=\"fusion-image-wrapper hover-type-none\"><a href=\"https:\/\/www.sielaff.de\/\" target=\"_blank\" rel=\"noopener noreferrer\"><img decoding=\"async\" width=\"315\" height=\"295\" src=\"https:\/\/www.vendtra.com\/wp-content\/uploads\/2019\/11\/sielaff-at-vendtra-315x295.png\" class=\"attachment-portfolio-two size-portfolio-two\" alt=\"sielaff Vendtra Vending Trade Festival Deutschland\" \/><\/a><\/div><\/div><\/div><div class=\"swiper-slide\"><div class=\"fusion-carousel-item-wrapper\"><div class=\"fusion-image-wrapper hover-type-none\"><a href=\"https:\/\/www.beverich-europe.com\/\" target=\"_blank\" rel=\"noopener noreferrer\"><img decoding=\"async\" width=\"300\" height=\"197\" src=\"https:\/\/www.vendtra.com\/wp-content\/uploads\/2024\/01\/Beverich2.png\" class=\"attachment-portfolio-two size-portfolio-two\" alt=\"Beverich, Vendtra, Vending Trade Festival Germany, Vendtra Deutschland, Vendingmesse Deutschland, Kaffeemesse Deutschland, Vending, Automaten, Automatenmesse Deutschland, Vending Show, Vendingshow, Vendingshow Germany, Coffeeshow, Coffeeshow Germany, Vending Report, Coffee Capital\" srcset=\"https:\/\/www.vendtra.com\/wp-content\/uploads\/2024\/01\/Beverich2-200x131.png 200w, https:\/\/www.vendtra.com\/wp-content\/uploads\/2024\/01\/Beverich2.png 300w\" sizes=\"(min-width: 2200px) 100vw, (min-width: 774px) 341px, (min-width: 707px) 512px, (min-width: 640px) 707px, \" \/><\/a><\/div><\/div><\/div><div class=\"swiper-slide\"><div class=\"fusion-carousel-item-wrapper\"><div class=\"fusion-image-wrapper hover-type-none\"><a href=\"https:\/\/www.scstec.de\/\" target=\"_blank\" rel=\"noopener noreferrer\"><img decoding=\"async\" width=\"315\" height=\"295\" src=\"https:\/\/www.vendtra.com\/wp-content\/uploads\/2019\/10\/scs-tec-315x295.png\" class=\"attachment-portfolio-two size-portfolio-two\" alt=\"scs-tec Vendtra Vending Trade Festival Deutschland\" \/><\/a><\/div><\/div><\/div><div class=\"swiper-slide\"><div class=\"fusion-carousel-item-wrapper\"><div class=\"fusion-image-wrapper hover-type-none\"><a href=\"https:\/\/automatenland.shop\/\" target=\"_blank\" rel=\"noopener noreferrer\"><img decoding=\"async\" width=\"460\" height=\"295\" src=\"https:\/\/www.vendtra.com\/wp-content\/uploads\/2023\/09\/Automtenland-logo-460x295.png\" class=\"attachment-portfolio-two size-portfolio-two\" alt=\"Automatenland, Vendtra, Vending Trade Festival Germany, Vendtra Deutschland, Vendingmesse Deutschland, Kaffeemesse Deutschland, Vending, Automaten, Automatenmesse Deutschland, Vending Show, Vendingshow, Vendingshow Germany, Coffeeshow, Coffeeshow Germany, Vending Report, Coffee Capital\" srcset=\"https:\/\/www.vendtra.com\/wp-content\/uploads\/2023\/09\/Automtenland-logo-200x128.png 200w, https:\/\/www.vendtra.com\/wp-content\/uploads\/2023\/09\/Automtenland-logo-400x256.png 400w, https:\/\/www.vendtra.com\/wp-content\/uploads\/2023\/09\/Automtenland-logo-600x384.png 600w, https:\/\/www.vendtra.com\/wp-content\/uploads\/2023\/09\/Automtenland-logo.png 656w\" sizes=\"(min-width: 2200px) 100vw, (min-width: 774px) 341px, (min-width: 707px) 512px, (min-width: 640px) 707px, \" \/><\/a><\/div><\/div><\/div><div class=\"swiper-slide\"><div class=\"fusion-carousel-item-wrapper\"><div class=\"fusion-image-wrapper hover-type-none\"><a href=\"https:\/\/www.volkswagen-nutzfahrzeuge.de\/de\/modelle.html\" target=\"_blank\" rel=\"noopener noreferrer\"><img decoding=\"async\" width=\"460\" height=\"295\" src=\"https:\/\/www.vendtra.com\/wp-content\/uploads\/2023\/09\/VW-logo-460x295.png\" class=\"attachment-portfolio-two size-portfolio-two\" alt=\"VW, Volkswagen, Vendtra, Vending Trade Festival Germany, Vendtra Deutschland, Vendingmesse Deutschland, Kaffeemesse Deutschland, Vending, Automaten, Automatenmesse Deutschland, Vending Show, Vendingshow, Vendingshow Germany, Coffeeshow, Coffeeshow Germany, Vending Report, Coffee Capital\" srcset=\"https:\/\/www.vendtra.com\/wp-content\/uploads\/2023\/09\/VW-logo-200x128.png 200w, https:\/\/www.vendtra.com\/wp-content\/uploads\/2023\/09\/VW-logo-400x256.png 400w, https:\/\/www.vendtra.com\/wp-content\/uploads\/2023\/09\/VW-logo-600x384.png 600w, https:\/\/www.vendtra.com\/wp-content\/uploads\/2023\/09\/VW-logo.png 656w\" sizes=\"(min-width: 2200px) 100vw, (min-width: 774px) 341px, (min-width: 707px) 512px, (min-width: 640px) 707px, \" \/><\/a><\/div><\/div><\/div><div class=\"swiper-slide\"><div class=\"fusion-carousel-item-wrapper\"><div class=\"fusion-image-wrapper hover-type-none\"><a href=\"https:\/\/www.nayax.com\" target=\"_blank\" rel=\"noopener noreferrer\"><img decoding=\"async\" width=\"315\" height=\"295\" src=\"https:\/\/www.vendtra.com\/wp-content\/uploads\/2019\/11\/nayax-315x295.png\" class=\"attachment-portfolio-two size-portfolio-two\" alt=\"nayax Vendtra Vending Trade Festival Deutschland\" \/><\/a><\/div><\/div><\/div><div class=\"swiper-slide\"><div class=\"fusion-carousel-item-wrapper\"><div class=\"fusion-image-wrapper hover-type-none\"><a href=\"https:\/\/www.vending-report.com\" target=\"_blank\" rel=\"noopener noreferrer\"><img decoding=\"async\" width=\"315\" height=\"295\" src=\"https:\/\/www.vendtra.com\/wp-content\/uploads\/2021\/09\/vending-report-1-315x295.png\" class=\"attachment-portfolio-two size-portfolio-two\" alt=\"Vending Report\" \/><\/a><\/div><\/div><\/div><div class=\"swiper-slide\"><div class=\"fusion-carousel-item-wrapper\"><div class=\"fusion-image-wrapper hover-type-none\"><a href=\"https:\/\/www.gev-online.com\/\" target=\"_blank\" rel=\"noopener noreferrer\"><img decoding=\"async\" width=\"315\" height=\"295\" src=\"https:\/\/www.vendtra.com\/wp-content\/uploads\/2021\/09\/GEV-REPA-315x295.png\" class=\"attachment-portfolio-two size-portfolio-two\" alt=\"GEV-REPA\" \/><\/a><\/div><\/div><\/div><div class=\"swiper-slide\"><div class=\"fusion-carousel-item-wrapper\"><div class=\"fusion-image-wrapper hover-type-none\"><a href=\"https:\/\/necta.evocagroup.com\/de\/home\" target=\"_blank\" rel=\"noopener noreferrer\"><img decoding=\"async\" width=\"315\" height=\"295\" src=\"https:\/\/www.vendtra.com\/wp-content\/uploads\/2019\/11\/evoca-at-vendtra-315x295.png\" class=\"attachment-portfolio-two size-portfolio-two\" alt=\"evoca Vendtra Vending Trade Festival Deutschland\" \/><\/a><\/div><\/div><\/div><div class=\"swiper-slide\"><div class=\"fusion-carousel-item-wrapper\"><div class=\"fusion-image-wrapper hover-type-none\"><a href=\"https:\/\/www.brita.net\" target=\"_blank\" rel=\"noopener noreferrer\"><img decoding=\"async\" width=\"460\" height=\"295\" src=\"https:\/\/www.vendtra.com\/wp-content\/uploads\/2023\/09\/brita-logo-460x295.png\" class=\"attachment-portfolio-two size-portfolio-two\" alt=\"brita, Vendtra, Vending Trade Festival Germany, Vendtra Deutschland, Vendingmesse Deutschland, Kaffeemesse Deutschland, Vending, Automaten, Automatenmesse Deutschland, Vending Show, Vendingshow, Vendingshow Germany, Coffeeshow, Coffeeshow Germany, Vending Report, Coffee Capital\" srcset=\"https:\/\/www.vendtra.com\/wp-content\/uploads\/2023\/09\/brita-logo-200x128.png 200w, https:\/\/www.vendtra.com\/wp-content\/uploads\/2023\/09\/brita-logo-400x256.png 400w, https:\/\/www.vendtra.com\/wp-content\/uploads\/2023\/09\/brita-logo-600x384.png 600w, https:\/\/www.vendtra.com\/wp-content\/uploads\/2023\/09\/brita-logo.png 656w\" sizes=\"(min-width: 2200px) 100vw, (min-width: 774px) 341px, (min-width: 707px) 512px, (min-width: 640px) 707px, \" \/><\/a><\/div><\/div><\/div><div class=\"swiper-slide\"><div class=\"fusion-carousel-item-wrapper\"><div class=\"fusion-image-wrapper hover-type-none\"><a href=\"https:\/\/www.iveco.com\/Pages\/Iveco-brands.html\" target=\"_blank\" rel=\"noopener noreferrer\"><img decoding=\"async\" width=\"460\" height=\"295\" src=\"https:\/\/www.vendtra.com\/wp-content\/uploads\/2023\/09\/Iveco-Logo-460x295.png\" class=\"attachment-portfolio-two size-portfolio-two\" alt=\"Ivcco, Vendtra, Vending Trade Festival Germany, Vendtra Deutschland, Vendingmesse Deutschland, Kaffeemesse Deutschland, Vending, Automaten, Automatenmesse Deutschland, Vending Show, Vendingshow, Vendingshow Germany, Coffeeshow, Coffeeshow Germany, Vending Report, Coffee Capital\" srcset=\"https:\/\/www.vendtra.com\/wp-content\/uploads\/2023\/09\/Iveco-Logo-200x128.png 200w, https:\/\/www.vendtra.com\/wp-content\/uploads\/2023\/09\/Iveco-Logo-400x256.png 400w, https:\/\/www.vendtra.com\/wp-content\/uploads\/2023\/09\/Iveco-Logo-600x384.png 600w, https:\/\/www.vendtra.com\/wp-content\/uploads\/2023\/09\/Iveco-Logo.png 656w\" sizes=\"(min-width: 2200px) 100vw, (min-width: 774px) 341px, (min-width: 707px) 512px, (min-width: 640px) 707px, \" \/><\/a><\/div><\/div><\/div><div class=\"swiper-slide\"><div class=\"fusion-carousel-item-wrapper\"><div class=\"fusion-image-wrapper hover-type-none\"><a href=\"http:\/\/www.genaq.com\/\" target=\"_blank\" rel=\"noopener noreferrer\"><img decoding=\"async\" width=\"315\" height=\"295\" src=\"https:\/\/www.vendtra.com\/wp-content\/uploads\/2021\/09\/genaq-315x295.png\" class=\"attachment-portfolio-two size-portfolio-two\" alt=\"genaq\" \/><\/a><\/div><\/div><\/div><div class=\"swiper-slide\"><div class=\"fusion-carousel-item-wrapper\"><div class=\"fusion-image-wrapper hover-type-none\"><a href=\"https:\/\/grubon.de\/\" target=\"_blank\" rel=\"noopener noreferrer\"><img decoding=\"async\" width=\"315\" height=\"295\" src=\"https:\/\/www.vendtra.com\/wp-content\/uploads\/2019\/11\/Grubon-at-vendtra-315x295.png\" class=\"attachment-portfolio-two size-portfolio-two\" alt=\"Grubon Vendtra Vending Trade Festival Deutschland\" \/><\/a><\/div><\/div><\/div><div class=\"swiper-slide\"><div class=\"fusion-carousel-item-wrapper\"><div class=\"fusion-image-wrapper hover-type-none\"><a href=\"https:\/\/www.bwt-wam.com\" target=\"_blank\" rel=\"noopener noreferrer\"><img decoding=\"async\" width=\"315\" height=\"295\" src=\"https:\/\/www.vendtra.com\/wp-content\/uploads\/2019\/12\/bwt-315x295.png\" class=\"attachment-portfolio-two size-portfolio-two\" alt=\"bwt Vendtra Vending Trade Festival Deutschland\" \/><\/a><\/div><\/div><\/div><div class=\"swiper-slide\"><div class=\"fusion-carousel-item-wrapper\"><div class=\"fusion-image-wrapper hover-type-none\"><a href=\"https:\/\/world-of-vending.de\/de\/\" target=\"_blank\" rel=\"noopener noreferrer\"><img decoding=\"async\" width=\"315\" height=\"295\" src=\"https:\/\/www.vendtra.com\/wp-content\/uploads\/2019\/10\/2world-of-vending-315x295.png\" class=\"attachment-portfolio-two size-portfolio-two\" alt=\"word of vending Vendtra Vending Trade Festival Deutschland\" \/><\/a><\/div><\/div><\/div><div class=\"swiper-slide\"><div class=\"fusion-carousel-item-wrapper\"><div class=\"fusion-image-wrapper hover-type-none\"><a href=\"https:\/\/www.payter.com\/\" target=\"_blank\" rel=\"noopener noreferrer\"><img decoding=\"async\" width=\"200\" height=\"200\" src=\"https:\/\/www.vendtra.com\/wp-content\/uploads\/2021\/09\/payter.png\" class=\"attachment-portfolio-two size-portfolio-two\" alt=\"Payter\" \/><\/a><\/div><\/div><\/div><div class=\"swiper-slide\"><div class=\"fusion-carousel-item-wrapper\"><div class=\"fusion-image-wrapper hover-type-none\"><a href=\"https:\/\/www.waterlogic.de\/\" target=\"_blank\" rel=\"noopener noreferrer\"><img decoding=\"async\" width=\"315\" height=\"295\" src=\"https:\/\/www.vendtra.com\/wp-content\/uploads\/2021\/09\/waterlogic-315x295.png\" class=\"attachment-portfolio-two size-portfolio-two\" alt=\"waterlogic\" \/><\/a><\/div><\/div><\/div><div class=\"swiper-slide\"><div class=\"fusion-carousel-item-wrapper\"><div class=\"fusion-image-wrapper hover-type-none\"><a href=\"https:\/\/www.gerhardt-automaten.de\/\" target=\"_blank\" rel=\"noopener noreferrer\"><img decoding=\"async\" width=\"315\" height=\"295\" src=\"https:\/\/www.vendtra.com\/wp-content\/uploads\/2019\/11\/gerhardt-at-vendtra-315x295.png\" class=\"attachment-portfolio-two size-portfolio-two\" alt=\"gerhardt Vendtra Vending Trade Festival Deutschland\" \/><\/a><\/div><\/div><\/div><div class=\"swiper-slide\"><div class=\"fusion-carousel-item-wrapper\"><div class=\"fusion-image-wrapper hover-type-none\"><a href=\"https:\/\/www.lavazza.de\" target=\"_blank\" rel=\"noopener noreferrer\"><img decoding=\"async\" width=\"315\" height=\"295\" src=\"https:\/\/www.vendtra.com\/wp-content\/uploads\/2020\/03\/lavazza-1-315x295.png\" class=\"attachment-portfolio-two size-portfolio-two\" alt=\"lavazza vendtra\" \/><\/a><\/div><\/div><\/div><div class=\"swiper-slide\"><div class=\"fusion-carousel-item-wrapper\"><div class=\"fusion-image-wrapper hover-type-none\"><a href=\"https:\/\/www.tcnvend.com\/index.html\" target=\"_blank\" rel=\"noopener noreferrer\"><img decoding=\"async\" width=\"460\" height=\"295\" src=\"https:\/\/www.vendtra.com\/wp-content\/uploads\/2023\/09\/TCN-Logo-460x295.png\" class=\"attachment-portfolio-two size-portfolio-two\" alt=\"TCN, Vendtra, Vending Trade Festival Germany, Vendtra Deutschland, Vendingmesse Deutschland, Kaffeemesse Deutschland, Vending, Automaten, Automatenmesse Deutschland, Vending Show, Vendingshow, Vendingshow Germany, Coffeeshow, Coffeeshow Germany, Vending Report, Coffee Capital\" srcset=\"https:\/\/www.vendtra.com\/wp-content\/uploads\/2023\/09\/TCN-Logo-200x128.png 200w, https:\/\/www.vendtra.com\/wp-content\/uploads\/2023\/09\/TCN-Logo-400x256.png 400w, https:\/\/www.vendtra.com\/wp-content\/uploads\/2023\/09\/TCN-Logo-600x384.png 600w, https:\/\/www.vendtra.com\/wp-content\/uploads\/2023\/09\/TCN-Logo.png 656w\" sizes=\"(min-width: 2200px) 100vw, (min-width: 774px) 341px, (min-width: 707px) 512px, (min-width: 640px) 707px, \" \/><\/a><\/div><\/div><\/div><div class=\"swiper-slide\"><div class=\"fusion-carousel-item-wrapper\"><div class=\"fusion-image-wrapper hover-type-none\"><a href=\"https:\/\/www.ccv-deutschland.de\" target=\"_blank\" rel=\"noopener noreferrer\"><img decoding=\"async\" width=\"315\" height=\"295\" src=\"https:\/\/www.vendtra.com\/wp-content\/uploads\/2020\/01\/CCV-VENDTRA-315x295.png\" class=\"attachment-portfolio-two size-portfolio-two\" alt=\"ccv ist aussteller der vendtra\" \/><\/a><\/div><\/div><\/div><div class=\"swiper-slide\"><div class=\"fusion-carousel-item-wrapper\"><div class=\"fusion-image-wrapper hover-type-none\"><a href=\"https:\/\/tfc-germany.com\/\" target=\"_blank\" rel=\"noopener noreferrer\"><img decoding=\"async\" width=\"315\" height=\"295\" src=\"https:\/\/www.vendtra.com\/wp-content\/uploads\/2021\/09\/TFC-Logo-Final-988px-315x295.png\" class=\"attachment-portfolio-two size-portfolio-two\" alt=\"the foodvenience company\" \/><\/a><\/div><\/div><\/div><div class=\"swiper-slide\"><div class=\"fusion-carousel-item-wrapper\"><div class=\"fusion-image-wrapper hover-type-none\"><a href=\"https:\/\/www.stuewer.de\/\" target=\"_blank\" rel=\"noopener noreferrer\"><img decoding=\"async\" width=\"315\" height=\"295\" src=\"https:\/\/www.vendtra.com\/wp-content\/uploads\/2019\/11\/st\u00fcwer-at-vendtra-2020-315x295.png\" class=\"attachment-portfolio-two size-portfolio-two\" alt=\"St\u00fcwer Vendtra Vending Trade Festival Deutschland\" \/><\/a><\/div><\/div><\/div><div class=\"swiper-slide\"><div class=\"fusion-carousel-item-wrapper\"><div class=\"fusion-image-wrapper hover-type-none\"><a href=\"http:\/\/www.coffee-capital.com\/\" target=\"_blank\" rel=\"noopener noreferrer\"><img decoding=\"async\" width=\"350\" height=\"200\" src=\"https:\/\/www.vendtra.com\/wp-content\/uploads\/2021\/01\/Coffee-Capital.png\" class=\"attachment-portfolio-two size-portfolio-two\" alt=\"coffee capital Vendtra Vending Trade Festival Deutschland\" srcset=\"https:\/\/www.vendtra.com\/wp-content\/uploads\/2021\/01\/Coffee-Capital-200x114.png 200w, https:\/\/www.vendtra.com\/wp-content\/uploads\/2021\/01\/Coffee-Capital.png 350w\" sizes=\"(min-width: 2200px) 100vw, (min-width: 774px) 341px, (min-width: 707px) 512px, (min-width: 640px) 707px, \" \/><\/a><\/div><\/div><\/div><div class=\"swiper-slide\"><div class=\"fusion-carousel-item-wrapper\"><div class=\"fusion-image-wrapper hover-type-none\"><a href=\"https:\/\/www.sandenvendo.it\/de\/\" target=\"_blank\" rel=\"noopener noreferrer\"><img decoding=\"async\" width=\"315\" height=\"295\" src=\"https:\/\/www.vendtra.com\/wp-content\/uploads\/2019\/11\/sanden-at-vendtra-315x295.png\" class=\"attachment-portfolio-two size-portfolio-two\" alt=\"sanden Vendtra Vending Trade Festival Deutschland\" \/><\/a><\/div><\/div><\/div><div class=\"swiper-slide\"><div class=\"fusion-carousel-item-wrapper\"><div class=\"fusion-image-wrapper hover-type-none\"><a href=\"https:\/\/vendon.net\/\" target=\"_blank\" rel=\"noopener noreferrer\"><img decoding=\"async\" width=\"315\" height=\"295\" src=\"https:\/\/www.vendtra.com\/wp-content\/uploads\/2021\/09\/vendon-1-315x295.png\" class=\"attachment-portfolio-two size-portfolio-two\" alt=\"vendon\" \/><\/a><\/div><\/div><\/div><div class=\"swiper-slide\"><div class=\"fusion-carousel-item-wrapper\"><div class=\"fusion-image-wrapper hover-type-none\"><a href=\"https:\/\/www.feig.de\/\" target=\"_blank\" rel=\"noopener noreferrer\"><img decoding=\"async\" width=\"315\" height=\"295\" src=\"https:\/\/www.vendtra.com\/wp-content\/uploads\/2021\/09\/Feig-315x295.png\" class=\"attachment-portfolio-two size-portfolio-two\" alt=\"Feig Elektronik\" \/><\/a><\/div><\/div><\/div><div class=\"swiper-slide\"><div class=\"fusion-carousel-item-wrapper\"><div class=\"fusion-image-wrapper hover-type-none\"><a href=\"http:\/\/www.hugwi.ch\/\" target=\"_blank\" rel=\"noopener noreferrer\"><img decoding=\"async\" width=\"315\" height=\"295\" src=\"https:\/\/www.vendtra.com\/wp-content\/uploads\/2021\/09\/hug-witschi-1-315x295.png\" class=\"attachment-portfolio-two size-portfolio-two\" alt=\"hug-witschi\" \/><\/a><\/div><\/div><\/div><div class=\"swiper-slide\"><div class=\"fusion-carousel-item-wrapper\"><div class=\"fusion-image-wrapper hover-type-none\"><a href=\"https:\/\/www.igus.de\/\" target=\"_blank\" rel=\"noopener noreferrer\"><img decoding=\"async\" width=\"315\" height=\"295\" src=\"https:\/\/www.vendtra.com\/wp-content\/uploads\/2021\/09\/igus-315x295.png\" class=\"attachment-portfolio-two size-portfolio-two\" alt=\"igus\" \/><\/a><\/div><\/div><\/div><div class=\"swiper-slide\"><div class=\"fusion-carousel-item-wrapper\"><div class=\"fusion-image-wrapper hover-type-none\"><a href=\"https:\/\/www.abcfinance.de\/\" target=\"_blank\" rel=\"noopener noreferrer\"><img decoding=\"async\" width=\"460\" height=\"295\" src=\"https:\/\/www.vendtra.com\/wp-content\/uploads\/2023\/09\/abc-logo-460x295.png\" class=\"attachment-portfolio-two size-portfolio-two\" alt=\"abc finance, Vendtra, Vending Trade Festival Germany, Vendtra Deutschland, Vendingmesse Deutschland, Kaffeemesse Deutschland, Vending, Automaten, Automatenmesse Deutschland, Vending Show, Vendingshow, Vendingshow Germany, Coffeeshow, Coffeeshow Germany, Vending Report, Coffee Capital\" srcset=\"https:\/\/www.vendtra.com\/wp-content\/uploads\/2023\/09\/abc-logo-200x128.png 200w, https:\/\/www.vendtra.com\/wp-content\/uploads\/2023\/09\/abc-logo-400x256.png 400w, https:\/\/www.vendtra.com\/wp-content\/uploads\/2023\/09\/abc-logo-600x384.png 600w, https:\/\/www.vendtra.com\/wp-content\/uploads\/2023\/09\/abc-logo.png 656w\" sizes=\"(min-width: 2200px) 100vw, (min-width: 774px) 341px, (min-width: 707px) 512px, (min-width: 640px) 707px, \" \/><\/a><\/div><\/div><\/div><div class=\"swiper-slide\"><div class=\"fusion-carousel-item-wrapper\"><div class=\"fusion-image-wrapper hover-type-none\"><a href=\"https:\/\/www.flexoco.com\/\" target=\"_blank\" rel=\"noopener noreferrer\"><img decoding=\"async\" width=\"315\" height=\"295\" src=\"https:\/\/www.vendtra.com\/wp-content\/uploads\/2021\/09\/flexoco-315x295.png\" class=\"attachment-portfolio-two size-portfolio-two\" alt=\"flexoco\" \/><\/a><\/div><\/div><\/div><div class=\"swiper-slide\"><div class=\"fusion-carousel-item-wrapper\"><div class=\"fusion-image-wrapper hover-type-none\"><a href=\"https:\/\/www.vendcult.com\/\" target=\"_blank\" rel=\"noopener noreferrer\"><img decoding=\"async\" width=\"315\" height=\"295\" src=\"https:\/\/www.vendtra.com\/wp-content\/uploads\/2021\/09\/vendcult-1-315x295.png\" class=\"attachment-portfolio-two size-portfolio-two\" alt=\"Vendcult\" \/><\/a><\/div><\/div><\/div><div class=\"swiper-slide\"><div class=\"fusion-carousel-item-wrapper\"><div class=\"fusion-image-wrapper hover-type-none\"><a href=\"https:\/\/www.sm-gmbh.de\" target=\"_blank\" rel=\"noopener noreferrer\"><img decoding=\"async\" width=\"350\" height=\"200\" src=\"https:\/\/www.vendtra.com\/wp-content\/uploads\/2021\/01\/SM.png\" class=\"attachment-portfolio-two size-portfolio-two\" alt=\"s+m Vendtra Vending Trade Festival Deutschland\" srcset=\"https:\/\/www.vendtra.com\/wp-content\/uploads\/2021\/01\/SM-200x114.png 200w, https:\/\/www.vendtra.com\/wp-content\/uploads\/2021\/01\/SM.png 350w\" sizes=\"(min-width: 2200px) 100vw, (min-width: 774px) 341px, (min-width: 707px) 512px, (min-width: 640px) 707px, \" \/><\/a><\/div><\/div><\/div><div class=\"swiper-slide\"><div class=\"fusion-carousel-item-wrapper\"><div class=\"fusion-image-wrapper hover-type-none\"><a href=\"https:\/\/www.aequator.ch\/home.html\" target=\"_blank\" rel=\"noopener noreferrer\"><img decoding=\"async\" width=\"350\" height=\"200\" src=\"https:\/\/www.vendtra.com\/wp-content\/uploads\/2021\/01\/Aequator.png\" class=\"attachment-portfolio-two size-portfolio-two\" alt=\"aequator Vendtra Vending Trade Festival Deutschland\" srcset=\"https:\/\/www.vendtra.com\/wp-content\/uploads\/2021\/01\/Aequator-200x114.png 200w, https:\/\/www.vendtra.com\/wp-content\/uploads\/2021\/01\/Aequator.png 350w\" sizes=\"(min-width: 2200px) 100vw, (min-width: 774px) 341px, (min-width: 707px) 512px, (min-width: 640px) 707px, \" \/><\/a><\/div><\/div><\/div><div class=\"swiper-slide\"><div class=\"fusion-carousel-item-wrapper\"><div class=\"fusion-image-wrapper hover-type-none\"><a href=\"https:\/\/www.ziib.de\/\" target=\"_blank\" rel=\"noopener noreferrer\"><img decoding=\"async\" width=\"315\" height=\"295\" src=\"https:\/\/www.vendtra.com\/wp-content\/uploads\/2021\/09\/ZIIB-315x295.png\" class=\"attachment-portfolio-two size-portfolio-two\" alt=\"ZIIB\" \/><\/a><\/div><\/div><\/div><div class=\"swiper-slide\"><div class=\"fusion-carousel-item-wrapper\"><div class=\"fusion-image-wrapper hover-type-none\"><a href=\"https:\/\/www.thingk.systems\/\" target=\"_blank\" rel=\"noopener noreferrer\"><img decoding=\"async\" width=\"460\" height=\"295\" src=\"https:\/\/www.vendtra.com\/wp-content\/uploads\/2023\/09\/Thingk-logo-460x295.png\" class=\"attachment-portfolio-two size-portfolio-two\" alt=\"thingk systems, Vendtra, Vending Trade Festival Germany, Vendtra Deutschland, Vendingmesse Deutschland, Kaffeemesse Deutschland, Vending, Automaten, Automatenmesse Deutschland, Vending Show, Vendingshow, Vendingshow Germany, Coffeeshow, Coffeeshow Germany, Vending Report, Coffee Capital\" srcset=\"https:\/\/www.vendtra.com\/wp-content\/uploads\/2023\/09\/Thingk-logo-200x128.png 200w, https:\/\/www.vendtra.com\/wp-content\/uploads\/2023\/09\/Thingk-logo-400x256.png 400w, https:\/\/www.vendtra.com\/wp-content\/uploads\/2023\/09\/Thingk-logo-600x384.png 600w, https:\/\/www.vendtra.com\/wp-content\/uploads\/2023\/09\/Thingk-logo.png 656w\" sizes=\"(min-width: 2200px) 100vw, (min-width: 774px) 341px, (min-width: 707px) 512px, (min-width: 640px) 707px, \" \/><\/a><\/div><\/div><\/div><div class=\"swiper-slide\"><div class=\"fusion-carousel-item-wrapper\"><div class=\"fusion-image-wrapper hover-type-none\"><a href=\"http:\/\/www.gaiser-dichtungen.de\/\" target=\"_blank\" rel=\"noopener noreferrer\"><img decoding=\"async\" width=\"315\" height=\"295\" src=\"https:\/\/www.vendtra.com\/wp-content\/uploads\/2021\/09\/Gaiser-315x295.png\" class=\"attachment-portfolio-two size-portfolio-two\" alt=\"Gaiser Dichtungen\" \/><\/a><\/div><\/div><\/div><div class=\"swiper-slide\"><div class=\"fusion-carousel-item-wrapper\"><div class=\"fusion-image-wrapper hover-type-none\"><a href=\"https:\/\/intis.eu\/en\/televend\/\" target=\"_blank\" rel=\"noopener noreferrer\"><img decoding=\"async\" width=\"315\" height=\"295\" src=\"https:\/\/www.vendtra.com\/wp-content\/uploads\/2021\/09\/televend-315x295.png\" class=\"attachment-portfolio-two size-portfolio-two\" alt=\"Televend\" \/><\/a><\/div><\/div><\/div><div class=\"swiper-slide\"><div class=\"fusion-carousel-item-wrapper\"><div class=\"fusion-image-wrapper hover-type-none\"><a href=\"https:\/\/www.akmueller.de\/\" target=\"_blank\" rel=\"noopener noreferrer\"><img decoding=\"async\" width=\"460\" height=\"295\" src=\"https:\/\/www.vendtra.com\/wp-content\/uploads\/2023\/09\/ak-mueller-logo-460x295.png\" class=\"attachment-portfolio-two size-portfolio-two\" alt=\"ak mueller, Vendtra, Vending Trade Festival Germany, Vendtra Deutschland, Vendingmesse Deutschland, Kaffeemesse Deutschland, Vending, Automaten, Automatenmesse Deutschland, Vending Show, Vendingshow, Vendingshow Germany, Coffeeshow, Coffeeshow Germany, Vending Report, Coffee Capital\" srcset=\"https:\/\/www.vendtra.com\/wp-content\/uploads\/2023\/09\/ak-mueller-logo-200x128.png 200w, https:\/\/www.vendtra.com\/wp-content\/uploads\/2023\/09\/ak-mueller-logo-400x256.png 400w, https:\/\/www.vendtra.com\/wp-content\/uploads\/2023\/09\/ak-mueller-logo-600x384.png 600w, https:\/\/www.vendtra.com\/wp-content\/uploads\/2023\/09\/ak-mueller-logo.png 656w\" sizes=\"(min-width: 2200px) 100vw, (min-width: 774px) 341px, (min-width: 707px) 512px, (min-width: 640px) 707px, \" \/><\/a><\/div><\/div><\/div><div class=\"swiper-slide\"><div class=\"fusion-carousel-item-wrapper\"><div class=\"fusion-image-wrapper hover-type-none\"><a href=\"https:\/\/www.jetinnovending.com\/\" target=\"_blank\" rel=\"noopener noreferrer\"><img decoding=\"async\" width=\"460\" height=\"295\" src=\"https:\/\/www.vendtra.com\/wp-content\/uploads\/2023\/09\/jetinno-Logo-460x295.png\" class=\"attachment-portfolio-two size-portfolio-two\" alt=\"Jetinno, Vendtra, Vending Trade Festival Germany, Vendtra Deutschland, Vendingmesse Deutschland, Kaffeemesse Deutschland, Vending, Automaten, Automatenmesse Deutschland, Vending Show, Vendingshow, Vendingshow Germany, Coffeeshow, Coffeeshow Germany, Vending Report, Coffee Capital\" srcset=\"https:\/\/www.vendtra.com\/wp-content\/uploads\/2023\/09\/jetinno-Logo-200x128.png 200w, https:\/\/www.vendtra.com\/wp-content\/uploads\/2023\/09\/jetinno-Logo-400x256.png 400w, https:\/\/www.vendtra.com\/wp-content\/uploads\/2023\/09\/jetinno-Logo-600x384.png 600w, https:\/\/www.vendtra.com\/wp-content\/uploads\/2023\/09\/jetinno-Logo.png 656w\" sizes=\"(min-width: 2200px) 100vw, (min-width: 774px) 341px, (min-width: 707px) 512px, (min-width: 640px) 707px, \" \/><\/a><\/div><\/div><\/div><div class=\"swiper-slide\"><div class=\"fusion-carousel-item-wrapper\"><div class=\"fusion-image-wrapper hover-type-none\"><a href=\"https:\/\/www.rv-servomat.de\/\" target=\"_blank\" rel=\"noopener noreferrer\"><img decoding=\"async\" width=\"315\" height=\"295\" src=\"https:\/\/www.vendtra.com\/wp-content\/uploads\/2019\/11\/rhea-servomat-315x295.png\" class=\"attachment-portfolio-two size-portfolio-two\" alt=\"rhea servomat Vendtra Vending Trade Festival Deutschland\" \/><\/a><\/div><\/div><\/div><div class=\"swiper-slide\"><div class=\"fusion-carousel-item-wrapper\"><div class=\"fusion-image-wrapper hover-type-none\"><a href=\"https:\/\/www.waterlogic.de\/\" target=\"_blank\" rel=\"noopener noreferrer\"><img decoding=\"async\" width=\"315\" height=\"295\" src=\"https:\/\/www.vendtra.com\/wp-content\/uploads\/2021\/09\/waterlogic-315x295.png\" class=\"attachment-portfolio-two size-portfolio-two\" alt=\"waterlogic\" \/><\/a><\/div><\/div><\/div><div class=\"swiper-slide\"><div class=\"fusion-carousel-item-wrapper\"><div class=\"fusion-image-wrapper hover-type-none\"><a href=\"https:\/\/www.gev-online.com\/\" target=\"_blank\" rel=\"noopener noreferrer\"><img decoding=\"async\" width=\"315\" height=\"295\" src=\"https:\/\/www.vendtra.com\/wp-content\/uploads\/2021\/09\/GEV-REPA-315x295.png\" class=\"attachment-portfolio-two size-portfolio-two\" alt=\"GEV-REPA\" \/><\/a><\/div><\/div><\/div><div class=\"swiper-slide\"><div class=\"fusion-carousel-item-wrapper\"><div class=\"fusion-image-wrapper hover-type-none\"><a href=\"https:\/\/bitedelite.com\/\" target=\"_blank\" rel=\"noopener noreferrer\"><img decoding=\"async\" width=\"460\" height=\"295\" src=\"https:\/\/www.vendtra.com\/wp-content\/uploads\/2023\/09\/bite-logo-460x295.png\" class=\"attachment-portfolio-two size-portfolio-two\" alt=\"bite delete, Vendtra, Vending Trade Festival Germany, Vendtra Deutschland, Vendingmesse Deutschland, Kaffeemesse Deutschland, Vending, Automaten, Automatenmesse Deutschland, Vending Show, Vendingshow, Vendingshow Germany, Coffeeshow, Coffeeshow Germany, Vending Report, Coffee Capital\" srcset=\"https:\/\/www.vendtra.com\/wp-content\/uploads\/2023\/09\/bite-logo-200x128.png 200w, https:\/\/www.vendtra.com\/wp-content\/uploads\/2023\/09\/bite-logo-400x256.png 400w, https:\/\/www.vendtra.com\/wp-content\/uploads\/2023\/09\/bite-logo-600x384.png 600w, https:\/\/www.vendtra.com\/wp-content\/uploads\/2023\/09\/bite-logo.png 656w\" sizes=\"(min-width: 2200px) 100vw, (min-width: 774px) 341px, (min-width: 707px) 512px, (min-width: 640px) 707px, \" \/><\/a><\/div><\/div><\/div><div class=\"swiper-slide\"><div class=\"fusion-carousel-item-wrapper\"><div class=\"fusion-image-wrapper hover-type-none\"><a href=\"https:\/\/www.flexoco.com\/\" target=\"_blank\" rel=\"noopener noreferrer\"><img decoding=\"async\" width=\"315\" height=\"295\" src=\"https:\/\/www.vendtra.com\/wp-content\/uploads\/2021\/09\/flexoco-315x295.png\" class=\"attachment-portfolio-two size-portfolio-two\" alt=\"flexoco\" \/><\/a><\/div><\/div><\/div><div class=\"swiper-slide\"><div class=\"fusion-carousel-item-wrapper\"><div class=\"fusion-image-wrapper hover-type-none\"><a href=\"https:\/\/9m2box.de\/\" target=\"_blank\" rel=\"noopener noreferrer\"><img decoding=\"async\" width=\"460\" height=\"295\" src=\"https:\/\/www.vendtra.com\/wp-content\/uploads\/2023\/09\/9m2-logo-460x295.png\" class=\"attachment-portfolio-two size-portfolio-two\" alt=\"9m2, Vendtra, Vending Trade Festival Germany, Vendtra Deutschland, Vendingmesse Deutschland, Kaffeemesse Deutschland, Vending, Automaten, Automatenmesse Deutschland, Vending Show, Vendingshow, Vendingshow Germany, Coffeeshow, Coffeeshow Germany, Vending Report, Coffee Capital\" srcset=\"https:\/\/www.vendtra.com\/wp-content\/uploads\/2023\/09\/9m2-logo-200x128.png 200w, https:\/\/www.vendtra.com\/wp-content\/uploads\/2023\/09\/9m2-logo-400x256.png 400w, https:\/\/www.vendtra.com\/wp-content\/uploads\/2023\/09\/9m2-logo-600x384.png 600w, https:\/\/www.vendtra.com\/wp-content\/uploads\/2023\/09\/9m2-logo.png 656w\" sizes=\"(min-width: 2200px) 100vw, (min-width: 774px) 341px, (min-width: 707px) 512px, (min-width: 640px) 707px, \" \/><\/a><\/div><\/div><\/div><div class=\"swiper-slide\"><div class=\"fusion-carousel-item-wrapper\"><div class=\"fusion-image-wrapper hover-type-none\"><a href=\"https:\/\/www.malunt.com\/\" target=\"_blank\" rel=\"noopener noreferrer\"><img decoding=\"async\" width=\"460\" height=\"295\" src=\"https:\/\/www.vendtra.com\/wp-content\/uploads\/2023\/09\/malunt-loto-460x295.png\" class=\"attachment-portfolio-two size-portfolio-two\" alt=\"Malunt, Vendtra, Vending Trade Festival Germany, Vendtra Deutschland, Vendingmesse Deutschland, Kaffeemesse Deutschland, Vending, Automaten, Automatenmesse Deutschland, Vending Show, Vendingshow, Vendingshow Germany, Coffeeshow, Coffeeshow Germany, Vending Report, Coffee Capital\" srcset=\"https:\/\/www.vendtra.com\/wp-content\/uploads\/2023\/09\/malunt-loto-200x128.png 200w, https:\/\/www.vendtra.com\/wp-content\/uploads\/2023\/09\/malunt-loto-400x256.png 400w, https:\/\/www.vendtra.com\/wp-content\/uploads\/2023\/09\/malunt-loto-600x384.png 600w, https:\/\/www.vendtra.com\/wp-content\/uploads\/2023\/09\/malunt-loto.png 656w\" sizes=\"(min-width: 2200px) 100vw, (min-width: 774px) 341px, (min-width: 707px) 512px, (min-width: 640px) 707px, \" \/><\/a><\/div><\/div><\/div><div class=\"swiper-slide\"><div class=\"fusion-carousel-item-wrapper\"><div class=\"fusion-image-wrapper hover-type-none\"><a href=\"https:\/\/www.agfoods.eu\/\" target=\"_blank\" rel=\"noopener noreferrer\"><img decoding=\"async\" width=\"300\" height=\"197\" src=\"https:\/\/www.vendtra.com\/wp-content\/uploads\/2023\/09\/AG-Foods.png\" class=\"attachment-portfolio-two size-portfolio-two\" alt=\"AG Foods, Vendtra, Vending Trade Festival Germany, Vendtra Deutschland, Vendingmesse Deutschland, Kaffeemesse Deutschland, Vending, Automaten, Automatenmesse Deutschland, Vending Show, Vendingshow, Vendingshow Germany, Coffeeshow, Coffeeshow Germany, Vending Report, Coffee Capital\" srcset=\"https:\/\/www.vendtra.com\/wp-content\/uploads\/2023\/09\/AG-Foods-200x131.png 200w, https:\/\/www.vendtra.com\/wp-content\/uploads\/2023\/09\/AG-Foods.png 300w\" sizes=\"(min-width: 2200px) 100vw, (min-width: 774px) 341px, (min-width: 707px) 512px, (min-width: 640px) 707px, \" \/><\/a><\/div><\/div><\/div><div class=\"swiper-slide\"><div class=\"fusion-carousel-item-wrapper\"><div class=\"fusion-image-wrapper hover-type-none\"><a href=\"https:\/\/www.biogena.com\/de-DE\/index.html\" target=\"_blank\" rel=\"noopener noreferrer\"><img decoding=\"async\" width=\"460\" height=\"295\" src=\"https:\/\/www.vendtra.com\/wp-content\/uploads\/2023\/09\/biogena-logo-460x295.png\" class=\"attachment-portfolio-two size-portfolio-two\" alt=\"biogena, Vendtra, Vending Trade Festival Germany, Vendtra Deutschland, Vendingmesse Deutschland, Kaffeemesse Deutschland, Vending, Automaten, Automatenmesse Deutschland, Vending Show, Vendingshow, Vendingshow Germany, Coffeeshow, Coffeeshow Germany, Vending Report, Coffee Capital\" srcset=\"https:\/\/www.vendtra.com\/wp-content\/uploads\/2023\/09\/biogena-logo-200x128.png 200w, https:\/\/www.vendtra.com\/wp-content\/uploads\/2023\/09\/biogena-logo-400x256.png 400w, https:\/\/www.vendtra.com\/wp-content\/uploads\/2023\/09\/biogena-logo-600x384.png 600w, https:\/\/www.vendtra.com\/wp-content\/uploads\/2023\/09\/biogena-logo.png 656w\" sizes=\"(min-width: 2200px) 100vw, (min-width: 774px) 341px, (min-width: 707px) 512px, (min-width: 640px) 707px, \" \/><\/a><\/div><\/div><\/div><div class=\"swiper-slide\"><div class=\"fusion-carousel-item-wrapper\"><div class=\"fusion-image-wrapper hover-type-none\"><a href=\" https:\/\/boostbar.ch\/de\/\" target=\"_blank\" rel=\"noopener noreferrer\"><img decoding=\"async\" width=\"460\" height=\"295\" src=\"https:\/\/www.vendtra.com\/wp-content\/uploads\/2023\/09\/boostbar-logo-460x295.png\" class=\"attachment-portfolio-two size-portfolio-two\" alt=\"bootsbar, Vendtra, Vending Trade Festival Germany, Vendtra Deutschland, Vendingmesse Deutschland, Kaffeemesse Deutschland, Vending, Automaten, Automatenmesse Deutschland, Vending Show, Vendingshow, Vendingshow Germany, Coffeeshow, Coffeeshow Germany, Vending Report, Coffee Capital\" srcset=\"https:\/\/www.vendtra.com\/wp-content\/uploads\/2023\/09\/boostbar-logo-200x128.png 200w, https:\/\/www.vendtra.com\/wp-content\/uploads\/2023\/09\/boostbar-logo-400x256.png 400w, https:\/\/www.vendtra.com\/wp-content\/uploads\/2023\/09\/boostbar-logo-600x384.png 600w, https:\/\/www.vendtra.com\/wp-content\/uploads\/2023\/09\/boostbar-logo.png 656w\" sizes=\"(min-width: 2200px) 100vw, (min-width: 774px) 341px, (min-width: 707px) 512px, (min-width: 640px) 707px, \" \/><\/a><\/div><\/div><\/div><div class=\"swiper-slide\"><div class=\"fusion-carousel-item-wrapper\"><div class=\"fusion-image-wrapper hover-type-none\"><a href=\"https:\/\/www.aquintos-wasseraufbereitung.de\/\" target=\"_blank\" rel=\"noopener noreferrer\"><img decoding=\"async\" width=\"460\" height=\"295\" src=\"https:\/\/www.vendtra.com\/wp-content\/uploads\/2023\/09\/aquintos-460x295.png\" class=\"attachment-portfolio-two size-portfolio-two\" alt=\"Aquintos, Vendtra, Vending Trade Festival Germany, Vendtra Deutschland, Vendingmesse Deutschland, Kaffeemesse Deutschland, Vending, Automaten, Automatenmesse Deutschland, Vending Show, Vendingshow, Vendingshow Germany, Coffeeshow, Coffeeshow Germany, Vending Report, Coffee Capital\" srcset=\"https:\/\/www.vendtra.com\/wp-content\/uploads\/2023\/09\/aquintos-200x128.png 200w, https:\/\/www.vendtra.com\/wp-content\/uploads\/2023\/09\/aquintos-400x256.png 400w, https:\/\/www.vendtra.com\/wp-content\/uploads\/2023\/09\/aquintos-600x384.png 600w, https:\/\/www.vendtra.com\/wp-content\/uploads\/2023\/09\/aquintos.png 656w\" sizes=\"(min-width: 2200px) 100vw, (min-width: 774px) 341px, (min-width: 707px) 512px, (min-width: 640px) 707px, \" \/><\/a><\/div><\/div><\/div><div class=\"swiper-slide\"><div class=\"fusion-carousel-item-wrapper\"><div class=\"fusion-image-wrapper hover-type-none\"><a href=\"https:\/\/www.gkb-international.com\/de-de\" target=\"_blank\" rel=\"noopener noreferrer\"><img decoding=\"async\" width=\"460\" height=\"295\" src=\"https:\/\/www.vendtra.com\/wp-content\/uploads\/2023\/09\/GKB-Logo-460x295.png\" class=\"attachment-portfolio-two size-portfolio-two\" alt=\"gkb, Vendtra, Vending Trade Festival Germany, Vendtra Deutschland, Vendingmesse Deutschland, Kaffeemesse Deutschland, Vending, Automaten, Automatenmesse Deutschland, Vending Show, Vendingshow, Vendingshow Germany, Coffeeshow, Coffeeshow Germany, Vending Report, Coffee Capital\" srcset=\"https:\/\/www.vendtra.com\/wp-content\/uploads\/2023\/09\/GKB-Logo-200x128.png 200w, https:\/\/www.vendtra.com\/wp-content\/uploads\/2023\/09\/GKB-Logo-400x256.png 400w, https:\/\/www.vendtra.com\/wp-content\/uploads\/2023\/09\/GKB-Logo-600x384.png 600w, https:\/\/www.vendtra.com\/wp-content\/uploads\/2023\/09\/GKB-Logo.png 656w\" sizes=\"(min-width: 2200px) 100vw, (min-width: 774px) 341px, (min-width: 707px) 512px, (min-width: 640px) 707px, \" \/><\/a><\/div><\/div><\/div><div class=\"swiper-slide\"><div class=\"fusion-carousel-item-wrapper\"><div class=\"fusion-image-wrapper hover-type-none\"><a href=\"https:\/\/www.aloisius-quelle.de\/\" target=\"_blank\" rel=\"noopener noreferrer\"><img decoding=\"async\" width=\"460\" height=\"295\" src=\"https:\/\/www.vendtra.com\/wp-content\/uploads\/2023\/09\/buchler-logo-460x295.png\" class=\"attachment-portfolio-two size-portfolio-two\" alt=\"bucher, Vendtra, Vending Trade Festival Germany, Vendtra Deutschland, Vendingmesse Deutschland, Kaffeemesse Deutschland, Vending, Automaten, Automatenmesse Deutschland, Vending Show, Vendingshow, Vendingshow Germany, Coffeeshow, Coffeeshow Germany, Vending Report, Coffee Capital\" srcset=\"https:\/\/www.vendtra.com\/wp-content\/uploads\/2023\/09\/buchler-logo-200x128.png 200w, https:\/\/www.vendtra.com\/wp-content\/uploads\/2023\/09\/buchler-logo-400x256.png 400w, https:\/\/www.vendtra.com\/wp-content\/uploads\/2023\/09\/buchler-logo-600x384.png 600w, https:\/\/www.vendtra.com\/wp-content\/uploads\/2023\/09\/buchler-logo.png 656w\" sizes=\"(min-width: 2200px) 100vw, (min-width: 774px) 341px, (min-width: 707px) 512px, (min-width: 640px) 707px, \" \/><\/a><\/div><\/div><\/div><div class=\"swiper-slide\"><div class=\"fusion-carousel-item-wrapper\"><div class=\"fusion-image-wrapper hover-type-none\"><a href=\"https:\/\/www.bvs.gmbh\/\" target=\"_blank\" rel=\"noopener noreferrer\"><img decoding=\"async\" width=\"460\" height=\"295\" src=\"https:\/\/www.vendtra.com\/wp-content\/uploads\/2023\/09\/bvs-logo-460x295.png\" class=\"attachment-portfolio-two size-portfolio-two\" alt=\"bvs, Vendtra, Vending Trade Festival Germany, Vendtra Deutschland, Vendingmesse Deutschland, Kaffeemesse Deutschland, Vending, Automaten, Automatenmesse Deutschland, Vending Show, Vendingshow, Vendingshow Germany, Coffeeshow, Coffeeshow Germany, Vending Report, Coffee Capital\" srcset=\"https:\/\/www.vendtra.com\/wp-content\/uploads\/2023\/09\/bvs-logo-200x128.png 200w, https:\/\/www.vendtra.com\/wp-content\/uploads\/2023\/09\/bvs-logo-400x256.png 400w, https:\/\/www.vendtra.com\/wp-content\/uploads\/2023\/09\/bvs-logo-600x384.png 600w, https:\/\/www.vendtra.com\/wp-content\/uploads\/2023\/09\/bvs-logo.png 656w\" sizes=\"(min-width: 2200px) 100vw, (min-width: 774px) 341px, (min-width: 707px) 512px, (min-width: 640px) 707px, \" \/><\/a><\/div><\/div><\/div><div class=\"swiper-slide\"><div class=\"fusion-carousel-item-wrapper\"><div class=\"fusion-image-wrapper hover-type-none\"><a href=\"https:\/\/www.coffeeannan.com\/\" target=\"_blank\" rel=\"noopener noreferrer\"><img decoding=\"async\" width=\"460\" height=\"295\" src=\"https:\/\/www.vendtra.com\/wp-content\/uploads\/2023\/09\/coffee-annan-logo-460x295.png\" class=\"attachment-portfolio-two size-portfolio-two\" alt=\"coffee Annan, Vendtra, Vending Trade Festival Germany, Vendtra Deutschland, Vendingmesse Deutschland, Kaffeemesse Deutschland, Vending, Automaten, Automatenmesse Deutschland, Vending Show, Vendingshow, Vendingshow Germany, Coffeeshow, Coffeeshow Germany, Vending Report, Coffee Capital\" srcset=\"https:\/\/www.vendtra.com\/wp-content\/uploads\/2023\/09\/coffee-annan-logo-200x128.png 200w, https:\/\/www.vendtra.com\/wp-content\/uploads\/2023\/09\/coffee-annan-logo-400x256.png 400w, https:\/\/www.vendtra.com\/wp-content\/uploads\/2023\/09\/coffee-annan-logo-600x384.png 600w, https:\/\/www.vendtra.com\/wp-content\/uploads\/2023\/09\/coffee-annan-logo.png 656w\" sizes=\"(min-width: 2200px) 100vw, (min-width: 774px) 341px, (min-width: 707px) 512px, (min-width: 640px) 707px, \" \/><\/a><\/div><\/div><\/div><div class=\"swiper-slide\"><div class=\"fusion-carousel-item-wrapper\"><div class=\"fusion-image-wrapper hover-type-none\"><a href=\"https:\/\/drink-collide.com\/\" target=\"_blank\" rel=\"noopener noreferrer\"><img decoding=\"async\" width=\"460\" height=\"295\" src=\"https:\/\/www.vendtra.com\/wp-content\/uploads\/2023\/09\/collide-logo-460x295.png\" class=\"attachment-portfolio-two size-portfolio-two\" alt=\"Collie, Vendtra, Vending Trade Festival Germany, Vendtra Deutschland, Vendingmesse Deutschland, Kaffeemesse Deutschland, Vending, Automaten, Automatenmesse Deutschland, Vending Show, Vendingshow, Vendingshow Germany, Coffeeshow, Coffeeshow Germany, Vending Report, Coffee Capital\" srcset=\"https:\/\/www.vendtra.com\/wp-content\/uploads\/2023\/09\/collide-logo-200x128.png 200w, https:\/\/www.vendtra.com\/wp-content\/uploads\/2023\/09\/collide-logo-400x256.png 400w, https:\/\/www.vendtra.com\/wp-content\/uploads\/2023\/09\/collide-logo-600x384.png 600w, https:\/\/www.vendtra.com\/wp-content\/uploads\/2023\/09\/collide-logo.png 656w\" sizes=\"(min-width: 2200px) 100vw, (min-width: 774px) 341px, (min-width: 707px) 512px, (min-width: 640px) 707px, \" \/><\/a><\/div><\/div><\/div><div class=\"swiper-slide\"><div class=\"fusion-carousel-item-wrapper\"><div class=\"fusion-image-wrapper hover-type-none\"><a href=\"https:\/\/www.colorupyourtaste.de\/\" target=\"_blank\" rel=\"noopener noreferrer\"><img decoding=\"async\" width=\"460\" height=\"295\" src=\"https:\/\/www.vendtra.com\/wp-content\/uploads\/2023\/09\/color-up-logo-460x295.png\" class=\"attachment-portfolio-two size-portfolio-two\" alt=\"Color up you cup, Vendtra, Vending Trade Festival Germany, Vendtra Deutschland, Vendingmesse Deutschland, Kaffeemesse Deutschland, Vending, Automaten, Automatenmesse Deutschland, Vending Show, Vendingshow, Vendingshow Germany, Coffeeshow, Coffeeshow Germany, Vending Report, Coffee Capital\" srcset=\"https:\/\/www.vendtra.com\/wp-content\/uploads\/2023\/09\/color-up-logo-200x128.png 200w, https:\/\/www.vendtra.com\/wp-content\/uploads\/2023\/09\/color-up-logo-400x256.png 400w, https:\/\/www.vendtra.com\/wp-content\/uploads\/2023\/09\/color-up-logo-600x384.png 600w, https:\/\/www.vendtra.com\/wp-content\/uploads\/2023\/09\/color-up-logo.png 656w\" sizes=\"(min-width: 2200px) 100vw, (min-width: 774px) 341px, (min-width: 707px) 512px, (min-width: 640px) 707px, \" \/><\/a><\/div><\/div><\/div><div class=\"swiper-slide\"><div class=\"fusion-carousel-item-wrapper\"><div class=\"fusion-image-wrapper hover-type-none\"><a href=\"https:\/\/www.cranepi.com\/en\/products\/self-service-solutions\" target=\"_blank\" rel=\"noopener noreferrer\"><img decoding=\"async\" width=\"460\" height=\"295\" src=\"https:\/\/www.vendtra.com\/wp-content\/uploads\/2023\/09\/cpi-logo-460x295.png\" class=\"attachment-portfolio-two size-portfolio-two\" alt=\"cpi, Vendtra, Vending Trade Festival Germany, Vendtra Deutschland, Vendingmesse Deutschland, Kaffeemesse Deutschland, Vending, Automaten, Automatenmesse Deutschland, Vending Show, Vendingshow, Vendingshow Germany, Coffeeshow, Coffeeshow Germany, Vending Report, Coffee Capital\" srcset=\"https:\/\/www.vendtra.com\/wp-content\/uploads\/2023\/09\/cpi-logo-200x128.png 200w, https:\/\/www.vendtra.com\/wp-content\/uploads\/2023\/09\/cpi-logo-400x256.png 400w, https:\/\/www.vendtra.com\/wp-content\/uploads\/2023\/09\/cpi-logo-600x384.png 600w, https:\/\/www.vendtra.com\/wp-content\/uploads\/2023\/09\/cpi-logo.png 656w\" sizes=\"(min-width: 2200px) 100vw, (min-width: 774px) 341px, (min-width: 707px) 512px, (min-width: 640px) 707px, \" \/><\/a><\/div><\/div><\/div><div class=\"swiper-slide\"><div class=\"fusion-carousel-item-wrapper\"><div class=\"fusion-image-wrapper hover-type-none\"><a href=\"https:\/\/www.franke.com\/de\/de\/home.html\" target=\"_blank\" rel=\"noopener noreferrer\"><img decoding=\"async\" width=\"460\" height=\"295\" src=\"https:\/\/www.vendtra.com\/wp-content\/uploads\/2023\/09\/Franke-Logo-460x295.png\" class=\"attachment-portfolio-two size-portfolio-two\" alt=\"Franke, Vendtra, Vending Trade Festival Germany, Vendtra Deutschland, Vendingmesse Deutschland, Kaffeemesse Deutschland, Vending, Automaten, Automatenmesse Deutschland, Vending Show, Vendingshow, Vendingshow Germany, Coffeeshow, Coffeeshow Germany, Vending Report, Coffee Capital\" srcset=\"https:\/\/www.vendtra.com\/wp-content\/uploads\/2023\/09\/Franke-Logo-200x128.png 200w, https:\/\/www.vendtra.com\/wp-content\/uploads\/2023\/09\/Franke-Logo-400x256.png 400w, https:\/\/www.vendtra.com\/wp-content\/uploads\/2023\/09\/Franke-Logo-600x384.png 600w, https:\/\/www.vendtra.com\/wp-content\/uploads\/2023\/09\/Franke-Logo.png 656w\" sizes=\"(min-width: 2200px) 100vw, (min-width: 774px) 341px, (min-width: 707px) 512px, (min-width: 640px) 707px, \" \/><\/a><\/div><\/div><\/div><div class=\"swiper-slide\"><div class=\"fusion-carousel-item-wrapper\"><div class=\"fusion-image-wrapper hover-type-none\"><a href=\"https:\/\/www.cranepi.com\/en\/products\/self-service-solutions\" target=\"_blank\" rel=\"noopener noreferrer\"><img decoding=\"async\" width=\"460\" height=\"295\" src=\"https:\/\/www.vendtra.com\/wp-content\/uploads\/2023\/09\/crane-logo-460x295.png\" class=\"attachment-portfolio-two size-portfolio-two\" alt=\"crane, Vendtra, Vending Trade Festival Germany, Vendtra Deutschland, Vendingmesse Deutschland, Kaffeemesse Deutschland, Vending, Automaten, Automatenmesse Deutschland, Vending Show, Vendingshow, Vendingshow Germany, Coffeeshow, Coffeeshow Germany, Vending Report, Coffee Capital\" srcset=\"https:\/\/www.vendtra.com\/wp-content\/uploads\/2023\/09\/crane-logo-200x128.png 200w, https:\/\/www.vendtra.com\/wp-content\/uploads\/2023\/09\/crane-logo-400x256.png 400w, https:\/\/www.vendtra.com\/wp-content\/uploads\/2023\/09\/crane-logo-600x384.png 600w, https:\/\/www.vendtra.com\/wp-content\/uploads\/2023\/09\/crane-logo.png 656w\" sizes=\"(min-width: 2200px) 100vw, (min-width: 774px) 341px, (min-width: 707px) 512px, (min-width: 640px) 707px, \" \/><\/a><\/div><\/div><\/div><div class=\"swiper-slide\"><div class=\"fusion-carousel-item-wrapper\"><div class=\"fusion-image-wrapper hover-type-none\"><a href=\"https:\/\/cupernican.com\/\" target=\"_blank\" rel=\"noopener noreferrer\"><img decoding=\"async\" width=\"300\" height=\"197\" src=\"https:\/\/www.vendtra.com\/wp-content\/uploads\/2023\/09\/Cupernican-Logo2.png\" class=\"attachment-portfolio-two size-portfolio-two\" alt=\"Cupernican, Vendtra, Vending Trade Festival Germany, Vendtra Deutschland, Vendingmesse Deutschland, Kaffeemesse Deutschland, Vending, Automaten, Automatenmesse Deutschland, Vending Show, Vendingshow, Vendingshow Germany, Coffeeshow, Coffeeshow Germany, Vending Report, Coffee Capital\" srcset=\"https:\/\/www.vendtra.com\/wp-content\/uploads\/2023\/09\/Cupernican-Logo2-200x131.png 200w, https:\/\/www.vendtra.com\/wp-content\/uploads\/2023\/09\/Cupernican-Logo2.png 300w\" sizes=\"(min-width: 2200px) 100vw, (min-width: 774px) 341px, (min-width: 707px) 512px, (min-width: 640px) 707px, \" \/><\/a><\/div><\/div><\/div><div class=\"swiper-slide\"><div class=\"fusion-carousel-item-wrapper\"><div class=\"fusion-image-wrapper hover-type-none\"><a href=\"https:\/\/diefrischemanufaktur.de\/\" target=\"_blank\" rel=\"noopener noreferrer\"><img decoding=\"async\" width=\"460\" height=\"295\" src=\"https:\/\/www.vendtra.com\/wp-content\/uploads\/2023\/09\/Die-Frischemanufaktur-Logo-460x295.png\" class=\"attachment-portfolio-two size-portfolio-two\" alt=\"Die Frischemanufaktur, Vendtra, Vending Trade Festival Germany, Vendtra Deutschland, Vendingmesse Deutschland, Kaffeemesse Deutschland, Vending, Automaten, Automatenmesse Deutschland, Vending Show, Vendingshow, Vendingshow Germany, Coffeeshow, Coffeeshow Germany, Vending Report, Coffee Capital\" \/><\/a><\/div><\/div><\/div><div class=\"swiper-slide\"><div class=\"fusion-carousel-item-wrapper\"><div class=\"fusion-image-wrapper hover-type-none\"><a href=\"https:\/\/www.naturalchoicewater.com\/\" target=\"_blank\" rel=\"noopener noreferrer\"><img decoding=\"async\" width=\"460\" height=\"295\" src=\"https:\/\/www.vendtra.com\/wp-content\/uploads\/2023\/09\/natural-choice-logo-460x295.png\" class=\"attachment-portfolio-two size-portfolio-two\" alt=\"Natural Choice, Vendtra, Vending Trade Festival Germany, Vendtra Deutschland, Vendingmesse Deutschland, Kaffeemesse Deutschland, Vending, Automaten, Automatenmesse Deutschland, Vending Show, Vendingshow, Vendingshow Germany, Coffeeshow, Coffeeshow Germany, Vending Report, Coffee Capital\" srcset=\"https:\/\/www.vendtra.com\/wp-content\/uploads\/2023\/09\/natural-choice-logo-200x128.png 200w, https:\/\/www.vendtra.com\/wp-content\/uploads\/2023\/09\/natural-choice-logo-400x256.png 400w, https:\/\/www.vendtra.com\/wp-content\/uploads\/2023\/09\/natural-choice-logo-600x384.png 600w, https:\/\/www.vendtra.com\/wp-content\/uploads\/2023\/09\/natural-choice-logo.png 656w\" sizes=\"(min-width: 2200px) 100vw, (min-width: 774px) 341px, (min-width: 707px) 512px, (min-width: 640px) 707px, \" \/><\/a><\/div><\/div><\/div><div class=\"swiper-slide\"><div class=\"fusion-carousel-item-wrapper\"><div class=\"fusion-image-wrapper hover-type-none\"><a href=\"https:\/\/www.truders.pl\/en\/brands\/drmilko\" target=\"_blank\" rel=\"noopener noreferrer\"><img decoding=\"async\" width=\"460\" height=\"295\" src=\"https:\/\/www.vendtra.com\/wp-content\/uploads\/2023\/09\/Dr-Milko-Logo-460x295.png\" class=\"attachment-portfolio-two size-portfolio-two\" alt=\"Dr. Milko, Vendtra, Vending Trade Festival Germany, Vendtra Deutschland, Vendingmesse Deutschland, Kaffeemesse Deutschland, Vending, Automaten, Automatenmesse Deutschland, Vending Show, Vendingshow, Vendingshow Germany, Coffeeshow, Coffeeshow Germany, Vending Report, Coffee Capital\" \/><\/a><\/div><\/div><\/div><div class=\"swiper-slide\"><div class=\"fusion-carousel-item-wrapper\"><div class=\"fusion-image-wrapper hover-type-none\"><a href=\"https:\/\/www.feelayoka.com\/\" target=\"_blank\" rel=\"noopener noreferrer\"><img decoding=\"async\" width=\"460\" height=\"295\" src=\"https:\/\/www.vendtra.com\/wp-content\/uploads\/2023\/09\/ayoka-logo-460x295.png\" class=\"attachment-portfolio-two size-portfolio-two\" alt=\"ayoka, Vendtra, Vending Trade Festival Germany, Vendtra Deutschland, Vendingmesse Deutschland, Kaffeemesse Deutschland, Vending, Automaten, Automatenmesse Deutschland, Vending Show, Vendingshow, Vendingshow Germany, Coffeeshow, Coffeeshow Germany, Vending Report, Coffee Capital\" srcset=\"https:\/\/www.vendtra.com\/wp-content\/uploads\/2023\/09\/ayoka-logo-200x128.png 200w, https:\/\/www.vendtra.com\/wp-content\/uploads\/2023\/09\/ayoka-logo-400x256.png 400w, https:\/\/www.vendtra.com\/wp-content\/uploads\/2023\/09\/ayoka-logo-600x384.png 600w, https:\/\/www.vendtra.com\/wp-content\/uploads\/2023\/09\/ayoka-logo.png 656w\" sizes=\"(min-width: 2200px) 100vw, (min-width: 774px) 341px, (min-width: 707px) 512px, (min-width: 640px) 707px, \" \/><\/a><\/div><\/div><\/div><div class=\"swiper-slide\"><div class=\"fusion-carousel-item-wrapper\"><div class=\"fusion-image-wrapper hover-type-none\"><a href=\"https:\/\/www.suwelack.de\/\" target=\"_blank\" rel=\"noopener noreferrer\"><img decoding=\"async\" width=\"460\" height=\"295\" src=\"https:\/\/www.vendtra.com\/wp-content\/uploads\/2023\/09\/dr-suwelack-logo-460x295.png\" class=\"attachment-portfolio-two size-portfolio-two\" alt=\"Dr. Suwelack, Vendtra, Vending Trade Festival Germany, Vendtra Deutschland, Vendingmesse Deutschland, Kaffeemesse Deutschland, Vending, Automaten, Automatenmesse Deutschland, Vending Show, Vendingshow, Vendingshow Germany, Coffeeshow, Coffeeshow Germany, Vending Report, Coffee Capital\" srcset=\"https:\/\/www.vendtra.com\/wp-content\/uploads\/2023\/09\/dr-suwelack-logo-200x128.png 200w, https:\/\/www.vendtra.com\/wp-content\/uploads\/2023\/09\/dr-suwelack-logo-400x256.png 400w, https:\/\/www.vendtra.com\/wp-content\/uploads\/2023\/09\/dr-suwelack-logo-600x384.png 600w, https:\/\/www.vendtra.com\/wp-content\/uploads\/2023\/09\/dr-suwelack-logo.png 656w\" sizes=\"(min-width: 2200px) 100vw, (min-width: 774px) 341px, (min-width: 707px) 512px, (min-width: 640px) 707px, \" \/><\/a><\/div><\/div><\/div><div class=\"swiper-slide\"><div class=\"fusion-carousel-item-wrapper\"><div class=\"fusion-image-wrapper hover-type-none\"><a href=\"https:\/\/www.tsi.de\/\" target=\"_blank\" rel=\"noopener noreferrer\"><img decoding=\"async\" width=\"460\" height=\"295\" src=\"https:\/\/www.vendtra.com\/wp-content\/uploads\/2023\/09\/TSI-Logo-460x295.png\" class=\"attachment-portfolio-two size-portfolio-two\" alt=\"TSI, Vendtra, Vending Trade Festival Germany, Vendtra Deutschland, Vendingmesse Deutschland, Kaffeemesse Deutschland, Vending, Automaten, Automatenmesse Deutschland, Vending Show, Vendingshow, Vendingshow Germany, Coffeeshow, Coffeeshow Germany, Vending Report, Coffee Capital\" srcset=\"https:\/\/www.vendtra.com\/wp-content\/uploads\/2023\/09\/TSI-Logo-200x128.png 200w, https:\/\/www.vendtra.com\/wp-content\/uploads\/2023\/09\/TSI-Logo-400x256.png 400w, https:\/\/www.vendtra.com\/wp-content\/uploads\/2023\/09\/TSI-Logo-600x384.png 600w, https:\/\/www.vendtra.com\/wp-content\/uploads\/2023\/09\/TSI-Logo.png 656w\" sizes=\"(min-width: 2200px) 100vw, (min-width: 774px) 341px, (min-width: 707px) 512px, (min-width: 640px) 707px, \" \/><\/a><\/div><\/div><\/div><div class=\"swiper-slide\"><div class=\"fusion-carousel-item-wrapper\"><div class=\"fusion-image-wrapper hover-type-none\"><a href=\"https:\/\/drinkotec.ch\/\" target=\"_blank\" rel=\"noopener noreferrer\"><img decoding=\"async\" width=\"300\" height=\"197\" src=\"https:\/\/www.vendtra.com\/wp-content\/uploads\/2024\/01\/drink-tec2.png\" class=\"attachment-portfolio-two size-portfolio-two\" alt=\"drinktec, Vendtra, Vending Trade Festival Germany, Vendtra Deutschland, Vendingmesse Deutschland, Kaffeemesse Deutschland, Vending, Automaten, Automatenmesse Deutschland, Vending Show, Vendingshow, Vendingshow Germany, Coffeeshow, Coffeeshow Germany, Vending Report, Coffee Capital\" srcset=\"https:\/\/www.vendtra.com\/wp-content\/uploads\/2024\/01\/drink-tec2-200x131.png 200w, https:\/\/www.vendtra.com\/wp-content\/uploads\/2024\/01\/drink-tec2.png 300w\" sizes=\"(min-width: 2200px) 100vw, (min-width: 774px) 341px, (min-width: 707px) 512px, (min-width: 640px) 707px, \" \/><\/a><\/div><\/div><\/div><div class=\"swiper-slide\"><div class=\"fusion-carousel-item-wrapper\"><div class=\"fusion-image-wrapper hover-type-none\"><a href=\"https:\/\/www.erfrischerling.de\/\" target=\"_blank\" rel=\"noopener noreferrer\"><img decoding=\"async\" width=\"460\" height=\"295\" src=\"https:\/\/www.vendtra.com\/wp-content\/uploads\/2023\/09\/Erfrischerling-Logo-460x295.png\" class=\"attachment-portfolio-two size-portfolio-two\" alt=\"Erfrischerling, Vendtra, Vending Trade Festival Germany, Vendtra Deutschland, Vendingmesse Deutschland, Kaffeemesse Deutschland, Vending, Automaten, Automatenmesse Deutschland, Vending Show, Vendingshow, Vendingshow Germany, Coffeeshow, Coffeeshow Germany, Vending Report, Coffee Capital\" srcset=\"https:\/\/www.vendtra.com\/wp-content\/uploads\/2023\/09\/Erfrischerling-Logo-200x128.png 200w, https:\/\/www.vendtra.com\/wp-content\/uploads\/2023\/09\/Erfrischerling-Logo-400x256.png 400w, https:\/\/www.vendtra.com\/wp-content\/uploads\/2023\/09\/Erfrischerling-Logo-600x384.png 600w, https:\/\/www.vendtra.com\/wp-content\/uploads\/2023\/09\/Erfrischerling-Logo.png 656w\" sizes=\"(min-width: 2200px) 100vw, (min-width: 774px) 341px, (min-width: 707px) 512px, (min-width: 640px) 707px, \" \/><\/a><\/div><\/div><\/div><div class=\"swiper-slide\"><div class=\"fusion-carousel-item-wrapper\"><div class=\"fusion-image-wrapper hover-type-none\"><a href=\"https:\/\/www.lucaffe.it\/\" target=\"_blank\" rel=\"noopener noreferrer\"><img decoding=\"async\" width=\"460\" height=\"295\" src=\"https:\/\/www.vendtra.com\/wp-content\/uploads\/2023\/09\/LuCaffe-Logo-460x295.png\" class=\"attachment-portfolio-two size-portfolio-two\" alt=\"Lucaff\u00e9, Vendtra, Vending Trade Festival Germany, Vendtra Deutschland, Vendingmesse Deutschland, Kaffeemesse Deutschland, Vending, Automaten, Automatenmesse Deutschland, Vending Show, Vendingshow, Vendingshow Germany, Coffeeshow, Coffeeshow Germany, Vending Report, Coffee Capital\" srcset=\"https:\/\/www.vendtra.com\/wp-content\/uploads\/2023\/09\/LuCaffe-Logo-200x128.png 200w, https:\/\/www.vendtra.com\/wp-content\/uploads\/2023\/09\/LuCaffe-Logo-400x256.png 400w, https:\/\/www.vendtra.com\/wp-content\/uploads\/2023\/09\/LuCaffe-Logo-600x384.png 600w, https:\/\/www.vendtra.com\/wp-content\/uploads\/2023\/09\/LuCaffe-Logo.png 656w\" sizes=\"(min-width: 2200px) 100vw, (min-width: 774px) 341px, (min-width: 707px) 512px, (min-width: 640px) 707px, \" \/><\/a><\/div><\/div><\/div><div class=\"swiper-slide\"><div class=\"fusion-carousel-item-wrapper\"><div class=\"fusion-image-wrapper hover-type-none\"><a href=\"https:\/\/derautomat.com\/\" target=\"_blank\" rel=\"noopener noreferrer\"><img decoding=\"async\" width=\"460\" height=\"295\" src=\"https:\/\/www.vendtra.com\/wp-content\/uploads\/2023\/09\/Harrer-Logo-460x295.png\" class=\"attachment-portfolio-two size-portfolio-two\" alt=\"Der Automat, Vendtra, Vending Trade Festival Germany, Vendtra Deutschland, Vendingmesse Deutschland, Kaffeemesse Deutschland, Vending, Automaten, Automatenmesse Deutschland, Vending Show, Vendingshow, Vendingshow Germany, Coffeeshow, Coffeeshow Germany, Vending Report, Coffee Capital\" srcset=\"https:\/\/www.vendtra.com\/wp-content\/uploads\/2023\/09\/Harrer-Logo-200x128.png 200w, https:\/\/www.vendtra.com\/wp-content\/uploads\/2023\/09\/Harrer-Logo-400x256.png 400w, https:\/\/www.vendtra.com\/wp-content\/uploads\/2023\/09\/Harrer-Logo-600x384.png 600w, https:\/\/www.vendtra.com\/wp-content\/uploads\/2023\/09\/Harrer-Logo.png 656w\" sizes=\"(min-width: 2200px) 100vw, (min-width: 774px) 341px, (min-width: 707px) 512px, (min-width: 640px) 707px, \" \/><\/a><\/div><\/div><\/div><div class=\"swiper-slide\"><div class=\"fusion-carousel-item-wrapper\"><div class=\"fusion-image-wrapper hover-type-none\"><a href=\"https:\/\/conomo.de\/\" target=\"_blank\" rel=\"noopener noreferrer\"><img decoding=\"async\" width=\"460\" height=\"295\" src=\"https:\/\/www.vendtra.com\/wp-content\/uploads\/2023\/09\/conomo-logo-460x295.png\" class=\"attachment-portfolio-two size-portfolio-two\" alt=\"conomo, Vendtra, Vending Trade Festival Germany, Vendtra Deutschland, Vendingmesse Deutschland, Kaffeemesse Deutschland, Vending, Automaten, Automatenmesse Deutschland, Vending Show, Vendingshow, Vendingshow Germany, Coffeeshow, Coffeeshow Germany, Vending Report, Coffee Capital\" srcset=\"https:\/\/www.vendtra.com\/wp-content\/uploads\/2023\/09\/conomo-logo-200x128.png 200w, https:\/\/www.vendtra.com\/wp-content\/uploads\/2023\/09\/conomo-logo-400x256.png 400w, https:\/\/www.vendtra.com\/wp-content\/uploads\/2023\/09\/conomo-logo-600x384.png 600w, https:\/\/www.vendtra.com\/wp-content\/uploads\/2023\/09\/conomo-logo.png 656w\" sizes=\"(min-width: 2200px) 100vw, (min-width: 774px) 341px, (min-width: 707px) 512px, (min-width: 640px) 707px, \" \/><\/a><\/div><\/div><\/div><div class=\"swiper-slide\"><div class=\"fusion-carousel-item-wrapper\"><div class=\"fusion-image-wrapper hover-type-none\"><a href=\"https:\/\/feel-food.com\/\" target=\"_blank\" rel=\"noopener noreferrer\"><img decoding=\"async\" width=\"460\" height=\"295\" src=\"https:\/\/www.vendtra.com\/wp-content\/uploads\/2023\/09\/feel-food-logo-460x295.png\" class=\"attachment-portfolio-two size-portfolio-two\" alt=\"Feel Food, Vendtra, Vending Trade Festival Germany, Vendtra Deutschland, Vendingmesse Deutschland, Kaffeemesse Deutschland, Vending, Automaten, Automatenmesse Deutschland, Vending Show, Vendingshow, Vendingshow Germany, Coffeeshow, Coffeeshow Germany, Vending Report, Coffee Capital\" srcset=\"https:\/\/www.vendtra.com\/wp-content\/uploads\/2023\/09\/feel-food-logo-200x128.png 200w, https:\/\/www.vendtra.com\/wp-content\/uploads\/2023\/09\/feel-food-logo-400x256.png 400w, https:\/\/www.vendtra.com\/wp-content\/uploads\/2023\/09\/feel-food-logo-600x384.png 600w, https:\/\/www.vendtra.com\/wp-content\/uploads\/2023\/09\/feel-food-logo.png 656w\" sizes=\"(min-width: 2200px) 100vw, (min-width: 774px) 341px, (min-width: 707px) 512px, (min-width: 640px) 707px, \" \/><\/a><\/div><\/div><\/div><div class=\"swiper-slide\"><div class=\"fusion-carousel-item-wrapper\"><div class=\"fusion-image-wrapper hover-type-none\"><a href=\"https:\/\/www.kuchenmeister.de\/\" target=\"_blank\" rel=\"noopener noreferrer\"><img decoding=\"async\" width=\"460\" height=\"295\" src=\"https:\/\/www.vendtra.com\/wp-content\/uploads\/2023\/09\/Kuchenmeister-Logo-460x295.png\" class=\"attachment-portfolio-two size-portfolio-two\" alt=\"Kuchenmeister, Vendtra, Vending Trade Festival Germany, Vendtra Deutschland, Vendingmesse Deutschland, Kaffeemesse Deutschland, Vending, Automaten, Automatenmesse Deutschland, Vending Show, Vendingshow, Vendingshow Germany, Coffeeshow, Coffeeshow Germany, Vending Report, Coffee Capital\" srcset=\"https:\/\/www.vendtra.com\/wp-content\/uploads\/2023\/09\/Kuchenmeister-Logo-200x128.png 200w, https:\/\/www.vendtra.com\/wp-content\/uploads\/2023\/09\/Kuchenmeister-Logo-400x256.png 400w, https:\/\/www.vendtra.com\/wp-content\/uploads\/2023\/09\/Kuchenmeister-Logo-600x384.png 600w, https:\/\/www.vendtra.com\/wp-content\/uploads\/2023\/09\/Kuchenmeister-Logo.png 656w\" sizes=\"(min-width: 2200px) 100vw, (min-width: 774px) 341px, (min-width: 707px) 512px, (min-width: 640px) 707px, \" \/><\/a><\/div><\/div><\/div><div class=\"swiper-slide\"><div class=\"fusion-carousel-item-wrapper\"><div class=\"fusion-image-wrapper hover-type-none\"><a href=\"https:\/\/www.flo.eu\/de\/vending\/default.aspx\" target=\"_blank\" rel=\"noopener noreferrer\"><img decoding=\"async\" width=\"460\" height=\"295\" src=\"https:\/\/www.vendtra.com\/wp-content\/uploads\/2023\/09\/Flo-Logo-460x295.png\" class=\"attachment-portfolio-two size-portfolio-two\" alt=\"Flo, Vendtra, Vending Trade Festival Germany, Vendtra Deutschland, Vendingmesse Deutschland, Kaffeemesse Deutschland, Vending, Automaten, Automatenmesse Deutschland, Vending Show, Vendingshow, Vendingshow Germany, Coffeeshow, Coffeeshow Germany, Vending Report, Coffee Capital\" srcset=\"https:\/\/www.vendtra.com\/wp-content\/uploads\/2023\/09\/Flo-Logo-200x128.png 200w, https:\/\/www.vendtra.com\/wp-content\/uploads\/2023\/09\/Flo-Logo-400x256.png 400w, https:\/\/www.vendtra.com\/wp-content\/uploads\/2023\/09\/Flo-Logo-600x384.png 600w, https:\/\/www.vendtra.com\/wp-content\/uploads\/2023\/09\/Flo-Logo.png 656w\" sizes=\"(min-width: 2200px) 100vw, (min-width: 774px) 341px, (min-width: 707px) 512px, (min-width: 640px) 707px, \" \/><\/a><\/div><\/div><\/div><div class=\"swiper-slide\"><div class=\"fusion-carousel-item-wrapper\"><div class=\"fusion-image-wrapper hover-type-none\"><a href=\"https:\/\/giboe-x.com\/\" target=\"_blank\" rel=\"noopener noreferrer\"><img decoding=\"async\" width=\"460\" height=\"295\" src=\"https:\/\/www.vendtra.com\/wp-content\/uploads\/2023\/09\/giboe-x-logo-460x295.png\" class=\"attachment-portfolio-two size-portfolio-two\" alt=\"Giboe-x, Vendtra, Vending Trade Festival Germany, Vendtra Deutschland, Vendingmesse Deutschland, Kaffeemesse Deutschland, Vending, Automaten, Automatenmesse Deutschland, Vending Show, Vendingshow, Vendingshow Germany, Coffeeshow, Coffeeshow Germany, Vending Report, Coffee Capital\" srcset=\"https:\/\/www.vendtra.com\/wp-content\/uploads\/2023\/09\/giboe-x-logo-200x128.png 200w, https:\/\/www.vendtra.com\/wp-content\/uploads\/2023\/09\/giboe-x-logo-400x256.png 400w, https:\/\/www.vendtra.com\/wp-content\/uploads\/2023\/09\/giboe-x-logo-600x384.png 600w, https:\/\/www.vendtra.com\/wp-content\/uploads\/2023\/09\/giboe-x-logo.png 656w\" sizes=\"(min-width: 2200px) 100vw, (min-width: 774px) 341px, (min-width: 707px) 512px, (min-width: 640px) 707px, \" \/><\/a><\/div><\/div><\/div><div class=\"swiper-slide\"><div class=\"fusion-carousel-item-wrapper\"><div class=\"fusion-image-wrapper hover-type-none\"><a href=\"https:\/\/www.hofmannstogo.de\/?utm_term=foodautomaten&amp;utm_camp\" target=\"_blank\" rel=\"noopener noreferrer\"><img decoding=\"async\" width=\"460\" height=\"295\" src=\"https:\/\/www.vendtra.com\/wp-content\/uploads\/2023\/09\/Hoffmans-Logo-460x295.png\" class=\"attachment-portfolio-two size-portfolio-two\" alt=\"Hofmanns, Vendtra, Vending Trade Festival Germany, Vendtra Deutschland, Vendingmesse Deutschland, Kaffeemesse Deutschland, Vending, Automaten, Automatenmesse Deutschland, Vending Show, Vendingshow, Vendingshow Germany, Coffeeshow, Coffeeshow Germany, Vending Report, Coffee Capital\" srcset=\"https:\/\/www.vendtra.com\/wp-content\/uploads\/2023\/09\/Hoffmans-Logo-200x128.png 200w, https:\/\/www.vendtra.com\/wp-content\/uploads\/2023\/09\/Hoffmans-Logo-400x256.png 400w, https:\/\/www.vendtra.com\/wp-content\/uploads\/2023\/09\/Hoffmans-Logo-600x384.png 600w, https:\/\/www.vendtra.com\/wp-content\/uploads\/2023\/09\/Hoffmans-Logo.png 656w\" sizes=\"(min-width: 2200px) 100vw, (min-width: 774px) 341px, (min-width: 707px) 512px, (min-width: 640px) 707px, \" \/><\/a><\/div><\/div><\/div><div class=\"swiper-slide\"><div class=\"fusion-carousel-item-wrapper\"><div class=\"fusion-image-wrapper hover-type-none\"><a href=\"https:\/\/www.bueroware-vending.de\/\" target=\"_blank\" rel=\"noopener noreferrer\"><img decoding=\"async\" width=\"460\" height=\"295\" src=\"https:\/\/www.vendtra.com\/wp-content\/uploads\/2023\/09\/bit-soft-logo-460x295.png\" class=\"attachment-portfolio-two size-portfolio-two\" alt=\"bit soft, Vendtra, Vending Trade Festival Germany, Vendtra Deutschland, Vendingmesse Deutschland, Kaffeemesse Deutschland, Vending, Automaten, Automatenmesse Deutschland, Vending Show, Vendingshow, Vendingshow Germany, Coffeeshow, Coffeeshow Germany, Vending Report, Coffee Capital\" srcset=\"https:\/\/www.vendtra.com\/wp-content\/uploads\/2023\/09\/bit-soft-logo-200x128.png 200w, https:\/\/www.vendtra.com\/wp-content\/uploads\/2023\/09\/bit-soft-logo-400x256.png 400w, https:\/\/www.vendtra.com\/wp-content\/uploads\/2023\/09\/bit-soft-logo-600x384.png 600w, https:\/\/www.vendtra.com\/wp-content\/uploads\/2023\/09\/bit-soft-logo.png 656w\" sizes=\"(min-width: 2200px) 100vw, (min-width: 774px) 341px, (min-width: 707px) 512px, (min-width: 640px) 707px, \" \/><\/a><\/div><\/div><\/div><div class=\"swiper-slide\"><div class=\"fusion-carousel-item-wrapper\"><div class=\"fusion-image-wrapper hover-type-none\"><a href=\"https:\/\/valvotec.de\/\" target=\"_blank\" rel=\"noopener noreferrer\"><img decoding=\"async\" width=\"460\" height=\"295\" src=\"https:\/\/www.vendtra.com\/wp-content\/uploads\/2023\/09\/valvotec-logo-460x295.png\" class=\"attachment-portfolio-two size-portfolio-two\" alt=\"Valcotec, Vendtra, Vending Trade Festival Germany, Vendtra Deutschland, Vendingmesse Deutschland, Kaffeemesse Deutschland, Vending, Automaten, Automatenmesse Deutschland, Vending Show, Vendingshow, Vendingshow Germany, Coffeeshow, Coffeeshow Germany, Vending Report, Coffee Capital\" srcset=\"https:\/\/www.vendtra.com\/wp-content\/uploads\/2023\/09\/valvotec-logo-200x128.png 200w, https:\/\/www.vendtra.com\/wp-content\/uploads\/2023\/09\/valvotec-logo-400x256.png 400w, https:\/\/www.vendtra.com\/wp-content\/uploads\/2023\/09\/valvotec-logo-600x384.png 600w, https:\/\/www.vendtra.com\/wp-content\/uploads\/2023\/09\/valvotec-logo.png 656w\" sizes=\"(min-width: 2200px) 100vw, (min-width: 774px) 341px, (min-width: 707px) 512px, (min-width: 640px) 707px, \" \/><\/a><\/div><\/div><\/div><div class=\"swiper-slide\"><div class=\"fusion-carousel-item-wrapper\"><div class=\"fusion-image-wrapper hover-type-none\"><a href=\"https:\/\/thevendingbrothers.com\/\" target=\"_blank\" rel=\"noopener noreferrer\"><img decoding=\"async\" width=\"460\" height=\"295\" src=\"https:\/\/www.vendtra.com\/wp-content\/uploads\/2023\/09\/the-vending-brothers-logo-460x295.png\" class=\"attachment-portfolio-two size-portfolio-two\" alt=\"The Vending Brothers, Vendtra, Vending Trade Festival Germany, Vendtra Deutschland, Vendingmesse Deutschland, Kaffeemesse Deutschland, Vending, Automaten, Automatenmesse Deutschland, Vending Show, Vendingshow, Vendingshow Germany, Coffeeshow, Coffeeshow Germany, Vending Report, Coffee Capital\" srcset=\"https:\/\/www.vendtra.com\/wp-content\/uploads\/2023\/09\/the-vending-brothers-logo-200x128.png 200w, https:\/\/www.vendtra.com\/wp-content\/uploads\/2023\/09\/the-vending-brothers-logo-400x256.png 400w, https:\/\/www.vendtra.com\/wp-content\/uploads\/2023\/09\/the-vending-brothers-logo-600x384.png 600w, https:\/\/www.vendtra.com\/wp-content\/uploads\/2023\/09\/the-vending-brothers-logo.png 656w\" sizes=\"(min-width: 2200px) 100vw, (min-width: 774px) 341px, (min-width: 707px) 512px, (min-width: 640px) 707px, \" \/><\/a><\/div><\/div><\/div><div class=\"swiper-slide\"><div class=\"fusion-carousel-item-wrapper\"><div class=\"fusion-image-wrapper hover-type-none\"><a href=\"https:\/\/www.kms-handel.de\/\" target=\"_blank\" rel=\"noopener noreferrer\"><img decoding=\"async\" width=\"460\" height=\"295\" src=\"https:\/\/www.vendtra.com\/wp-content\/uploads\/2023\/09\/kms-logo-460x295.png\" class=\"attachment-portfolio-two size-portfolio-two\" alt=\"KMS, Vendtra, Vending Trade Festival Germany, Vendtra Deutschland, Vendingmesse Deutschland, Kaffeemesse Deutschland, Vending, Automaten, Automatenmesse Deutschland, Vending Show, Vendingshow, Vendingshow Germany, Coffeeshow, Coffeeshow Germany, Vending Report, Coffee Capital\" srcset=\"https:\/\/www.vendtra.com\/wp-content\/uploads\/2023\/09\/kms-logo-200x128.png 200w, https:\/\/www.vendtra.com\/wp-content\/uploads\/2023\/09\/kms-logo-400x256.png 400w, https:\/\/www.vendtra.com\/wp-content\/uploads\/2023\/09\/kms-logo-600x384.png 600w, https:\/\/www.vendtra.com\/wp-content\/uploads\/2023\/09\/kms-logo.png 656w\" sizes=\"(min-width: 2200px) 100vw, (min-width: 774px) 341px, (min-width: 707px) 512px, (min-width: 640px) 707px, \" \/><\/a><\/div><\/div><\/div><div class=\"swiper-slide\"><div class=\"fusion-carousel-item-wrapper\"><div class=\"fusion-image-wrapper hover-type-none\"><a href=\"https:\/\/www.johnguest.com\/de\" target=\"_blank\" rel=\"noopener noreferrer\"><img decoding=\"async\" width=\"460\" height=\"295\" src=\"https:\/\/www.vendtra.com\/wp-content\/uploads\/2023\/09\/John-Guiestg-Logo-460x295.png\" class=\"attachment-portfolio-two size-portfolio-two\" alt=\"John Guest, Vendtra, Vending Trade Festival Germany, Vendtra Deutschland, Vendingmesse Deutschland, Kaffeemesse Deutschland, Vending, Automaten, Automatenmesse Deutschland, Vending Show, Vendingshow, Vendingshow Germany, Coffeeshow, Coffeeshow Germany, Vending Report, Coffee Capital\" srcset=\"https:\/\/www.vendtra.com\/wp-content\/uploads\/2023\/09\/John-Guiestg-Logo-200x128.png 200w, https:\/\/www.vendtra.com\/wp-content\/uploads\/2023\/09\/John-Guiestg-Logo-400x256.png 400w, https:\/\/www.vendtra.com\/wp-content\/uploads\/2023\/09\/John-Guiestg-Logo-600x384.png 600w, https:\/\/www.vendtra.com\/wp-content\/uploads\/2023\/09\/John-Guiestg-Logo.png 656w\" sizes=\"(min-width: 2200px) 100vw, (min-width: 774px) 341px, (min-width: 707px) 512px, (min-width: 640px) 707px, \" \/><\/a><\/div><\/div><\/div><div class=\"swiper-slide\"><div class=\"fusion-carousel-item-wrapper\"><div class=\"fusion-image-wrapper hover-type-none\"><a href=\"https:\/\/mucki-protein.com\/\" target=\"_blank\" rel=\"noopener noreferrer\"><img decoding=\"async\" width=\"460\" height=\"295\" src=\"https:\/\/www.vendtra.com\/wp-content\/uploads\/2023\/09\/Mucki-Logo-460x295.png\" class=\"attachment-portfolio-two size-portfolio-two\" alt=\"Mucki, Vendtra, Vending Trade Festival Germany, Vendtra Deutschland, Vendingmesse Deutschland, Kaffeemesse Deutschland, Vending, Automaten, Automatenmesse Deutschland, Vending Show, Vendingshow, Vendingshow Germany, Coffeeshow, Coffeeshow Germany, Vending Report, Coffee Capital\" srcset=\"https:\/\/www.vendtra.com\/wp-content\/uploads\/2023\/09\/Mucki-Logo-200x128.png 200w, https:\/\/www.vendtra.com\/wp-content\/uploads\/2023\/09\/Mucki-Logo-400x256.png 400w, https:\/\/www.vendtra.com\/wp-content\/uploads\/2023\/09\/Mucki-Logo-600x384.png 600w, https:\/\/www.vendtra.com\/wp-content\/uploads\/2023\/09\/Mucki-Logo.png 656w\" sizes=\"(min-width: 2200px) 100vw, (min-width: 774px) 341px, (min-width: 707px) 512px, (min-width: 640px) 707px, \" \/><\/a><\/div><\/div><\/div><div class=\"swiper-slide\"><div class=\"fusion-carousel-item-wrapper\"><div class=\"fusion-image-wrapper hover-type-none\"><a href=\"https:\/\/www.nisisrl.com\/\" target=\"_blank\" rel=\"noopener noreferrer\"><img decoding=\"async\" width=\"460\" height=\"295\" src=\"https:\/\/www.vendtra.com\/wp-content\/uploads\/2023\/09\/Nisi-Logo-460x295.png\" class=\"attachment-portfolio-two size-portfolio-two\" alt=\"Ni.Si, Vendtra, Vending Trade Festival Germany, Vendtra Deutschland, Vendingmesse Deutschland, Kaffeemesse Deutschland, Vending, Automaten, Automatenmesse Deutschland, Vending Show, Vendingshow, Vendingshow Germany, Coffeeshow, Coffeeshow Germany, Vending Report, Coffee Capital\" srcset=\"https:\/\/www.vendtra.com\/wp-content\/uploads\/2023\/09\/Nisi-Logo-200x128.png 200w, https:\/\/www.vendtra.com\/wp-content\/uploads\/2023\/09\/Nisi-Logo-400x256.png 400w, https:\/\/www.vendtra.com\/wp-content\/uploads\/2023\/09\/Nisi-Logo-600x384.png 600w, https:\/\/www.vendtra.com\/wp-content\/uploads\/2023\/09\/Nisi-Logo.png 656w\" sizes=\"(min-width: 2200px) 100vw, (min-width: 774px) 341px, (min-width: 707px) 512px, (min-width: 640px) 707px, \" \/><\/a><\/div><\/div><\/div><div class=\"swiper-slide\"><div class=\"fusion-carousel-item-wrapper\"><div class=\"fusion-image-wrapper hover-type-none\"><a href=\"https:\/\/www.jakeslemonade.de\/\" target=\"_blank\" rel=\"noopener noreferrer\"><img decoding=\"async\" width=\"460\" height=\"295\" src=\"https:\/\/www.vendtra.com\/wp-content\/uploads\/2023\/09\/Jakes-Logo-460x295.png\" class=\"attachment-portfolio-two size-portfolio-two\" alt=\"Jake\u00b4s, Vendtra, Vending Trade Festival Germany, Vendtra Deutschland, Vendingmesse Deutschland, Kaffeemesse Deutschland, Vending, Automaten, Automatenmesse Deutschland, Vending Show, Vendingshow, Vendingshow Germany, Coffeeshow, Coffeeshow Germany, Vending Report, Coffee Capital\" srcset=\"https:\/\/www.vendtra.com\/wp-content\/uploads\/2023\/09\/Jakes-Logo-200x128.png 200w, https:\/\/www.vendtra.com\/wp-content\/uploads\/2023\/09\/Jakes-Logo-400x256.png 400w, https:\/\/www.vendtra.com\/wp-content\/uploads\/2023\/09\/Jakes-Logo-600x384.png 600w, https:\/\/www.vendtra.com\/wp-content\/uploads\/2023\/09\/Jakes-Logo.png 656w\" sizes=\"(min-width: 2200px) 100vw, (min-width: 774px) 341px, (min-width: 707px) 512px, (min-width: 640px) 707px, \" \/><\/a><\/div><\/div><\/div><div class=\"swiper-slide\"><div class=\"fusion-carousel-item-wrapper\"><div class=\"fusion-image-wrapper hover-type-none\"><a href=\"https:\/\/www.nissan.de\/modelluebersicht\/nutzfahrzeuge.html\" target=\"_blank\" rel=\"noopener noreferrer\"><img decoding=\"async\" width=\"460\" height=\"295\" src=\"https:\/\/www.vendtra.com\/wp-content\/uploads\/2023\/09\/Nissan-Logo-460x295.png\" class=\"attachment-portfolio-two size-portfolio-two\" alt=\"Nissan, Vendtra, Vending Trade Festival Germany, Vendtra Deutschland, Vendingmesse Deutschland, Kaffeemesse Deutschland, Vending, Automaten, Automatenmesse Deutschland, Vending Show, Vendingshow, Vendingshow Germany, Coffeeshow, Coffeeshow Germany, Vending Report, Coffee Capital\" srcset=\"https:\/\/www.vendtra.com\/wp-content\/uploads\/2023\/09\/Nissan-Logo-200x128.png 200w, https:\/\/www.vendtra.com\/wp-content\/uploads\/2023\/09\/Nissan-Logo-400x256.png 400w, https:\/\/www.vendtra.com\/wp-content\/uploads\/2023\/09\/Nissan-Logo-600x384.png 600w, https:\/\/www.vendtra.com\/wp-content\/uploads\/2023\/09\/Nissan-Logo.png 656w\" sizes=\"(min-width: 2200px) 100vw, (min-width: 774px) 341px, (min-width: 707px) 512px, (min-width: 640px) 707px, \" \/><\/a><\/div><\/div><\/div><div class=\"swiper-slide\"><div class=\"fusion-carousel-item-wrapper\"><div class=\"fusion-image-wrapper hover-type-none\"><a href=\"http:\/\/oco-gase.de\/\" target=\"_blank\" rel=\"noopener noreferrer\"><img decoding=\"async\" width=\"460\" height=\"295\" src=\"https:\/\/www.vendtra.com\/wp-content\/uploads\/2023\/09\/Ortenauer-Gase-Logo-460x295.png\" class=\"attachment-portfolio-two size-portfolio-two\" alt=\"OCO Ortenberger Gase, Vendtra, Vending Trade Festival Germany, Vendtra Deutschland, Vendingmesse Deutschland, Kaffeemesse Deutschland, Vending, Automaten, Automatenmesse Deutschland, Vending Show, Vendingshow, Vendingshow Germany, Coffeeshow, Coffeeshow Germany, Vending Report, Coffee Capital\" srcset=\"https:\/\/www.vendtra.com\/wp-content\/uploads\/2023\/09\/Ortenauer-Gase-Logo-200x128.png 200w, https:\/\/www.vendtra.com\/wp-content\/uploads\/2023\/09\/Ortenauer-Gase-Logo-400x256.png 400w, https:\/\/www.vendtra.com\/wp-content\/uploads\/2023\/09\/Ortenauer-Gase-Logo-600x384.png 600w, https:\/\/www.vendtra.com\/wp-content\/uploads\/2023\/09\/Ortenauer-Gase-Logo.png 656w\" sizes=\"(min-width: 2200px) 100vw, (min-width: 774px) 341px, (min-width: 707px) 512px, (min-width: 640px) 707px, \" \/><\/a><\/div><\/div><\/div><div class=\"swiper-slide\"><div class=\"fusion-carousel-item-wrapper\"><div class=\"fusion-image-wrapper hover-type-none\"><a href=\"https:\/\/www.payter.com\/\" target=\"_blank\" rel=\"noopener noreferrer\"><img decoding=\"async\" width=\"460\" height=\"295\" src=\"https:\/\/www.vendtra.com\/wp-content\/uploads\/2023\/09\/Payter-Logo-460x295.png\" class=\"attachment-portfolio-two size-portfolio-two\" alt=\"payter, Vendtra, Vending Trade Festival Germany, Vendtra Deutschland, Vendingmesse Deutschland, Kaffeemesse Deutschland, Vending, Automaten, Automatenmesse Deutschland, Vending Show, Vendingshow, Vendingshow Germany, Coffeeshow, Coffeeshow Germany, Vending Report, Coffee Capital\" srcset=\"https:\/\/www.vendtra.com\/wp-content\/uploads\/2023\/09\/Payter-Logo-200x128.png 200w, https:\/\/www.vendtra.com\/wp-content\/uploads\/2023\/09\/Payter-Logo-400x256.png 400w, https:\/\/www.vendtra.com\/wp-content\/uploads\/2023\/09\/Payter-Logo-600x384.png 600w, https:\/\/www.vendtra.com\/wp-content\/uploads\/2023\/09\/Payter-Logo.png 656w\" sizes=\"(min-width: 2200px) 100vw, (min-width: 774px) 341px, (min-width: 707px) 512px, (min-width: 640px) 707px, \" \/><\/a><\/div><\/div><\/div><div class=\"swiper-slide\"><div class=\"fusion-carousel-item-wrapper\"><div class=\"fusion-image-wrapper hover-type-none\"><a href=\"https:\/\/www.utry.me\/\" target=\"_blank\" rel=\"noopener noreferrer\"><img decoding=\"async\" width=\"460\" height=\"295\" src=\"https:\/\/www.vendtra.com\/wp-content\/uploads\/2023\/09\/utry-logo-460x295.png\" class=\"attachment-portfolio-two size-portfolio-two\" alt=\"Utry, Vendtra, Vending Trade Festival Germany, Vendtra Deutschland, Vendingmesse Deutschland, Kaffeemesse Deutschland, Vending, Automaten, Automatenmesse Deutschland, Vending Show, Vendingshow, Vendingshow Germany, Coffeeshow, Coffeeshow Germany, Vending Report, Coffee Capital\" srcset=\"https:\/\/www.vendtra.com\/wp-content\/uploads\/2023\/09\/utry-logo-200x128.png 200w, https:\/\/www.vendtra.com\/wp-content\/uploads\/2023\/09\/utry-logo-400x256.png 400w, https:\/\/www.vendtra.com\/wp-content\/uploads\/2023\/09\/utry-logo-600x384.png 600w, https:\/\/www.vendtra.com\/wp-content\/uploads\/2023\/09\/utry-logo.png 656w\" sizes=\"(min-width: 2200px) 100vw, (min-width: 774px) 341px, (min-width: 707px) 512px, (min-width: 640px) 707px, \" \/><\/a><\/div><\/div><\/div><div class=\"swiper-slide\"><div class=\"fusion-carousel-item-wrapper\"><div class=\"fusion-image-wrapper hover-type-none\"><a href=\"https:\/\/www.peng-drink.de\/\" target=\"_blank\" rel=\"noopener noreferrer\"><img decoding=\"async\" width=\"460\" height=\"295\" src=\"https:\/\/www.vendtra.com\/wp-content\/uploads\/2023\/09\/peng-460x295.png\" class=\"attachment-portfolio-two size-portfolio-two\" alt=\"Peng, Vendtra, Vending Trade Festival Germany, Vendtra Deutschland, Vendingmesse Deutschland, Kaffeemesse Deutschland, Vending, Automaten, Automatenmesse Deutschland, Vending Show, Vendingshow, Vendingshow Germany, Coffeeshow, Coffeeshow Germany, Vending Report, Coffee Capital\" srcset=\"https:\/\/www.vendtra.com\/wp-content\/uploads\/2023\/09\/peng-200x128.png 200w, https:\/\/www.vendtra.com\/wp-content\/uploads\/2023\/09\/peng-400x256.png 400w, https:\/\/www.vendtra.com\/wp-content\/uploads\/2023\/09\/peng-600x384.png 600w, https:\/\/www.vendtra.com\/wp-content\/uploads\/2023\/09\/peng.png 656w\" sizes=\"(min-width: 2200px) 100vw, (min-width: 774px) 341px, (min-width: 707px) 512px, (min-width: 640px) 707px, \" \/><\/a><\/div><\/div><\/div><div class=\"swiper-slide\"><div class=\"fusion-carousel-item-wrapper\"><div class=\"fusion-image-wrapper hover-type-none\"><a href=\"https:\/\/www.pecunda.com\/\" target=\"_blank\" rel=\"noopener noreferrer\"><img decoding=\"async\" width=\"460\" height=\"295\" src=\"https:\/\/www.vendtra.com\/wp-content\/uploads\/2023\/09\/Percunda-Logo-460x295.png\" class=\"attachment-portfolio-two size-portfolio-two\" alt=\"Pecunda, Vendtra, Vending Trade Festival Germany, Vendtra Deutschland, Vendingmesse Deutschland, Kaffeemesse Deutschland, Vending, Automaten, Automatenmesse Deutschland, Vending Show, Vendingshow, Vendingshow Germany, Coffeeshow, Coffeeshow Germany, Vending Report, Coffee Capital\" srcset=\"https:\/\/www.vendtra.com\/wp-content\/uploads\/2023\/09\/Percunda-Logo-200x128.png 200w, https:\/\/www.vendtra.com\/wp-content\/uploads\/2023\/09\/Percunda-Logo-400x256.png 400w, https:\/\/www.vendtra.com\/wp-content\/uploads\/2023\/09\/Percunda-Logo-600x384.png 600w, https:\/\/www.vendtra.com\/wp-content\/uploads\/2023\/09\/Percunda-Logo.png 656w\" sizes=\"(min-width: 2200px) 100vw, (min-width: 774px) 341px, (min-width: 707px) 512px, (min-width: 640px) 707px, \" \/><\/a><\/div><\/div><\/div><div class=\"swiper-slide\"><div class=\"fusion-carousel-item-wrapper\"><div class=\"fusion-image-wrapper hover-type-none\"><a href=\"https:\/\/pwrgum.com\/\" target=\"_blank\" rel=\"noopener noreferrer\"><img decoding=\"async\" width=\"460\" height=\"295\" src=\"https:\/\/www.vendtra.com\/wp-content\/uploads\/2023\/09\/PWR-GUM-460x295.png\" class=\"attachment-portfolio-two size-portfolio-two\" alt=\"PWR GUM, Vendtra, Vending Trade Festival Germany, Vendtra Deutschland, Vendingmesse Deutschland, Kaffeemesse Deutschland, Vending, Automaten, Automatenmesse Deutschland, Vending Show, Vendingshow, Vendingshow Germany, Coffeeshow, Coffeeshow Germany, Vending Report, Coffee Capital\" srcset=\"https:\/\/www.vendtra.com\/wp-content\/uploads\/2023\/09\/PWR-GUM-200x128.png 200w, https:\/\/www.vendtra.com\/wp-content\/uploads\/2023\/09\/PWR-GUM-400x256.png 400w, https:\/\/www.vendtra.com\/wp-content\/uploads\/2023\/09\/PWR-GUM-600x384.png 600w, https:\/\/www.vendtra.com\/wp-content\/uploads\/2023\/09\/PWR-GUM.png 656w\" sizes=\"(min-width: 2200px) 100vw, (min-width: 774px) 341px, (min-width: 707px) 512px, (min-width: 640px) 707px, \" \/><\/a><\/div><\/div><\/div><div class=\"swiper-slide\"><div class=\"fusion-carousel-item-wrapper\"><div class=\"fusion-image-wrapper hover-type-none\"><a href=\"https:\/\/www.redbull.com\/de-de\/\" target=\"_blank\" rel=\"noopener noreferrer\"><img decoding=\"async\" width=\"460\" height=\"295\" src=\"https:\/\/www.vendtra.com\/wp-content\/uploads\/2023\/09\/Red-Bull-Logo-460x295.png\" class=\"attachment-portfolio-two size-portfolio-two\" alt=\"Red Bull, Vendtra, Vending Trade Festival Germany, Vendtra Deutschland, Vendingmesse Deutschland, Kaffeemesse Deutschland, Vending, Automaten, Automatenmesse Deutschland, Vending Show, Vendingshow, Vendingshow Germany, Coffeeshow, Coffeeshow Germany, Vending Report, Coffee Capital\" srcset=\"https:\/\/www.vendtra.com\/wp-content\/uploads\/2023\/09\/Red-Bull-Logo-200x128.png 200w, https:\/\/www.vendtra.com\/wp-content\/uploads\/2023\/09\/Red-Bull-Logo-400x256.png 400w, https:\/\/www.vendtra.com\/wp-content\/uploads\/2023\/09\/Red-Bull-Logo-600x384.png 600w, https:\/\/www.vendtra.com\/wp-content\/uploads\/2023\/09\/Red-Bull-Logo.png 656w\" sizes=\"(min-width: 2200px) 100vw, (min-width: 774px) 341px, (min-width: 707px) 512px, (min-width: 640px) 707px, \" \/><\/a><\/div><\/div><\/div><div class=\"swiper-slide\"><div class=\"fusion-carousel-item-wrapper\"><div class=\"fusion-image-wrapper hover-type-none\"><a href=\"https:\/\/www.schaerer-gmbh.de\/home\/\" target=\"_blank\" rel=\"noopener noreferrer\"><img decoding=\"async\" width=\"460\" height=\"295\" src=\"https:\/\/www.vendtra.com\/wp-content\/uploads\/2023\/09\/Schaerer-Logo-460x295.png\" class=\"attachment-portfolio-two size-portfolio-two\" alt=\"Schaerer, Vendtra, Vending Trade Festival Germany, Vendtra Deutschland, Vendingmesse Deutschland, Kaffeemesse Deutschland, Vending, Automaten, Automatenmesse Deutschland, Vending Show, Vendingshow, Vendingshow Germany, Coffeeshow, Coffeeshow Germany, Vending Report, Coffee Capital\" srcset=\"https:\/\/www.vendtra.com\/wp-content\/uploads\/2023\/09\/Schaerer-Logo-200x128.png 200w, https:\/\/www.vendtra.com\/wp-content\/uploads\/2023\/09\/Schaerer-Logo-400x256.png 400w, https:\/\/www.vendtra.com\/wp-content\/uploads\/2023\/09\/Schaerer-Logo-600x384.png 600w, https:\/\/www.vendtra.com\/wp-content\/uploads\/2023\/09\/Schaerer-Logo.png 656w\" sizes=\"(min-width: 2200px) 100vw, (min-width: 774px) 341px, (min-width: 707px) 512px, (min-width: 640px) 707px, \" \/><\/a><\/div><\/div><\/div><div class=\"swiper-slide\"><div class=\"fusion-carousel-item-wrapper\"><div class=\"fusion-image-wrapper hover-type-none\"><a href=\"http:\/\/www.selcup.com.tr\/\" target=\"_blank\" rel=\"noopener noreferrer\"><img decoding=\"async\" width=\"460\" height=\"295\" src=\"https:\/\/www.vendtra.com\/wp-content\/uploads\/2023\/09\/Selcup-Logo-460x295.png\" class=\"attachment-portfolio-two size-portfolio-two\" alt=\"Selcup, Vendtra, Vending Trade Festival Germany, Vendtra Deutschland, Vendingmesse Deutschland, Kaffeemesse Deutschland, Vending, Automaten, Automatenmesse Deutschland, Vending Show, Vendingshow, Vendingshow Germany, Coffeeshow, Coffeeshow Germany, Vending Report, Coffee Capital\" srcset=\"https:\/\/www.vendtra.com\/wp-content\/uploads\/2023\/09\/Selcup-Logo-200x128.png 200w, https:\/\/www.vendtra.com\/wp-content\/uploads\/2023\/09\/Selcup-Logo-400x256.png 400w, https:\/\/www.vendtra.com\/wp-content\/uploads\/2023\/09\/Selcup-Logo-600x384.png 600w, https:\/\/www.vendtra.com\/wp-content\/uploads\/2023\/09\/Selcup-Logo.png 656w\" sizes=\"(min-width: 2200px) 100vw, (min-width: 774px) 341px, (min-width: 707px) 512px, (min-width: 640px) 707px, \" \/><\/a><\/div><\/div><\/div><div class=\"swiper-slide\"><div class=\"fusion-carousel-item-wrapper\"><div class=\"fusion-image-wrapper hover-type-none\"><a href=\"https:\/\/www.selflystore.com\/\" target=\"_blank\" rel=\"noopener noreferrer\"><img decoding=\"async\" width=\"460\" height=\"295\" src=\"https:\/\/www.vendtra.com\/wp-content\/uploads\/2023\/09\/Selfly-Store-Logo-460x295.png\" class=\"attachment-portfolio-two size-portfolio-two\" alt=\"Selfly Store, Vendtra, Vending Trade Festival Germany, Vendtra Deutschland, Vendingmesse Deutschland, Kaffeemesse Deutschland, Vending, Automaten, Automatenmesse Deutschland, Vending Show, Vendingshow, Vendingshow Germany, Coffeeshow, Coffeeshow Germany, Vending Report, Coffee Capital\" srcset=\"https:\/\/www.vendtra.com\/wp-content\/uploads\/2023\/09\/Selfly-Store-Logo-200x128.png 200w, https:\/\/www.vendtra.com\/wp-content\/uploads\/2023\/09\/Selfly-Store-Logo-400x256.png 400w, https:\/\/www.vendtra.com\/wp-content\/uploads\/2023\/09\/Selfly-Store-Logo-600x384.png 600w, https:\/\/www.vendtra.com\/wp-content\/uploads\/2023\/09\/Selfly-Store-Logo.png 656w\" sizes=\"(min-width: 2200px) 100vw, (min-width: 774px) 341px, (min-width: 707px) 512px, (min-width: 640px) 707px, \" \/><\/a><\/div><\/div><\/div><div class=\"swiper-slide\"><div class=\"fusion-carousel-item-wrapper\"><div class=\"fusion-image-wrapper hover-type-none\"><a href=\"https:\/\/www.suz-elektronik.de\/\" target=\"_blank\" rel=\"noopener noreferrer\"><img decoding=\"async\" width=\"460\" height=\"295\" src=\"https:\/\/www.vendtra.com\/wp-content\/uploads\/2023\/09\/sz-elektronic-logo-460x295.png\" class=\"attachment-portfolio-two size-portfolio-two\" alt=\"s&amp;z Elektronik, Vendtra, Vending Trade Festival Germany, Vendtra Deutschland, Vendingmesse Deutschland, Kaffeemesse Deutschland, Vending, Automaten, Automatenmesse Deutschland, Vending Show, Vendingshow, Vendingshow Germany, Coffeeshow, Coffeeshow Germany, Vending Report, Coffee Capital\" srcset=\"https:\/\/www.vendtra.com\/wp-content\/uploads\/2023\/09\/sz-elektronic-logo-200x128.png 200w, https:\/\/www.vendtra.com\/wp-content\/uploads\/2023\/09\/sz-elektronic-logo-400x256.png 400w, https:\/\/www.vendtra.com\/wp-content\/uploads\/2023\/09\/sz-elektronic-logo-600x384.png 600w, https:\/\/www.vendtra.com\/wp-content\/uploads\/2023\/09\/sz-elektronic-logo.png 656w\" sizes=\"(min-width: 2200px) 100vw, (min-width: 774px) 341px, (min-width: 707px) 512px, (min-width: 640px) 707px, \" \/><\/a><\/div><\/div><\/div><div class=\"swiper-slide\"><div class=\"fusion-carousel-item-wrapper\"><div class=\"fusion-image-wrapper hover-type-none\"><a href=\"https:\/\/www.snackhelden.de\/\" target=\"_blank\" rel=\"noopener noreferrer\"><img decoding=\"async\" width=\"460\" height=\"295\" src=\"https:\/\/www.vendtra.com\/wp-content\/uploads\/2023\/09\/Snack-Helden-Logo-460x295.png\" class=\"attachment-portfolio-two size-portfolio-two\" alt=\"Snack Helden, Vendtra, Vending Trade Festival Germany, Vendtra Deutschland, Vendingmesse Deutschland, Kaffeemesse Deutschland, Vending, Automaten, Automatenmesse Deutschland, Vending Show, Vendingshow, Vendingshow Germany, Coffeeshow, Coffeeshow Germany, Vending Report, Coffee Capital\" srcset=\"https:\/\/www.vendtra.com\/wp-content\/uploads\/2023\/09\/Snack-Helden-Logo-200x128.png 200w, https:\/\/www.vendtra.com\/wp-content\/uploads\/2023\/09\/Snack-Helden-Logo-400x256.png 400w, https:\/\/www.vendtra.com\/wp-content\/uploads\/2023\/09\/Snack-Helden-Logo-600x384.png 600w, https:\/\/www.vendtra.com\/wp-content\/uploads\/2023\/09\/Snack-Helden-Logo.png 656w\" sizes=\"(min-width: 2200px) 100vw, (min-width: 774px) 341px, (min-width: 707px) 512px, (min-width: 640px) 707px, \" \/><\/a><\/div><\/div><\/div><div class=\"swiper-slide\"><div class=\"fusion-carousel-item-wrapper\"><div class=\"fusion-image-wrapper hover-type-none\"><a href=\"https:\/\/treegum.ch\/\" target=\"_blank\" rel=\"noopener noreferrer\"><img decoding=\"async\" width=\"460\" height=\"295\" src=\"https:\/\/www.vendtra.com\/wp-content\/uploads\/2023\/09\/treegum-logo-460x295.png\" class=\"attachment-portfolio-two size-portfolio-two\" alt=\"treegum, Vendtra, Vending Trade Festival Germany, Vendtra Deutschland, Vendingmesse Deutschland, Kaffeemesse Deutschland, Vending, Automaten, Automatenmesse Deutschland, Vending Show, Vendingshow, Vendingshow Germany, Coffeeshow, Coffeeshow Germany, Vending Report, Coffee Capital\" srcset=\"https:\/\/www.vendtra.com\/wp-content\/uploads\/2023\/09\/treegum-logo-200x128.png 200w, https:\/\/www.vendtra.com\/wp-content\/uploads\/2023\/09\/treegum-logo-400x256.png 400w, https:\/\/www.vendtra.com\/wp-content\/uploads\/2023\/09\/treegum-logo-600x384.png 600w, https:\/\/www.vendtra.com\/wp-content\/uploads\/2023\/09\/treegum-logo.png 656w\" sizes=\"(min-width: 2200px) 100vw, (min-width: 774px) 341px, (min-width: 707px) 512px, (min-width: 640px) 707px, \" \/><\/a><\/div><\/div><\/div><div class=\"swiper-slide\"><div class=\"fusion-carousel-item-wrapper\"><div class=\"fusion-image-wrapper hover-type-none\"><a href=\"https:\/\/www.westomatic.com\/\" target=\"_blank\" rel=\"noopener noreferrer\"><img decoding=\"async\" width=\"460\" height=\"295\" src=\"https:\/\/www.vendtra.com\/wp-content\/uploads\/2023\/09\/westomatic-logo-460x295.png\" class=\"attachment-portfolio-two size-portfolio-two\" alt=\"Westomatic, Vendtra, Vending Trade Festival Germany, Vendtra Deutschland, Vendingmesse Deutschland, Kaffeemesse Deutschland, Vending, Automaten, Automatenmesse Deutschland, Vending Show, Vendingshow, Vendingshow Germany, Coffeeshow, Coffeeshow Germany, Vending Report, Coffee Capital\" srcset=\"https:\/\/www.vendtra.com\/wp-content\/uploads\/2023\/09\/westomatic-logo-200x128.png 200w, https:\/\/www.vendtra.com\/wp-content\/uploads\/2023\/09\/westomatic-logo-400x256.png 400w, https:\/\/www.vendtra.com\/wp-content\/uploads\/2023\/09\/westomatic-logo-600x384.png 600w, https:\/\/www.vendtra.com\/wp-content\/uploads\/2023\/09\/westomatic-logo.png 656w\" sizes=\"(min-width: 2200px) 100vw, (min-width: 774px) 341px, (min-width: 707px) 512px, (min-width: 640px) 707px, \" \/><\/a><\/div><\/div><\/div><\/div><div class=\"awb-swiper-button awb-swiper-button-prev\"><i class=\"awb-icon-angle-left\" aria-hidden=\"true\"><\/i><\/div><div class=\"awb-swiper-button awb-swiper-button-next\"><i class=\"awb-icon-angle-right\" aria-hidden=\"true\"><\/i><\/div><\/div><\/div><div class=\"fusion-text fusion-text-12\"><p style=\"text-align: center; color: rgb(0, 0, 0); font-size: 20px; font-family: Inter; font-weight: 400;\" data-fusion-font=\"true\" data-fusion-google-font=\"Inter\" data-fusion-google-variant=\"400\">Y muchos m\u00e1s.<\/p>\n<\/div><div class=\"fusion-clearfix\"><\/div><\/div><\/div><\/div><\/div><div class=\"fusion-fullwidth fullwidth-box fusion-builder-row-13 nonhundred-percent-fullwidth non-hundred-percent-height-scrolling fusion-animated\" style=\"--awb-border-sizes-top:0px;--awb-border-sizes-bottom:0px;--awb-border-sizes-left:0px;--awb-border-sizes-right:0px;--awb-border-radius-top-left:0px;--awb-border-radius-top-right:0px;--awb-border-radius-bottom-right:0px;--awb-border-radius-bottom-left:0px;--awb-padding-top:0%;--awb-padding-right:21px;--awb-padding-bottom:0%;--awb-margin-top:0px;--awb-margin-bottom:30px;--awb-background-color:#e2e2e2;--awb-flex-wrap:wrap;\" data-animationtype=\"fadeInDown\" data-animationduration=\"1.0\" data-animationoffset=\"top-into-view\" ><div class=\"fusion-builder-row fusion-row\"><div class=\"fusion-layout-column fusion_builder_column fusion-builder-column-28 fusion_builder_column_1_3 1_3 fusion-one-third fusion-column-first\" style=\"--awb-bg-size:cover;width:33.333333333333%;width:calc(33.333333333333% - ( ( 4% + 4% ) * 0.33333333333333 ) );margin-right: 4%;\"><div class=\"fusion-column-wrapper fusion-column-has-shadow fusion-flex-column-wrapper-legacy\"><div class=\"fusion-text fusion-text-13\"><h3 style=\"text-align: center; color: rgb(0, 0, 0); font-family: Inter; font-weight: 200; --fontsize: 32; line-height: 1.25;\" data-fusion-font=\"true\" data-fusion-google-font=\"Inter\" data-fusion-google-variant=\"200\" data-fontsize=\"32\" data-lineheight=\"40px\">Prensa asociada<\/h3>\n<\/div><div class=\"fusion-clearfix\"><\/div><\/div><\/div><div class=\"fusion-layout-column fusion_builder_column fusion-builder-column-29 fusion_builder_column_1_3 1_3 fusion-one-third\" style=\"--awb-bg-size:cover;width:33.333333333333%;width:calc(33.333333333333% - ( ( 4% + 4% ) * 0.33333333333333 ) );margin-right: 4%;\"><div class=\"fusion-column-wrapper fusion-column-has-shadow fusion-flex-column-wrapper-legacy\"><div class=\"fusion-text fusion-text-14\"><h3 style=\"text-align: center; font-family: Inter; font-weight: 200; --fontsize: 32; line-height: 1.25;\" data-fusion-font=\"true\" data-fusion-google-font=\"Inter\" data-fusion-google-variant=\"200\" data-fontsize=\"32\" data-lineheight=\"40px\">Asociaci\u00f3n de Socios \/ Asociaciones<\/h3>\n<\/div><div class=\"fusion-clearfix\"><\/div><\/div><\/div><div class=\"fusion-layout-column fusion_builder_column fusion-builder-column-30 fusion_builder_column_1_3 1_3 fusion-one-third fusion-column-last\" style=\"--awb-bg-size:cover;width:33.333333333333%;width:calc(33.333333333333% - ( ( 4% + 4% ) * 0.33333333333333 ) );\"><div class=\"fusion-column-wrapper fusion-column-has-shadow fusion-flex-column-wrapper-legacy\"><div class=\"fusion-text fusion-text-15\"><h3 style=\"text-align: center; font-family: Inter; font-weight: 200; --fontsize: 32; line-height: 1.25;\" data-fusion-font=\"true\" data-fusion-google-font=\"Inter\" data-fusion-google-variant=\"200\" data-fontsize=\"32\" data-lineheight=\"40px\">Ferias y eventos asociados<\/h3>\n<\/div><div class=\"fusion-clearfix\"><\/div><\/div><\/div><\/div><\/div><div class=\"fusion-fullwidth fullwidth-box fusion-builder-row-14 nonhundred-percent-fullwidth non-hundred-percent-height-scrolling fusion-animated\" style=\"--awb-border-sizes-top:0px;--awb-border-sizes-bottom:0px;--awb-border-sizes-left:0px;--awb-border-sizes-right:0px;--awb-border-radius-top-left:0px;--awb-border-radius-top-right:0px;--awb-border-radius-bottom-right:0px;--awb-border-radius-bottom-left:0px;--awb-padding-top:0%;--awb-padding-right:21px;--awb-padding-bottom:4%;--awb-margin-top:0px;--awb-margin-bottom:30px;--awb-background-color:#ffffff;--awb-flex-wrap:wrap;\" data-animationtype=\"fadeInDown\" data-animationduration=\"1.0\" data-animationoffset=\"top-into-view\" ><div class=\"fusion-builder-row fusion-row\"><div class=\"fusion-layout-column fusion_builder_column fusion-builder-column-31 fusion_builder_column_1_3 1_3 fusion-one-third fusion-column-first\" style=\"--awb-bg-size:cover;width:33.333333333333%;width:calc(33.333333333333% - ( ( 4% + 4% ) * 0.33333333333333 ) );margin-right: 4%;\"><div class=\"fusion-column-wrapper fusion-column-has-shadow fusion-flex-column-wrapper-legacy\"><div class=\"fusion-image-element fusion-image-align-center in-legacy-container\" style=\"text-align:center;--awb-max-width:130px;--awb-caption-title-font-family:var(--h2_typography-font-family);--awb-caption-title-font-weight:var(--h2_typography-font-weight);--awb-caption-title-font-style:var(--h2_typography-font-style);--awb-caption-title-size:var(--h2_typography-font-size);--awb-caption-title-transform:var(--h2_typography-text-transform);--awb-caption-title-line-height:var(--h2_typography-line-height);--awb-caption-title-letter-spacing:var(--h2_typography-letter-spacing);\"><div class=\"imageframe-align-center\"><span class=\"fusion-imageframe imageframe-none imageframe-4 hover-type-none\"><a class=\"fusion-no-lightbox\" href=\"http:\/\/www.vending-report.com\" target=\"_blank\" aria-label=\"Vendtra Festival del Vending en Alemania\" rel=\"noopener noreferrer\"><img decoding=\"async\" width=\"197\" height=\"72\" alt=\"vending report deutschland \u00f6sterreich liechtenstein schweiz Vendtra Vending Trade Festival Deutschland\" src=\"https:\/\/vendtra.com\/wp-content\/uploads\/2019\/10\/vending-report.png\" class=\"img-responsive wp-image-1200\"\/><\/a><\/span><\/div><\/div><div class=\"fusion-clearfix\"><\/div><\/div><\/div><div class=\"fusion-layout-column fusion_builder_column fusion-builder-column-32 fusion_builder_column_1_3 1_3 fusion-one-third\" style=\"--awb-bg-size:cover;width:33.333333333333%;width:calc(33.333333333333% - ( ( 4% + 4% ) * 0.33333333333333 ) );margin-right: 4%;\"><div class=\"fusion-column-wrapper fusion-column-has-shadow fusion-flex-column-wrapper-legacy\"><div class=\"fusion-image-element fusion-image-align-center in-legacy-container\" style=\"text-align:center;--awb-max-width:170px;--awb-caption-title-font-family:var(--h2_typography-font-family);--awb-caption-title-font-weight:var(--h2_typography-font-weight);--awb-caption-title-font-style:var(--h2_typography-font-style);--awb-caption-title-size:var(--h2_typography-font-size);--awb-caption-title-transform:var(--h2_typography-text-transform);--awb-caption-title-line-height:var(--h2_typography-line-height);--awb-caption-title-letter-spacing:var(--h2_typography-letter-spacing);\"><div class=\"imageframe-align-center\"><span class=\"fusion-imageframe imageframe-none imageframe-5 hover-type-none\"><a class=\"fusion-no-lightbox\" href=\"https:\/\/www.vending-europe.eu\/\" target=\"_blank\" aria-label=\"EVA Vendtra Festival del Vending en Alemania\" rel=\"noopener noreferrer\"><img decoding=\"async\" width=\"197\" height=\"72\" alt=\"EVA Vendtra Vending Trade Festival Deutschland\" src=\"https:\/\/vendtra.com\/wp-content\/uploads\/2021\/01\/EVA.png\" class=\"img-responsive wp-image-3175\"\/><\/a><\/span><\/div><\/div><div class=\"fusion-clearfix\"><\/div><\/div><\/div><div class=\"fusion-layout-column fusion_builder_column fusion-builder-column-33 fusion_builder_column_1_3 1_3 fusion-one-third fusion-column-last\" style=\"--awb-bg-size:cover;width:33.333333333333%;width:calc(33.333333333333% - ( ( 4% + 4% ) * 0.33333333333333 ) );\"><div class=\"fusion-column-wrapper fusion-column-has-shadow fusion-flex-column-wrapper-legacy\"><div class=\"fusion-image-element fusion-image-align-center in-legacy-container\" style=\"text-align:center;--awb-max-width:150px;--awb-caption-title-font-family:var(--h2_typography-font-family);--awb-caption-title-font-weight:var(--h2_typography-font-weight);--awb-caption-title-font-style:var(--h2_typography-font-style);--awb-caption-title-size:var(--h2_typography-font-size);--awb-caption-title-transform:var(--h2_typography-text-transform);--awb-caption-title-line-height:var(--h2_typography-line-height);--awb-caption-title-letter-spacing:var(--h2_typography-letter-spacing);\"><div class=\"imageframe-align-center\"><span class=\"fusion-imageframe imageframe-none imageframe-6 hover-type-none\"><a class=\"fusion-no-lightbox\" href=\"http:\/\/www.vend-ex.com\/\" target=\"_blank\" aria-label=\"vendex messe inglaterra Vendtra Vending Trade Festival Alemania\" rel=\"noopener noreferrer\"><img decoding=\"async\" width=\"197\" height=\"72\" alt=\"vendex show fair gb Vendtra Vending Trade Festival Deutschland\" src=\"https:\/\/vendtra.com\/wp-content\/uploads\/2019\/10\/vendex.png\" class=\"img-responsive wp-image-1205\"\/><\/a><\/span><\/div><\/div><div class=\"fusion-clearfix\"><\/div><\/div><\/div><div class=\"fusion-layout-column fusion_builder_column fusion-builder-column-34 fusion_builder_column_1_3 1_3 fusion-one-third fusion-column-first\" style=\"--awb-bg-size:cover;width:33.333333333333%;width:calc(33.333333333333% - ( ( 4% + 4% ) * 0.33333333333333 ) );margin-right: 4%;\"><div class=\"fusion-column-wrapper fusion-column-has-shadow fusion-flex-column-wrapper-legacy\"><div class=\"fusion-image-element fusion-image-align-center in-legacy-container\" style=\"text-align:center;--awb-max-width:175px;--awb-caption-title-font-family:var(--h2_typography-font-family);--awb-caption-title-font-weight:var(--h2_typography-font-weight);--awb-caption-title-font-style:var(--h2_typography-font-style);--awb-caption-title-size:var(--h2_typography-font-size);--awb-caption-title-transform:var(--h2_typography-text-transform);--awb-caption-title-line-height:var(--h2_typography-line-height);--awb-caption-title-letter-spacing:var(--h2_typography-letter-spacing);\"><div class=\"imageframe-align-center\"><span class=\"fusion-imageframe imageframe-none imageframe-7 hover-type-none\"><a class=\"fusion-no-lightbox\" href=\"http:\/\/www.vending-report.com\" target=\"_blank\" aria-label=\"Informe sobre el mundo del vending Vendtra Vending Trade Festival Alemania\" rel=\"noopener noreferrer\"><img decoding=\"async\" width=\"197\" height=\"72\" alt=\"vending globe report Vendtra Vending Trade Festival Deutschland\" src=\"https:\/\/vendtra.com\/wp-content\/uploads\/2019\/10\/VGR.png\" class=\"img-responsive wp-image-1202\"\/><\/a><\/span><\/div><\/div><div class=\"fusion-clearfix\"><\/div><\/div><\/div><div class=\"fusion-layout-column fusion_builder_column fusion-builder-column-35 fusion_builder_column_1_3 1_3 fusion-one-third\" style=\"--awb-bg-size:cover;width:33.333333333333%;width:calc(33.333333333333% - ( ( 4% + 4% ) * 0.33333333333333 ) );margin-right: 4%;\"><div class=\"fusion-column-wrapper fusion-column-has-shadow fusion-flex-column-wrapper-legacy\"><div class=\"fusion-image-element fusion-image-align-center in-legacy-container\" style=\"text-align:center;--awb-max-width:170px;--awb-caption-title-font-family:var(--h2_typography-font-family);--awb-caption-title-font-weight:var(--h2_typography-font-weight);--awb-caption-title-font-style:var(--h2_typography-font-style);--awb-caption-title-size:var(--h2_typography-font-size);--awb-caption-title-transform:var(--h2_typography-text-transform);--awb-caption-title-line-height:var(--h2_typography-line-height);--awb-caption-title-letter-spacing:var(--h2_typography-letter-spacing);\"><div class=\"imageframe-align-center\"><span class=\"fusion-imageframe imageframe-none imageframe-8 hover-type-none\"><a class=\"fusion-no-lightbox\" href=\"https:\/\/www.kaffeeverband.de\/de\" target=\"_blank\" aria-label=\"Vendtra Festival del Vending en Alemania\" rel=\"noopener noreferrer\"><img decoding=\"async\" width=\"197\" height=\"72\" alt=\"Vendtra Vending Trade Festival Deutschland\" src=\"https:\/\/vendtra.com\/wp-content\/uploads\/2021\/08\/DKV.png\" class=\"img-responsive wp-image-3656\"\/><\/a><\/span><\/div><\/div><div class=\"fusion-clearfix\"><\/div><\/div><\/div><div class=\"fusion-layout-column fusion_builder_column fusion-builder-column-36 fusion_builder_column_1_3 1_3 fusion-one-third fusion-column-last\" style=\"--awb-bg-size:cover;width:33.333333333333%;width:calc(33.333333333333% - ( ( 4% + 4% ) * 0.33333333333333 ) );\"><div class=\"fusion-column-wrapper fusion-column-has-shadow fusion-flex-column-wrapper-legacy\"><div class=\"fusion-image-element fusion-image-align-center in-legacy-container\" style=\"text-align:center;--awb-max-width:170px;--awb-caption-title-font-family:var(--h2_typography-font-family);--awb-caption-title-font-weight:var(--h2_typography-font-weight);--awb-caption-title-font-style:var(--h2_typography-font-style);--awb-caption-title-size:var(--h2_typography-font-size);--awb-caption-title-transform:var(--h2_typography-text-transform);--awb-caption-title-line-height:var(--h2_typography-line-height);--awb-caption-title-letter-spacing:var(--h2_typography-letter-spacing);\"><div class=\"imageframe-align-center\"><span class=\"fusion-imageframe imageframe-none imageframe-9 hover-type-none\"><a class=\"fusion-no-lightbox\" href=\"https:\/\/www.fandcm.fr\/2019\/07\/11\/food-coffee-summit-premier-salon-du-vending-des-solutions-market\/\" target=\"_blank\" aria-label=\"cumbre de la alimentaci\u00f3n y el caf\u00e9 francia Vendtra Vending Trade Festival Alemania\" rel=\"noopener noreferrer\"><img decoding=\"async\" width=\"197\" height=\"72\" alt=\"food and coffee summit france Vendtra Vending Trade Festival Deutschland\" src=\"https:\/\/vendtra.com\/wp-content\/uploads\/2019\/10\/foodcoffeesummit.png\" class=\"img-responsive wp-image-1210\"\/><\/a><\/span><\/div><\/div><div class=\"fusion-clearfix\"><\/div><\/div><\/div><div class=\"fusion-layout-column fusion_builder_column fusion-builder-column-37 fusion_builder_column_1_3 1_3 fusion-one-third fusion-column-first\" style=\"--awb-bg-size:cover;width:33.333333333333%;width:calc(33.333333333333% - ( ( 4% + 4% ) * 0.33333333333333 ) );margin-right: 4%;\"><div class=\"fusion-column-wrapper fusion-column-has-shadow fusion-flex-column-wrapper-legacy\"><div class=\"fusion-image-element fusion-image-align-center in-legacy-container\" style=\"text-align:center;--awb-max-width:140px;--awb-caption-title-font-family:var(--h2_typography-font-family);--awb-caption-title-font-weight:var(--h2_typography-font-weight);--awb-caption-title-font-style:var(--h2_typography-font-style);--awb-caption-title-size:var(--h2_typography-font-size);--awb-caption-title-transform:var(--h2_typography-text-transform);--awb-caption-title-line-height:var(--h2_typography-line-height);--awb-caption-title-letter-spacing:var(--h2_typography-letter-spacing);\"><div class=\"imageframe-align-center\"><span class=\"fusion-imageframe imageframe-none imageframe-10 hover-type-none\"><a class=\"fusion-no-lightbox\" href=\"https:\/\/www.vendingpress.it\" target=\"_blank\" aria-label=\"vending magazine italia Vendtra Vending Trade Festival Alemania\" rel=\"noopener noreferrer\"><img decoding=\"async\" width=\"197\" height=\"72\" alt=\"vending magazine italy Vendtra Vending Trade Festival Deutschland\" src=\"https:\/\/vendtra.com\/wp-content\/uploads\/2019\/10\/vending-magazine.png\" class=\"img-responsive wp-image-1203\"\/><\/a><\/span><\/div><\/div><div class=\"fusion-clearfix\"><\/div><\/div><\/div><div class=\"fusion-layout-column fusion_builder_column fusion-builder-column-38 fusion_builder_column_1_3 1_3 fusion-one-third\" style=\"--awb-bg-size:cover;width:33.333333333333%;width:calc(33.333333333333% - ( ( 4% + 4% ) * 0.33333333333333 ) );margin-right: 4%;\"><div class=\"fusion-column-wrapper fusion-column-has-shadow fusion-flex-column-wrapper-legacy\"><div class=\"fusion-image-element fusion-image-align-center in-legacy-container\" style=\"text-align:center;--awb-max-width:160px;--awb-caption-title-font-family:var(--h2_typography-font-family);--awb-caption-title-font-weight:var(--h2_typography-font-weight);--awb-caption-title-font-style:var(--h2_typography-font-style);--awb-caption-title-size:var(--h2_typography-font-size);--awb-caption-title-transform:var(--h2_typography-text-transform);--awb-caption-title-line-height:var(--h2_typography-line-height);--awb-caption-title-letter-spacing:var(--h2_typography-letter-spacing);\"><div class=\"imageframe-align-center\"><span class=\"fusion-imageframe imageframe-none imageframe-11 hover-type-none\"><a class=\"fusion-no-lightbox\" href=\"https:\/\/www.bdv-online.de\" target=\"_blank\" aria-label=\"bdv vending Vendtra\" rel=\"noopener noreferrer\"><img decoding=\"async\" width=\"300\" height=\"81\" alt=\"bdv vending Vendtra\" src=\"https:\/\/www.vendtra.com\/wp-content\/uploads\/2022\/08\/bdv-logo-300x81.png\" class=\"img-responsive wp-image-5746\" srcset=\"https:\/\/www.vendtra.com\/wp-content\/uploads\/2022\/08\/bdv-logo-200x54.png 200w, https:\/\/www.vendtra.com\/wp-content\/uploads\/2022\/08\/bdv-logo-400x108.png 400w, https:\/\/www.vendtra.com\/wp-content\/uploads\/2022\/08\/bdv-logo.png 450w\" sizes=\"(max-width: 800px) 100vw, 400px\" \/><\/a><\/span><\/div><\/div><div class=\"fusion-clearfix\"><\/div><\/div><\/div><div class=\"fusion-layout-column fusion_builder_column fusion-builder-column-39 fusion_builder_column_1_3 1_3 fusion-one-third fusion-column-last\" style=\"--awb-bg-size:cover;width:33.333333333333%;width:calc(33.333333333333% - ( ( 4% + 4% ) * 0.33333333333333 ) );\"><div class=\"fusion-column-wrapper fusion-column-has-shadow fusion-flex-column-wrapper-legacy\"><div class=\"fusion-image-element fusion-image-align-center in-legacy-container\" style=\"text-align:center;--awb-caption-title-font-family:var(--h2_typography-font-family);--awb-caption-title-font-weight:var(--h2_typography-font-weight);--awb-caption-title-font-style:var(--h2_typography-font-style);--awb-caption-title-size:var(--h2_typography-font-size);--awb-caption-title-transform:var(--h2_typography-text-transform);--awb-caption-title-line-height:var(--h2_typography-line-height);--awb-caption-title-letter-spacing:var(--h2_typography-letter-spacing);\"><div class=\"imageframe-align-center\"><span class=\"fusion-imageframe imageframe-none imageframe-12 hover-type-none\"><a class=\"fusion-no-lightbox\" href=\"https:\/\/www.vendingexpo.ru\" target=\"_blank\" aria-label=\"Vendexpo Vendtra Fiesta del Vending Alemania\" rel=\"noopener noreferrer\"><img decoding=\"async\" width=\"197\" height=\"72\" src=\"https:\/\/vendtra.com\/wp-content\/uploads\/2021\/01\/Vendexpo-Russia-1.png\" alt class=\"img-responsive wp-image-3184\"\/><\/a><\/span><\/div><\/div><div class=\"fusion-clearfix\"><\/div><\/div><\/div><div class=\"fusion-layout-column fusion_builder_column fusion-builder-column-40 fusion_builder_column_1_3 1_3 fusion-one-third fusion-column-first\" style=\"--awb-bg-size:cover;width:33.333333333333%;width:calc(33.333333333333% - ( ( 4% + 4% ) * 0.33333333333333 ) );margin-right: 4%;\"><div class=\"fusion-column-wrapper fusion-column-has-shadow fusion-flex-column-wrapper-legacy\"><div class=\"fusion-image-element fusion-image-align-center in-legacy-container\" style=\"text-align:center;--awb-max-width:150px;--awb-caption-title-font-family:var(--h2_typography-font-family);--awb-caption-title-font-weight:var(--h2_typography-font-weight);--awb-caption-title-font-style:var(--h2_typography-font-style);--awb-caption-title-size:var(--h2_typography-font-size);--awb-caption-title-transform:var(--h2_typography-text-transform);--awb-caption-title-line-height:var(--h2_typography-line-height);--awb-caption-title-letter-spacing:var(--h2_typography-letter-spacing);\"><div class=\"imageframe-align-center\"><span class=\"fusion-imageframe imageframe-none imageframe-13 hover-type-none\"><a class=\"fusion-no-lightbox\" href=\"https:\/\/www.fandcm.fr\" target=\"_blank\" aria-label=\"mercados food&amp;coffee francia Vendtra Vending Trade Festival Alemania\" rel=\"noopener noreferrer\"><img decoding=\"async\" width=\"197\" height=\"72\" alt=\"food&amp;coffee markets france Vendtra Vending Trade Festival Deutschland\" src=\"https:\/\/vendtra.com\/wp-content\/uploads\/2019\/10\/2facmarkets.png\" class=\"img-responsive wp-image-1201\"\/><\/a><\/span><\/div><\/div><div class=\"fusion-clearfix\"><\/div><\/div><\/div><div class=\"fusion-layout-column fusion_builder_column fusion-builder-column-41 fusion_builder_column_1_3 1_3 fusion-one-third\" style=\"--awb-bg-size:cover;width:33.333333333333%;width:calc(33.333333333333% - ( ( 4% + 4% ) * 0.33333333333333 ) );margin-right: 4%;\"><div class=\"fusion-column-wrapper fusion-column-has-shadow fusion-flex-column-wrapper-legacy\"><div class=\"fusion-image-element fusion-image-align-center in-legacy-container\" style=\"text-align:center;--awb-max-width:150px;--awb-caption-title-font-family:var(--h2_typography-font-family);--awb-caption-title-font-weight:var(--h2_typography-font-weight);--awb-caption-title-font-style:var(--h2_typography-font-style);--awb-caption-title-size:var(--h2_typography-font-size);--awb-caption-title-transform:var(--h2_typography-text-transform);--awb-caption-title-line-height:var(--h2_typography-line-height);--awb-caption-title-letter-spacing:var(--h2_typography-letter-spacing);\"><div class=\"imageframe-align-center\"><span class=\"fusion-imageframe imageframe-none imageframe-14 hover-type-none\"><a class=\"fusion-no-lightbox\" href=\"https:\/\/www.ovv-at\" target=\"_self\" aria-label=\"ovv vending vendtra\"><img decoding=\"async\" width=\"197\" height=\"71\" alt=\"ovv vending vendtra\" src=\"https:\/\/www.vendtra.com\/wp-content\/uploads\/2022\/08\/OVV-Logo.png\" class=\"img-responsive wp-image-5750\"\/><\/a><\/span><\/div><\/div><div class=\"fusion-clearfix\"><\/div><\/div><\/div><div class=\"fusion-layout-column fusion_builder_column fusion-builder-column-42 fusion_builder_column_1_3 1_3 fusion-one-third fusion-column-last\" style=\"--awb-bg-size:cover;width:33.333333333333%;width:calc(33.333333333333% - ( ( 4% + 4% ) * 0.33333333333333 ) );\"><div class=\"fusion-column-wrapper fusion-column-has-shadow fusion-flex-column-wrapper-legacy\"><div class=\"fusion-image-element fusion-image-align-center in-legacy-container\" style=\"text-align:center;--awb-max-width:140px;--awb-caption-title-font-family:var(--h2_typography-font-family);--awb-caption-title-font-weight:var(--h2_typography-font-weight);--awb-caption-title-font-style:var(--h2_typography-font-style);--awb-caption-title-size:var(--h2_typography-font-size);--awb-caption-title-transform:var(--h2_typography-text-transform);--awb-caption-title-line-height:var(--h2_typography-line-height);--awb-caption-title-letter-spacing:var(--h2_typography-letter-spacing);\"><div class=\"imageframe-align-center\"><span class=\"fusion-imageframe imageframe-none imageframe-15 hover-type-none\"><a class=\"fusion-no-lightbox\" href=\"http:\/\/www.chinavmf.com\/index.php?lang=en\" target=\"_blank\" aria-label=\"CSF Vendtra Festival del Comercio Electr\u00f3nico Alemania\" rel=\"noopener noreferrer\"><img decoding=\"async\" width=\"197\" height=\"72\" alt=\"CSF Vendtra Vending Trade Festival Deutschland\" src=\"https:\/\/vendtra.com\/wp-content\/uploads\/2021\/01\/CSF.png\" class=\"img-responsive wp-image-3182\"\/><\/a><\/span><\/div><\/div><div class=\"fusion-clearfix\"><\/div><\/div><\/div><div class=\"fusion-layout-column fusion_builder_column fusion-builder-column-43 fusion_builder_column_1_3 1_3 fusion-one-third fusion-column-first\" style=\"--awb-bg-size:cover;width:33.333333333333%;width:calc(33.333333333333% - ( ( 4% + 4% ) * 0.33333333333333 ) );margin-right: 4%;\"><div class=\"fusion-column-wrapper fusion-column-has-shadow fusion-flex-column-wrapper-legacy\"><div class=\"fusion-image-element fusion-image-align-center in-legacy-container\" style=\"text-align:center;--awb-max-width:150px;--awb-caption-title-font-family:var(--h2_typography-font-family);--awb-caption-title-font-weight:var(--h2_typography-font-weight);--awb-caption-title-font-style:var(--h2_typography-font-style);--awb-caption-title-size:var(--h2_typography-font-size);--awb-caption-title-transform:var(--h2_typography-text-transform);--awb-caption-title-line-height:var(--h2_typography-line-height);--awb-caption-title-letter-spacing:var(--h2_typography-letter-spacing);\"><div class=\"imageframe-align-center\"><span class=\"fusion-imageframe imageframe-none imageframe-16 hover-type-none\"><a class=\"fusion-no-lightbox\" href=\"https:\/\/www.hostelvending.com\" target=\"_blank\" aria-label=\"hostel vending espa\u00f1a Vendtra Vending Trade Festival Alemania\" rel=\"noopener noreferrer\"><img decoding=\"async\" width=\"197\" height=\"72\" alt=\"hostel vending spain Vendtra Vending Trade Festival Deutschland\" src=\"https:\/\/vendtra.com\/wp-content\/uploads\/2019\/10\/hostelvending.png\" class=\"img-responsive wp-image-1204\"\/><\/a><\/span><\/div><\/div><div class=\"fusion-clearfix\"><\/div><\/div><\/div><div class=\"fusion-layout-column fusion_builder_column fusion-builder-column-44 fusion_builder_column_1_3 1_3 fusion-one-third\" style=\"--awb-bg-size:cover;width:33.333333333333%;width:calc(33.333333333333% - ( ( 4% + 4% ) * 0.33333333333333 ) );margin-right: 4%;\"><div class=\"fusion-column-wrapper fusion-column-has-shadow fusion-flex-column-wrapper-legacy\"><div class=\"fusion-image-element fusion-image-align-center in-legacy-container\" style=\"text-align:center;--awb-max-width:170px;--awb-caption-title-font-family:var(--h2_typography-font-family);--awb-caption-title-font-weight:var(--h2_typography-font-weight);--awb-caption-title-font-style:var(--h2_typography-font-style);--awb-caption-title-size:var(--h2_typography-font-size);--awb-caption-title-transform:var(--h2_typography-text-transform);--awb-caption-title-line-height:var(--h2_typography-line-height);--awb-caption-title-letter-spacing:var(--h2_typography-letter-spacing);\"><div class=\"imageframe-align-center\"><span class=\"fusion-imageframe imageframe-none imageframe-17 hover-type-none\"><a class=\"fusion-no-lightbox\" href=\"https:\/\/www.vafa-ev.de\/\" target=\"_self\" aria-label=\"Vendtra Festival del Vending en Alemania\"><img decoding=\"async\" width=\"197\" height=\"72\" alt=\"Vendtra Vending Trade Festival Deutschland\" src=\"https:\/\/www.vendtra.com\/wp-content\/uploads\/2021\/08\/VAFA.png\" class=\"img-responsive wp-image-3657\"\/><\/a><\/span><\/div><\/div><div class=\"fusion-clearfix\"><\/div><\/div><\/div><div class=\"fusion-layout-column fusion_builder_column fusion-builder-column-45 fusion_builder_column_1_3 1_3 fusion-one-third fusion-column-last\" style=\"--awb-bg-size:cover;width:33.333333333333%;width:calc(33.333333333333% - ( ( 4% + 4% ) * 0.33333333333333 ) );\"><div class=\"fusion-column-wrapper fusion-column-has-shadow fusion-flex-column-wrapper-legacy\"><div class=\"fusion-image-element fusion-image-align-center in-legacy-container\" style=\"text-align:center;--awb-max-width:140px;--awb-caption-title-font-family:var(--h2_typography-font-family);--awb-caption-title-font-weight:var(--h2_typography-font-weight);--awb-caption-title-font-style:var(--h2_typography-font-style);--awb-caption-title-size:var(--h2_typography-font-size);--awb-caption-title-transform:var(--h2_typography-text-transform);--awb-caption-title-line-height:var(--h2_typography-line-height);--awb-caption-title-letter-spacing:var(--h2_typography-letter-spacing);\"><div class=\"imageframe-align-center\"><span class=\"fusion-imageframe imageframe-none imageframe-18 hover-type-none\"><a class=\"fusion-no-lightbox\" href=\"https:\/\/www.vendingexpo.ru\/\" target=\"_blank\" aria-label=\"VASA Vendtra Feria del Vending Alemania\" rel=\"noopener noreferrer\"><img decoding=\"async\" width=\"197\" height=\"72\" alt=\"vasa Vendtra Vending Trade Festival Deutschland\" src=\"https:\/\/vendtra.com\/wp-content\/uploads\/2021\/01\/VASA.png\" class=\"img-responsive wp-image-3186\"\/><\/a><\/span><\/div><\/div><div class=\"fusion-clearfix\"><\/div><\/div><\/div><div class=\"fusion-layout-column fusion_builder_column fusion-builder-column-46 fusion_builder_column_1_3 1_3 fusion-one-third fusion-column-first\" style=\"--awb-bg-size:cover;width:33.333333333333%;width:calc(33.333333333333% - ( ( 4% + 4% ) * 0.33333333333333 ) );margin-right: 4%;\"><div class=\"fusion-column-wrapper fusion-column-has-shadow fusion-flex-column-wrapper-legacy\"><div class=\"fusion-image-element fusion-image-align-center in-legacy-container\" style=\"text-align:center;--awb-max-width:150px;--awb-caption-title-font-family:var(--h2_typography-font-family);--awb-caption-title-font-weight:var(--h2_typography-font-weight);--awb-caption-title-font-style:var(--h2_typography-font-style);--awb-caption-title-size:var(--h2_typography-font-size);--awb-caption-title-transform:var(--h2_typography-text-transform);--awb-caption-title-line-height:var(--h2_typography-line-height);--awb-caption-title-letter-spacing:var(--h2_typography-letter-spacing);\"><div class=\"imageframe-align-center\"><span class=\"fusion-imageframe imageframe-none imageframe-19 hover-type-none\"><a class=\"fusion-no-lightbox\" href=\"https:\/\/www.coffee-capital.com\" target=\"_blank\" aria-label=\"capital del caf\u00e9\" rel=\"noopener noreferrer\"><img decoding=\"async\" width=\"300\" height=\"53\" alt=\"coffee capital\" src=\"https:\/\/www.vendtra.com\/wp-content\/uploads\/2022\/12\/CCsmall-300x53.jpg\" class=\"img-responsive wp-image-5910\" srcset=\"https:\/\/www.vendtra.com\/wp-content\/uploads\/2022\/12\/CCsmall-200x35.jpg 200w, https:\/\/www.vendtra.com\/wp-content\/uploads\/2022\/12\/CCsmall-400x71.jpg 400w, https:\/\/www.vendtra.com\/wp-content\/uploads\/2022\/12\/CCsmall-600x106.jpg 600w, https:\/\/www.vendtra.com\/wp-content\/uploads\/2022\/12\/CCsmall-800x142.jpg 800w, https:\/\/www.vendtra.com\/wp-content\/uploads\/2022\/12\/CCsmall-1200x213.jpg 1200w, https:\/\/www.vendtra.com\/wp-content\/uploads\/2022\/12\/CCsmall.jpg 1770w\" sizes=\"(max-width: 800px) 100vw, 400px\" \/><\/a><\/span><\/div><\/div><div class=\"fusion-clearfix\"><\/div><\/div><\/div><div class=\"fusion-layout-column fusion_builder_column fusion-builder-column-47 fusion_builder_column_1_3 1_3 fusion-one-third\" style=\"--awb-bg-size:cover;width:33.333333333333%;width:calc(33.333333333333% - ( ( 4% + 4% ) * 0.33333333333333 ) );margin-right: 4%;\"><div class=\"fusion-column-wrapper fusion-column-has-shadow fusion-flex-column-wrapper-legacy\"><div class=\"fusion-image-element fusion-image-align-center in-legacy-container\" style=\"text-align:center;--awb-caption-title-font-family:var(--h2_typography-font-family);--awb-caption-title-font-weight:var(--h2_typography-font-weight);--awb-caption-title-font-style:var(--h2_typography-font-style);--awb-caption-title-size:var(--h2_typography-font-size);--awb-caption-title-transform:var(--h2_typography-text-transform);--awb-caption-title-line-height:var(--h2_typography-line-height);--awb-caption-title-letter-spacing:var(--h2_typography-letter-spacing);\"><div class=\"imageframe-align-center\"><span class=\"fusion-imageframe imageframe-none imageframe-20 hover-type-none\"><a class=\"fusion-no-lightbox\" href=\"https:\/\/www.vcas.ch\/de\/\" target=\"_self\" aria-label=\"VCAS\"><img decoding=\"async\" width=\"197\" height=\"72\" alt=\"VCAS, Vendtra, Vending Trade Festival Germany, Vendtra Deutschland, Vendingmesse Deutschland, Kaffeemesse Deutschland, Vending, Automaten, Automatenmesse Deutschland, Vending Show, Vendingshow, Vendingshow Germany, Coffeeshow, Coffeeshow Germany, Vending Report, Coffee Capital\" src=\"https:\/\/www.vendtra.com\/wp-content\/uploads\/2023\/09\/VCAS.png\" class=\"img-responsive wp-image-7365\" srcset=\"https:\/\/www.vendtra.com\/wp-content\/uploads\/2023\/09\/VCAS-18x7.png 18w, https:\/\/www.vendtra.com\/wp-content\/uploads\/2023\/09\/VCAS.png 197w\" sizes=\"(max-width: 197px) 100vw, 197px\" \/><\/a><\/span><\/div><\/div><div class=\"fusion-clearfix\"><\/div><\/div><\/div><div class=\"fusion-layout-column fusion_builder_column fusion-builder-column-48 fusion_builder_column_1_3 1_3 fusion-one-third fusion-column-last\" style=\"--awb-bg-size:cover;width:33.333333333333%;width:calc(33.333333333333% - ( ( 4% + 4% ) * 0.33333333333333 ) );\"><div class=\"fusion-column-wrapper fusion-column-has-shadow fusion-flex-column-wrapper-legacy\"><div class=\"fusion-image-element fusion-image-align-center in-legacy-container\" style=\"text-align:center;--awb-max-width:140px;--awb-caption-title-font-family:var(--h2_typography-font-family);--awb-caption-title-font-weight:var(--h2_typography-font-weight);--awb-caption-title-font-style:var(--h2_typography-font-style);--awb-caption-title-size:var(--h2_typography-font-size);--awb-caption-title-transform:var(--h2_typography-text-transform);--awb-caption-title-line-height:var(--h2_typography-line-height);--awb-caption-title-letter-spacing:var(--h2_typography-letter-spacing);\"><div class=\"imageframe-align-center\"><span class=\"fusion-imageframe imageframe-none imageframe-21 hover-type-none\"><a class=\"fusion-no-lightbox\" href=\"https:\/\/www.uniti-expo.de\/\" target=\"_blank\" aria-label=\"uniti expo Vendtra Feria del Vending Alemania\" rel=\"noopener noreferrer\"><img decoding=\"async\" width=\"197\" height=\"72\" alt=\"uniti expo Vendtra Vending Trade Festival Deutschland\" src=\"https:\/\/vendtra.com\/wp-content\/uploads\/2021\/01\/uniti-expo.png\" class=\"img-responsive wp-image-3398\"\/><\/a><\/span><\/div><\/div><div class=\"fusion-clearfix\"><\/div><\/div><\/div><\/div><\/div><\/p>","protected":false},"excerpt":{"rendered":"","protected":false},"author":1,"featured_media":-3,"parent":0,"menu_order":0,"comment_status":"closed","ping_status":"closed","template":"100-width.php","meta":{"_acf_changed":false,"footnotes":""},"class_list":["post-2781","page","type-page","status-publish","has-post-thumbnail","hentry"],"acf":[],"yoast_head":"<!-- This site is optimized with the Yoast SEO plugin v27.5 - https:\/\/yoast.com\/product\/yoast-seo-wordpress\/ -->\n<title>VENDTRA<\/title>\n<meta name=\"description\" content=\"Die Messe der Vending- und Kaffeewirtschaft Deutschland, German Vending and Coffee fair, fiera tedesca del Vending e del Caff\u00e8, feria alemana del Vending y el Caf\u00e9, salon allemand de la distribution automatique et du caf\u00e9, niemieckie targi vendingu i kawy, n\u00e9met vending \u00e9s k\u00e1v\u00e9 v\u00e1s\u00e1r, n\u011bmeck\u00fd veletrh prodejn\u00edch automat\u016f a k\u00e1vy, t\u00e2rgul german de vending \u0219i cafea, alman otomat ve kahve fuari, tysk salgsautomat- og kaffemesse, tysk m\u00e4ssa f\u00f6r automater och kaffe, \u5fb7\u56fd\u81ea\u52a8\u552e\u8d27\u673a\u548c\u5496\u5561\u5c55, \u30c9\u30a4\u30c4\u81ea\u52d5\u8ca9\u58f2\u6a5f\u30fb\u30b3\u30fc\u30d2\u30fc\u30d5\u30a7\u30a2, \u043d\u0435\u043c\u0441\u043a\u0438 \u043f\u0430\u043d\u0430\u0438\u0440 \u043d\u0430 \u0432\u0435\u043d\u0434\u0438\u043d\u0433 \u0438 \u043a\u0430\u0444\u0435, \u043d\u0435\u043c\u0435\u0446\u043a\u0430\u044f \u0432\u044b\u0441\u0442\u0430\u0432\u043a\u0430 \u0432\u0435\u043d\u0434\u0438\u043d\u0433\u0430 \u0438 \u043a\u043e\u0444\u0435\" \/>\n<meta name=\"robots\" content=\"index, follow, max-snippet:-1, max-image-preview:large, max-video-preview:-1\" \/>\n<link rel=\"canonical\" href=\"https:\/\/www.vendtra.com\/es\/\" \/>\n<meta property=\"og:locale\" content=\"es_ES\" \/>\n<meta property=\"og:type\" content=\"article\" \/>\n<meta property=\"og:title\" content=\"VENDTRA\" \/>\n<meta property=\"og:description\" content=\"Die Messe der Vending- und Kaffeewirtschaft Deutschland, German Vending and Coffee fair, fiera tedesca del Vending e del Caff\u00e8, feria alemana del Vending y el Caf\u00e9, salon allemand de la distribution automatique et du caf\u00e9, niemieckie targi vendingu i kawy, n\u00e9met vending \u00e9s k\u00e1v\u00e9 v\u00e1s\u00e1r, n\u011bmeck\u00fd veletrh prodejn\u00edch automat\u016f a k\u00e1vy, t\u00e2rgul german de vending \u0219i cafea, alman otomat ve kahve fuari, tysk salgsautomat- og kaffemesse, tysk m\u00e4ssa f\u00f6r automater och kaffe, \u5fb7\u56fd\u81ea\u52a8\u552e\u8d27\u673a\u548c\u5496\u5561\u5c55, \u30c9\u30a4\u30c4\u81ea\u52d5\u8ca9\u58f2\u6a5f\u30fb\u30b3\u30fc\u30d2\u30fc\u30d5\u30a7\u30a2, \u043d\u0435\u043c\u0441\u043a\u0438 \u043f\u0430\u043d\u0430\u0438\u0440 \u043d\u0430 \u0432\u0435\u043d\u0434\u0438\u043d\u0433 \u0438 \u043a\u0430\u0444\u0435, \u043d\u0435\u043c\u0435\u0446\u043a\u0430\u044f \u0432\u044b\u0441\u0442\u0430\u0432\u043a\u0430 \u0432\u0435\u043d\u0434\u0438\u043d\u0433\u0430 \u0438 \u043a\u043e\u0444\u0435\" \/>\n<meta property=\"og:url\" content=\"https:\/\/www.vendtra.com\/es\/\" \/>\n<meta property=\"og:site_name\" content=\"VENDTRA\" \/>\n<meta property=\"article:publisher\" content=\"https:\/\/www.facebook.com\/vendingreport\/?ref=pages_you_manage\" \/>\n<meta property=\"article:modified_time\" content=\"2026-04-28T15:36:08+00:00\" \/>\n<meta name=\"twitter:card\" content=\"summary_large_image\" \/>\n<meta name=\"twitter:label1\" content=\"Tiempo de lectura\" \/>\n\t<meta name=\"twitter:data1\" content=\"27 minutos\" \/>\n<script type=\"application\/ld+json\" class=\"yoast-schema-graph\">{\"@context\":\"https:\\\/\\\/schema.org\",\"@graph\":[{\"@type\":\"WebPage\",\"@id\":\"https:\\\/\\\/www.vendtra.com\\\/de\\\/\",\"url\":\"https:\\\/\\\/www.vendtra.com\\\/de\\\/\",\"name\":\"VENDTRA\",\"isPartOf\":{\"@id\":\"https:\\\/\\\/www.vendtra.com\\\/#website\"},\"datePublished\":\"2020-11-19T09:52:38+00:00\",\"dateModified\":\"2026-04-28T15:36:08+00:00\",\"description\":\"Die Messe der Vending- und Kaffeewirtschaft Deutschland, German Vending and Coffee fair, fiera tedesca del Vending e del Caff\u00e8, feria alemana del Vending y el Caf\u00e9, salon allemand de la distribution automatique et du caf\u00e9, niemieckie targi vendingu i kawy, n\u00e9met vending \u00e9s k\u00e1v\u00e9 v\u00e1s\u00e1r, n\u011bmeck\u00fd veletrh prodejn\u00edch automat\u016f a k\u00e1vy, t\u00e2rgul german de vending \u0219i cafea, alman otomat ve kahve fuari, tysk salgsautomat- og kaffemesse, tysk m\u00e4ssa f\u00f6r automater och kaffe, \u5fb7\u56fd\u81ea\u52a8\u552e\u8d27\u673a\u548c\u5496\u5561\u5c55, \u30c9\u30a4\u30c4\u81ea\u52d5\u8ca9\u58f2\u6a5f\u30fb\u30b3\u30fc\u30d2\u30fc\u30d5\u30a7\u30a2, \u043d\u0435\u043c\u0441\u043a\u0438 \u043f\u0430\u043d\u0430\u0438\u0440 \u043d\u0430 \u0432\u0435\u043d\u0434\u0438\u043d\u0433 \u0438 \u043a\u0430\u0444\u0435, \u043d\u0435\u043c\u0435\u0446\u043a\u0430\u044f \u0432\u044b\u0441\u0442\u0430\u0432\u043a\u0430 \u0432\u0435\u043d\u0434\u0438\u043d\u0433\u0430 \u0438 \u043a\u043e\u0444\u0435\",\"breadcrumb\":{\"@id\":\"https:\\\/\\\/www.vendtra.com\\\/de\\\/#breadcrumb\"},\"inLanguage\":\"es\",\"potentialAction\":[{\"@type\":\"ReadAction\",\"target\":[\"https:\\\/\\\/www.vendtra.com\\\/de\\\/\"]}]},{\"@type\":\"BreadcrumbList\",\"@id\":\"https:\\\/\\\/www.vendtra.com\\\/de\\\/#breadcrumb\",\"itemListElement\":[{\"@type\":\"ListItem\",\"position\":1,\"name\":\"Startseite\",\"item\":\"https:\\\/\\\/www.vendtra.com\\\/de\\\/\"},{\"@type\":\"ListItem\",\"position\":2,\"name\":\"Vendtra Vending Trade Festival Deutschland\"}]},{\"@type\":\"WebSite\",\"@id\":\"https:\\\/\\\/www.vendtra.com\\\/#website\",\"url\":\"https:\\\/\\\/www.vendtra.com\\\/\",\"name\":\"VENDTRA\",\"description\":\"Messe der Vending- und Kaffeewirtschaft Deutschland\",\"publisher\":{\"@id\":\"https:\\\/\\\/www.vendtra.com\\\/#organization\"},\"potentialAction\":[{\"@type\":\"SearchAction\",\"target\":{\"@type\":\"EntryPoint\",\"urlTemplate\":\"https:\\\/\\\/www.vendtra.com\\\/?s={search_term_string}\"},\"query-input\":{\"@type\":\"PropertyValueSpecification\",\"valueRequired\":true,\"valueName\":\"search_term_string\"}}],\"inLanguage\":\"es\"},{\"@type\":\"Organization\",\"@id\":\"https:\\\/\\\/www.vendtra.com\\\/#organization\",\"name\":\"VENDTRA\",\"url\":\"https:\\\/\\\/www.vendtra.com\\\/\",\"logo\":{\"@type\":\"ImageObject\",\"inLanguage\":\"es\",\"@id\":\"https:\\\/\\\/www.vendtra.com\\\/#\\\/schema\\\/logo\\\/image\\\/\",\"url\":\"https:\\\/\\\/www.vendtra.com\\\/wp-content\\\/uploads\\\/2021\\\/01\\\/vendtra_apple_ipad_retina.png\",\"contentUrl\":\"https:\\\/\\\/www.vendtra.com\\\/wp-content\\\/uploads\\\/2021\\\/01\\\/vendtra_apple_ipad_retina.png\",\"width\":167,\"height\":167,\"caption\":\"VENDTRA\"},\"image\":{\"@id\":\"https:\\\/\\\/www.vendtra.com\\\/#\\\/schema\\\/logo\\\/image\\\/\"},\"sameAs\":[\"https:\\\/\\\/www.facebook.com\\\/vendingreport\\\/?ref=pages_you_manage\"]}]}<\/script>\n<!-- \/ Yoast SEO plugin. -->","yoast_head_json":{"title":"VENDTRA","description":"Feria alemana del Vending y el Caf\u00e9","robots":{"index":"index","follow":"follow","max-snippet":"max-snippet:-1","max-image-preview":"max-image-preview:large","max-video-preview":"max-video-preview:-1"},"canonical":"https:\/\/www.vendtra.com\/es\/","og_locale":"es_ES","og_type":"article","og_title":"VENDTRA","og_description":"Die Messe der Vending- und Kaffeewirtschaft Deutschland, German Vending and Coffee fair, fiera tedesca del Vending e del Caff\u00e8, feria alemana del Vending y el Caf\u00e9, salon allemand de la distribution automatique et du caf\u00e9, niemieckie targi vendingu i kawy, n\u00e9met vending \u00e9s k\u00e1v\u00e9 v\u00e1s\u00e1r, n\u011bmeck\u00fd veletrh prodejn\u00edch automat\u016f a k\u00e1vy, t\u00e2rgul german de vending \u0219i cafea, alman otomat ve kahve fuari, tysk salgsautomat- og kaffemesse, tysk m\u00e4ssa f\u00f6r automater och kaffe, \u5fb7\u56fd\u81ea\u52a8\u552e\u8d27\u673a\u548c\u5496\u5561\u5c55, \u30c9\u30a4\u30c4\u81ea\u52d5\u8ca9\u58f2\u6a5f\u30fb\u30b3\u30fc\u30d2\u30fc\u30d5\u30a7\u30a2, \u043d\u0435\u043c\u0441\u043a\u0438 \u043f\u0430\u043d\u0430\u0438\u0440 \u043d\u0430 \u0432\u0435\u043d\u0434\u0438\u043d\u0433 \u0438 \u043a\u0430\u0444\u0435, \u043d\u0435\u043c\u0435\u0446\u043a\u0430\u044f \u0432\u044b\u0441\u0442\u0430\u0432\u043a\u0430 \u0432\u0435\u043d\u0434\u0438\u043d\u0433\u0430 \u0438 \u043a\u043e\u0444\u0435","og_url":"https:\/\/www.vendtra.com\/es\/","og_site_name":"VENDTRA","article_publisher":"https:\/\/www.facebook.com\/vendingreport\/?ref=pages_you_manage","article_modified_time":"2026-04-28T15:36:08+00:00","twitter_card":"summary_large_image","twitter_misc":{"Tiempo de lectura":"27 minutos"},"schema":{"@context":"https:\/\/schema.org","@graph":[{"@type":"WebPage","@id":"https:\/\/www.vendtra.com\/de\/","url":"https:\/\/www.vendtra.com\/de\/","name":"VENDTRA","isPartOf":{"@id":"https:\/\/www.vendtra.com\/#website"},"datePublished":"2020-11-19T09:52:38+00:00","dateModified":"2026-04-28T15:36:08+00:00","description":"Feria alemana del Vending y el Caf\u00e9","breadcrumb":{"@id":"https:\/\/www.vendtra.com\/de\/#breadcrumb"},"inLanguage":"es","potentialAction":[{"@type":"ReadAction","target":["https:\/\/www.vendtra.com\/de\/"]}]},{"@type":"BreadcrumbList","@id":"https:\/\/www.vendtra.com\/de\/#breadcrumb","itemListElement":[{"@type":"ListItem","position":1,"name":"Startseite","item":"https:\/\/www.vendtra.com\/de\/"},{"@type":"ListItem","position":2,"name":"Vendtra Vending Trade Festival Deutschland"}]},{"@type":"WebSite","@id":"https:\/\/www.vendtra.com\/#website","url":"https:\/\/www.vendtra.com\/","name":"VENDTRA","description":"Feria del sector de m\u00e1quinas expendedoras y caf\u00e9 de Alemania","publisher":{"@id":"https:\/\/www.vendtra.com\/#organization"},"potentialAction":[{"@type":"SearchAction","target":{"@type":"EntryPoint","urlTemplate":"https:\/\/www.vendtra.com\/?s={search_term_string}"},"query-input":{"@type":"PropertyValueSpecification","valueRequired":true,"valueName":"search_term_string"}}],"inLanguage":"es"},{"@type":"Organization","@id":"https:\/\/www.vendtra.com\/#organization","name":"VENDTRA","url":"https:\/\/www.vendtra.com\/","logo":{"@type":"ImageObject","inLanguage":"es","@id":"https:\/\/www.vendtra.com\/#\/schema\/logo\/image\/","url":"https:\/\/www.vendtra.com\/wp-content\/uploads\/2021\/01\/vendtra_apple_ipad_retina.png","contentUrl":"https:\/\/www.vendtra.com\/wp-content\/uploads\/2021\/01\/vendtra_apple_ipad_retina.png","width":167,"height":167,"caption":"VENDTRA"},"image":{"@id":"https:\/\/www.vendtra.com\/#\/schema\/logo\/image\/"},"sameAs":["https:\/\/www.facebook.com\/vendingreport\/?ref=pages_you_manage"]}]}},"_links":{"self":[{"href":"https:\/\/www.vendtra.com\/es\/wp-json\/wp\/v2\/pages\/2781","targetHints":{"allow":["GET"]}}],"collection":[{"href":"https:\/\/www.vendtra.com\/es\/wp-json\/wp\/v2\/pages"}],"about":[{"href":"https:\/\/www.vendtra.com\/es\/wp-json\/wp\/v2\/types\/page"}],"author":[{"embeddable":true,"href":"https:\/\/www.vendtra.com\/es\/wp-json\/wp\/v2\/users\/1"}],"replies":[{"embeddable":true,"href":"https:\/\/www.vendtra.com\/es\/wp-json\/wp\/v2\/comments?post=2781"}],"version-history":[{"count":182,"href":"https:\/\/www.vendtra.com\/es\/wp-json\/wp\/v2\/pages\/2781\/revisions"}],"predecessor-version":[{"id":7899,"href":"https:\/\/www.vendtra.com\/es\/wp-json\/wp\/v2\/pages\/2781\/revisions\/7899"}],"wp:featuredmedia":[{"embeddable":true,"href":"https:\/\/www.vendtra.com\/es\/wp-json\/"}],"wp:attachment":[{"href":"https:\/\/www.vendtra.com\/es\/wp-json\/wp\/v2\/media?parent=2781"}],"curies":[{"name":"wp","href":"https:\/\/api.w.org\/{rel}","templated":true}]}}