{"id":5249,"date":"2021-12-10T16:34:03","date_gmt":"2021-12-10T15:34:03","guid":{"rendered":"https:\/\/vendtra.com\/?page_id=5249"},"modified":"2026-04-28T17:41:22","modified_gmt":"2026-04-28T15:41:22","slug":"konzept","status":"publish","type":"page","link":"https:\/\/www.vendtra.com\/de\/konzept\/","title":{"rendered":"Konzept"},"content":{"rendered":"<p><div class=\"fusion-fullwidth fullwidth-box fusion-builder-row-1 fusion-flex-container nonhundred-percent-fullwidth non-hundred-percent-height-scrolling\" style=\"--awb-border-radius-top-left:0px;--awb-border-radius-top-right:0px;--awb-border-radius-bottom-right:0px;--awb-border-radius-bottom-left:0px;--awb-margin-bottom:36px;--awb-flex-wrap:wrap;\" ><div class=\"fusion-builder-row fusion-row fusion-flex-align-items-flex-start fusion-flex-content-wrap\" style=\"max-width:1064.96px;margin-left: calc(-4% \/ 2 );margin-right: calc(-4% \/ 2 );\"><div class=\"fusion-layout-column fusion_builder_column fusion-builder-column-0 fusion_builder_column_1_1 1_1 fusion-flex-column\" style=\"--awb-bg-size:cover;--awb-width-large:100%;--awb-margin-top-large:15px;--awb-spacing-right-large:1.92%;--awb-margin-bottom-large:15px;--awb-spacing-left-large:1.92%;--awb-width-medium:100%;--awb-order-medium:0;--awb-spacing-right-medium:1.92%;--awb-spacing-left-medium:1.92%;--awb-width-small:100%;--awb-order-small:0;--awb-spacing-right-small:1.92%;--awb-spacing-left-small:1.92%;\"><div class=\"fusion-column-wrapper fusion-column-has-shadow fusion-flex-justify-content-flex-start fusion-content-layout-column\"><div class=\"fusion-text fusion-text-1\" style=\"--awb-text-transform:none;\"><p align=\"center\"><span style=\"font-size: 50px; line-height: 51px; font-family: Inter; font-weight: 200;\" data-fusion-font=\"true\" data-fusion-google-font=\"Inter\" data-fusion-google-variant=\"200\">Offizielle Branchenmesse Deutschland<\/span><\/p>\n<\/div><div class=\"fusion-text fusion-text-2\" style=\"--awb-text-transform:none;\"><p style=\"font-family: Inter; font-weight: 400; font-size: 16px; line-height: 30px;\" data-fusion-font=\"true\" data-fusion-google-font=\"Inter\" data-fusion-google-variant=\"400\">Vendtra ist die offizielle Messe der Vending- und Kaffeewirtschaft Deutschland und wendet sich an alle organisierte und nicht-organisierte Automatenprofis und Starter. Fokus der Vendtra ist das Kerngesch\u00e4ft von Operatorn, Vending- und OCS-Unternehmen, R\u00f6ster, Catering, Betriebsverpfleger, Kiosk, Coffeeshop, Gastro, Hotel, Bakery, Metzger, Landwirte, Selbstvermarkter, Robotic und 24\/7.<\/p>\n<p style=\"font-family: Inter; font-weight: 400; font-size: 16px; line-height: 30px;\" data-fusion-font=\"true\" data-fusion-google-font=\"Inter\" data-fusion-google-variant=\"400\">In aktiver Zusammenarbeit mit den BDV (Bundesverband der Deutschen Vending-Automatenwirtschaft e.V.) konzentriert sich Vendtra darauf, allen Branchenteilnehmern praktische Antworten f\u00fcr mehr Wachstum darzustellen, Fokus: Neue Ums\u00e4tze die neuen Produkten, Technik, Konzepte und Prozessoptimierung resp. Automatisierung.<\/p>\n<p style=\"font-family: Inter; font-weight: 400; font-size: 16px; line-height: 30px;\" data-fusion-font=\"true\" data-fusion-google-font=\"Inter\" data-fusion-google-variant=\"400\">Vendtra kommt mit einem klassischen Ausstellungsbereich (Messest\u00e4nde \/ Boxen), Speed-Up Tablet (f\u00fcr noch schnelleren Kontakt), einem Vortrgsprogramm das via Aussteller und Lobby bespielt wird. Produkterkl\u00e4rungen, B2B, Trends und Einsch\u00e4tzungen z\u00e4hlen dabei zu den wichtigen Themen f\u00fcr den Verlauf beider Messetage. Der offizielle Branchenabend am ersten Messetag mit durchschnittlich +800 Besuchern unterstreicht die aktive Kommunikation und M\u00f6glichkeit zu B2B.  <\/p>\n<\/div><\/div><\/div><\/div><\/div><div class=\"fusion-fullwidth fullwidth-box fusion-builder-row-2 fusion-flex-container nonhundred-percent-fullwidth non-hundred-percent-height-scrolling\" style=\"--awb-border-radius-top-left:0px;--awb-border-radius-top-right:0px;--awb-border-radius-bottom-right:0px;--awb-border-radius-bottom-left:0px;--awb-padding-top:0px;--awb-margin-top:0px;--awb-flex-wrap:wrap;\" ><div class=\"fusion-builder-row fusion-row fusion-flex-align-items-flex-start fusion-flex-content-wrap\" style=\"max-width:1064.96px;margin-left: calc(-4% \/ 2 );margin-right: calc(-4% \/ 2 );\"><div class=\"fusion-layout-column fusion_builder_column fusion-builder-column-1 fusion_builder_column_1_3 1_3 fusion-flex-column\" style=\"--awb-bg-size:cover;--awb-width-large:33.333333333333%;--awb-margin-top-large:15px;--awb-spacing-right-large:5.76%;--awb-margin-bottom-large:15px;--awb-spacing-left-large:5.76%;--awb-width-medium:100%;--awb-order-medium:0;--awb-spacing-right-medium:1.92%;--awb-spacing-left-medium:1.92%;--awb-width-small:100%;--awb-order-small:0;--awb-spacing-right-small:1.92%;--awb-spacing-left-small:1.92%;\"><div class=\"fusion-column-wrapper fusion-column-has-shadow fusion-flex-justify-content-flex-start fusion-content-layout-column\"><div class=\"fusion-image-element \" style=\"--awb-bottom-shadow-color:rgba(140,149,163,0.4);--awb-caption-title-font-family:var(--h2_typography-font-family);--awb-caption-title-font-weight:var(--h2_typography-font-weight);--awb-caption-title-font-style:var(--h2_typography-font-style);--awb-caption-title-size:var(--h2_typography-font-size);--awb-caption-title-transform:var(--h2_typography-text-transform);--awb-caption-title-line-height:var(--h2_typography-line-height);--awb-caption-title-letter-spacing:var(--h2_typography-letter-spacing);\"><div class=\"awb-image-frame awb-image-frame-1 awb-bottomshadow\"><span class=\" fusion-imageframe imageframe-bottomshadow imageframe-1 hover-type-zoomout\"><img decoding=\"async\" width=\"496\" height=\"289\" alt=\"Vendtra, Vending Trade Festival Deutschland\" title=\"Vendtra, Vending Trade Festival Germany\" src=\"https:\/\/vendtra.com\/wp-content\/uploads\/2021\/12\/Konzept-Vendtra.png\" class=\"img-responsive wp-image-5265\" srcset=\"https:\/\/www.vendtra.com\/wp-content\/uploads\/2021\/12\/Konzept-Vendtra-200x117.png 200w, https:\/\/www.vendtra.com\/wp-content\/uploads\/2021\/12\/Konzept-Vendtra-400x233.png 400w, https:\/\/www.vendtra.com\/wp-content\/uploads\/2021\/12\/Konzept-Vendtra.png 496w\" sizes=\"(max-width: 1024px) 100vw, (max-width: 640px) 100vw, 400px\" \/><\/span><svg xmlns=\"http:\/\/www.w3.org\/2000\/svg\" version=\"1.1\" width=\"100%\" viewBox=\"0 0 600 28\" preserveAspectRatio=\"none\"><g clip-path=\"url(#a)\"><mask id=\"b\" style=\"mask-type:luminance\" maskUnits=\"userSpaceOnUse\" x=\"0\" y=\"0\" width=\"600\" height=\"28\"><path d=\"M0 0h600v28H0V0Z\" fill=\"#fff\"\/><\/mask><g filter=\"url(#c)\" mask=\"url(#b)\"><path d=\"M16.439-18.667h567.123v30.8S438.961-8.4 300-8.4C161.04-8.4 16.438 12.133 16.438 12.133v-30.8Z\" fill=\"#000\"\/><\/g><\/g><defs><clipPath id=\"a\"><path fill=\"#fff\" d=\"M0 0h600v28H0z\"\/><\/clipPath><filter id=\"c\" x=\"5.438\" y=\"-29.667\" width=\"589.123\" height=\"52.8\" filterUnits=\"userSpaceOnUse\" color-interpolation-filters=\"sRGB\"><feFlood flood-opacity=\"0\" result=\"BackgroundImageFix\"\/><feBlend in=\"SourceGraphic\" in2=\"BackgroundImageFix\" result=\"shape\"\/><feGaussianBlur stdDeviation=\"5.5\" result=\"effect1_foregroundBlur_3983_183\"\/><\/filter><\/defs><\/svg><\/div><\/div><\/div><\/div><div class=\"fusion-layout-column fusion_builder_column fusion-builder-column-2 fusion_builder_column_2_3 2_3 fusion-flex-column\" style=\"--awb-bg-size:cover;--awb-width-large:66.666666666667%;--awb-margin-top-large:0px;--awb-spacing-right-large:2.88%;--awb-margin-bottom-large:15px;--awb-spacing-left-large:2.88%;--awb-width-medium:100%;--awb-order-medium:0;--awb-spacing-right-medium:1.92%;--awb-spacing-left-medium:1.92%;--awb-width-small:100%;--awb-order-small:0;--awb-spacing-right-small:1.92%;--awb-spacing-left-small:1.92%;\"><div class=\"fusion-column-wrapper fusion-column-has-shadow fusion-flex-justify-content-flex-start fusion-content-layout-column\"><div class=\"fusion-text fusion-text-3\" style=\"--awb-text-transform:none;\"><p style=\"font-size: 30px; font-family: 'Inter Tight'; font-weight: 200; line-height: 60px;\" data-fusion-font=\"true\" data-fusion-google-font=\"Inter Tight\" data-fusion-google-variant=\"200\">VENDTRA<\/p>\n<p><span style=\"font-family: Inter; font-weight: 400; font-size: 16px; line-height: 32px;\" data-fusion-font=\"true\" data-fusion-google-font=\"Inter\" data-fusion-google-variant=\"400\">Klassische Messehalle. Messeboxen\/-Stand Area, Speed-Up Table Area (f\u00fcr den schnellen Kontakt), B\u00fchnen Area (Vortragsprogramm Aussteller\/Lobby) und die bew\u00e4hrte Operator Lounge. <\/span><\/p>\n<\/div><\/div><\/div><\/div><\/div><div class=\"fusion-fullwidth fullwidth-box fusion-builder-row-3 fusion-flex-container nonhundred-percent-fullwidth non-hundred-percent-height-scrolling\" style=\"--awb-border-radius-top-left:0px;--awb-border-radius-top-right:0px;--awb-border-radius-bottom-right:0px;--awb-border-radius-bottom-left:0px;--awb-padding-top:0px;--awb-margin-top:0px;--awb-flex-wrap:wrap;\" ><div class=\"fusion-builder-row fusion-row fusion-flex-align-items-flex-start fusion-flex-content-wrap\" style=\"max-width:1064.96px;margin-left: calc(-4% \/ 2 );margin-right: calc(-4% \/ 2 );\"><div class=\"fusion-layout-column fusion_builder_column fusion-builder-column-3 fusion_builder_column_1_3 1_3 fusion-flex-column\" style=\"--awb-bg-size:cover;--awb-width-large:33.333333333333%;--awb-margin-top-large:15px;--awb-spacing-right-large:5.76%;--awb-margin-bottom-large:15px;--awb-spacing-left-large:5.76%;--awb-width-medium:100%;--awb-order-medium:0;--awb-spacing-right-medium:1.92%;--awb-spacing-left-medium:1.92%;--awb-width-small:100%;--awb-order-small:0;--awb-spacing-right-small:1.92%;--awb-spacing-left-small:1.92%;\"><div class=\"fusion-column-wrapper fusion-column-has-shadow fusion-flex-justify-content-flex-start fusion-content-layout-column\"><div class=\"fusion-image-element \" style=\"--awb-bottom-shadow-color:rgba(140,149,163,0.4);--awb-caption-title-font-family:var(--h2_typography-font-family);--awb-caption-title-font-weight:var(--h2_typography-font-weight);--awb-caption-title-font-style:var(--h2_typography-font-style);--awb-caption-title-size:var(--h2_typography-font-size);--awb-caption-title-transform:var(--h2_typography-text-transform);--awb-caption-title-line-height:var(--h2_typography-line-height);--awb-caption-title-letter-spacing:var(--h2_typography-letter-spacing);\"><div class=\"awb-image-frame awb-image-frame-2 awb-bottomshadow\"><span class=\" fusion-imageframe imageframe-bottomshadow imageframe-2 hover-type-zoomout\"><img decoding=\"async\" width=\"496\" height=\"289\" alt=\"Vendtra, Vending Trade Festival Deutschland\" title=\"Vendtra, Vending Trade Festival Germany\" src=\"https:\/\/vendtra.com\/wp-content\/uploads\/2021\/12\/Konzept-Incentive.png\" class=\"img-responsive wp-image-5267\" srcset=\"https:\/\/www.vendtra.com\/wp-content\/uploads\/2021\/12\/Konzept-Incentive-200x117.png 200w, https:\/\/www.vendtra.com\/wp-content\/uploads\/2021\/12\/Konzept-Incentive-400x233.png 400w, https:\/\/www.vendtra.com\/wp-content\/uploads\/2021\/12\/Konzept-Incentive.png 496w\" sizes=\"(max-width: 1024px) 100vw, (max-width: 640px) 100vw, 400px\" \/><\/span><svg xmlns=\"http:\/\/www.w3.org\/2000\/svg\" version=\"1.1\" width=\"100%\" viewBox=\"0 0 600 28\" preserveAspectRatio=\"none\"><g clip-path=\"url(#a)\"><mask id=\"b\" style=\"mask-type:luminance\" maskUnits=\"userSpaceOnUse\" x=\"0\" y=\"0\" width=\"600\" height=\"28\"><path d=\"M0 0h600v28H0V0Z\" fill=\"#fff\"\/><\/mask><g filter=\"url(#c)\" mask=\"url(#b)\"><path d=\"M16.439-18.667h567.123v30.8S438.961-8.4 300-8.4C161.04-8.4 16.438 12.133 16.438 12.133v-30.8Z\" fill=\"#000\"\/><\/g><\/g><defs><clipPath id=\"a\"><path fill=\"#fff\" d=\"M0 0h600v28H0z\"\/><\/clipPath><filter id=\"c\" x=\"5.438\" y=\"-29.667\" width=\"589.123\" height=\"52.8\" filterUnits=\"userSpaceOnUse\" color-interpolation-filters=\"sRGB\"><feFlood flood-opacity=\"0\" result=\"BackgroundImageFix\"\/><feBlend in=\"SourceGraphic\" in2=\"BackgroundImageFix\" result=\"shape\"\/><feGaussianBlur stdDeviation=\"5.5\" result=\"effect1_foregroundBlur_3983_183\"\/><\/filter><\/defs><\/svg><\/div><\/div><\/div><\/div><div class=\"fusion-layout-column fusion_builder_column fusion-builder-column-4 fusion_builder_column_2_3 2_3 fusion-flex-column\" style=\"--awb-bg-size:cover;--awb-width-large:66.666666666667%;--awb-margin-top-large:0px;--awb-spacing-right-large:2.88%;--awb-margin-bottom-large:15px;--awb-spacing-left-large:2.88%;--awb-width-medium:100%;--awb-order-medium:0;--awb-spacing-right-medium:1.92%;--awb-spacing-left-medium:1.92%;--awb-width-small:100%;--awb-order-small:0;--awb-spacing-right-small:1.92%;--awb-spacing-left-small:1.92%;\"><div class=\"fusion-column-wrapper fusion-column-has-shadow fusion-flex-justify-content-flex-start fusion-content-layout-column\"><div class=\"fusion-text fusion-text-4\" style=\"--awb-text-transform:none;\"><p style=\"font-size: 30px; font-family: Inter; font-weight: 200;\" data-fusion-font=\"true\" data-fusion-google-font=\"Inter\" data-fusion-google-variant=\"200\">BRANCHENABEND<\/p>\n<p><b><span style=\"font-family: Inter; font-weight: 400; font-size: 16px; line-height: 32px;\" data-fusion-font=\"true\" data-fusion-google-font=\"Inter\" data-fusion-google-variant=\"400\">Mit durchschnittlich +800 Besuchern ist der Branchenabend der gr\u00f6\u00dfte B2B-Event der Vending- und Kaffeewirtschaft in Europa. Wer Kontakte halten und neue erhalten will, nutzt die Chance zum Dialog. <\/span><\/b><\/p>\n<\/div><\/div><\/div><\/div><\/div><div class=\"fusion-fullwidth fullwidth-box fusion-builder-row-4 fusion-flex-container nonhundred-percent-fullwidth non-hundred-percent-height-scrolling\" style=\"--awb-border-radius-top-left:0px;--awb-border-radius-top-right:0px;--awb-border-radius-bottom-right:0px;--awb-border-radius-bottom-left:0px;--awb-padding-top:0px;--awb-margin-top:0px;--awb-flex-wrap:wrap;\" ><div class=\"fusion-builder-row fusion-row fusion-flex-align-items-flex-start fusion-flex-content-wrap\" style=\"max-width:1064.96px;margin-left: calc(-4% \/ 2 );margin-right: calc(-4% \/ 2 );\"><div class=\"fusion-layout-column fusion_builder_column fusion-builder-column-5 fusion_builder_column_1_3 1_3 fusion-flex-column\" style=\"--awb-bg-size:cover;--awb-width-large:33.333333333333%;--awb-margin-top-large:15px;--awb-spacing-right-large:5.76%;--awb-margin-bottom-large:15px;--awb-spacing-left-large:5.76%;--awb-width-medium:100%;--awb-order-medium:0;--awb-spacing-right-medium:1.92%;--awb-spacing-left-medium:1.92%;--awb-width-small:100%;--awb-order-small:0;--awb-spacing-right-small:1.92%;--awb-spacing-left-small:1.92%;\"><div class=\"fusion-column-wrapper fusion-column-has-shadow fusion-flex-justify-content-flex-start fusion-content-layout-column\"><div class=\"fusion-image-element \" style=\"--awb-bottom-shadow-color:rgba(140,149,163,0.4);--awb-caption-title-font-family:var(--h2_typography-font-family);--awb-caption-title-font-weight:var(--h2_typography-font-weight);--awb-caption-title-font-style:var(--h2_typography-font-style);--awb-caption-title-size:var(--h2_typography-font-size);--awb-caption-title-transform:var(--h2_typography-text-transform);--awb-caption-title-line-height:var(--h2_typography-line-height);--awb-caption-title-letter-spacing:var(--h2_typography-letter-spacing);\"><div class=\"awb-image-frame awb-image-frame-3 awb-bottomshadow\"><span class=\" fusion-imageframe imageframe-bottomshadow imageframe-3 hover-type-zoomout\"><img decoding=\"async\" width=\"496\" height=\"289\" alt=\"Vendtra, Vending Trade Festival Deutschland\" title=\"Vendtra, Vending Trade Festival Germany\" src=\"https:\/\/vendtra.com\/wp-content\/uploads\/2021\/12\/Konzept-Twins.png\" class=\"img-responsive wp-image-5271\" srcset=\"https:\/\/www.vendtra.com\/wp-content\/uploads\/2021\/12\/Konzept-Twins-200x117.png 200w, https:\/\/www.vendtra.com\/wp-content\/uploads\/2021\/12\/Konzept-Twins-400x233.png 400w, https:\/\/www.vendtra.com\/wp-content\/uploads\/2021\/12\/Konzept-Twins.png 496w\" sizes=\"(max-width: 1024px) 100vw, (max-width: 640px) 100vw, 400px\" \/><\/span><svg xmlns=\"http:\/\/www.w3.org\/2000\/svg\" version=\"1.1\" width=\"100%\" viewBox=\"0 0 600 28\" preserveAspectRatio=\"none\"><g clip-path=\"url(#a)\"><mask id=\"b\" style=\"mask-type:luminance\" maskUnits=\"userSpaceOnUse\" x=\"0\" y=\"0\" width=\"600\" height=\"28\"><path d=\"M0 0h600v28H0V0Z\" fill=\"#fff\"\/><\/mask><g filter=\"url(#c)\" mask=\"url(#b)\"><path d=\"M16.439-18.667h567.123v30.8S438.961-8.4 300-8.4C161.04-8.4 16.438 12.133 16.438 12.133v-30.8Z\" fill=\"#000\"\/><\/g><\/g><defs><clipPath id=\"a\"><path fill=\"#fff\" d=\"M0 0h600v28H0z\"\/><\/clipPath><filter id=\"c\" x=\"5.438\" y=\"-29.667\" width=\"589.123\" height=\"52.8\" filterUnits=\"userSpaceOnUse\" color-interpolation-filters=\"sRGB\"><feFlood flood-opacity=\"0\" result=\"BackgroundImageFix\"\/><feBlend in=\"SourceGraphic\" in2=\"BackgroundImageFix\" result=\"shape\"\/><feGaussianBlur stdDeviation=\"5.5\" result=\"effect1_foregroundBlur_3983_183\"\/><\/filter><\/defs><\/svg><\/div><\/div><\/div><\/div><div class=\"fusion-layout-column fusion_builder_column fusion-builder-column-6 fusion_builder_column_2_3 2_3 fusion-flex-column\" style=\"--awb-bg-size:cover;--awb-width-large:66.666666666667%;--awb-margin-top-large:0px;--awb-spacing-right-large:2.88%;--awb-margin-bottom-large:15px;--awb-spacing-left-large:2.88%;--awb-width-medium:100%;--awb-order-medium:0;--awb-spacing-right-medium:1.92%;--awb-spacing-left-medium:1.92%;--awb-width-small:100%;--awb-order-small:0;--awb-spacing-right-small:1.92%;--awb-spacing-left-small:1.92%;\"><div class=\"fusion-column-wrapper fusion-column-has-shadow fusion-flex-justify-content-flex-start fusion-content-layout-column\"><div class=\"fusion-text fusion-text-5\" style=\"--awb-text-transform:none;\"><p style=\"font-size: 30px; font-family: Inter; font-weight: 200; line-height: 60px;\" data-fusion-font=\"true\" data-fusion-google-font=\"Inter\" data-fusion-google-variant=\"200\">VENDTRA TWINS<\/p>\n<p><span style=\"font-family: Inter; font-weight: 400; font-size: 16px; line-height: 32px;\" data-fusion-font=\"true\" data-fusion-google-font=\"Inter\" data-fusion-google-variant=\"400\">Vendtra Twins richtet sich an Mitarbeiter, die ebenfalls mit dabei sein und informiert sein wollen. Die digitale Online-Messe Vendtra Twins bietet alle Backings, Produkt-Informationen der Messe selbst und Downloads dar\u00fcber hinaus.<\/span><\/p>\n<\/div><\/div><\/div><\/div><\/div><\/p>\n","protected":false},"excerpt":{"rendered":"","protected":false},"author":1,"featured_media":-3,"parent":0,"menu_order":0,"comment_status":"closed","ping_status":"closed","template":"100-width.php","meta":{"_acf_changed":false,"footnotes":""},"class_list":["post-5249","page","type-page","status-publish","has-post-thumbnail","hentry"],"acf":[],"yoast_head":"<!-- This site is optimized with the Yoast SEO plugin v27.5 - https:\/\/yoast.com\/product\/yoast-seo-wordpress\/ -->\n<title>VENDTRA<\/title>\n<meta name=\"description\" content=\"Vending Trade Festival, Germany\" \/>\n<meta name=\"robots\" content=\"index, follow, max-snippet:-1, max-image-preview:large, max-video-preview:-1\" \/>\n<link rel=\"canonical\" href=\"https:\/\/www.vendtra.com\/de\/konzept\/\" \/>\n<meta property=\"og:locale\" content=\"de_DE\" \/>\n<meta property=\"og:type\" content=\"article\" \/>\n<meta property=\"og:title\" content=\"VENDTRA\" \/>\n<meta property=\"og:description\" content=\"Vending Trade Festival, Germany\" \/>\n<meta property=\"og:url\" content=\"https:\/\/www.vendtra.com\/de\/konzept\/\" \/>\n<meta property=\"og:site_name\" content=\"VENDTRA\" \/>\n<meta property=\"article:publisher\" content=\"https:\/\/www.facebook.com\/vendingreport\/?ref=pages_you_manage\" \/>\n<meta property=\"article:modified_time\" content=\"2026-04-28T15:41:22+00:00\" \/>\n<meta name=\"twitter:card\" content=\"summary_large_image\" \/>\n<meta name=\"twitter:label1\" content=\"Gesch\u00e4tzte Lesezeit\" \/>\n\t<meta name=\"twitter:data1\" content=\"6\u00a0Minuten\" \/>\n<script type=\"application\/ld+json\" class=\"yoast-schema-graph\">{\"@context\":\"https:\\\/\\\/schema.org\",\"@graph\":[{\"@type\":\"WebPage\",\"@id\":\"https:\\\/\\\/www.vendtra.com\\\/de\\\/konzept\\\/\",\"url\":\"https:\\\/\\\/www.vendtra.com\\\/de\\\/konzept\\\/\",\"name\":\"VENDTRA\",\"isPartOf\":{\"@id\":\"https:\\\/\\\/www.vendtra.com\\\/#website\"},\"datePublished\":\"2021-12-10T15:34:03+00:00\",\"dateModified\":\"2026-04-28T15:41:22+00:00\",\"description\":\"Vending Trade Festival, Germany\",\"breadcrumb\":{\"@id\":\"https:\\\/\\\/www.vendtra.com\\\/de\\\/konzept\\\/#breadcrumb\"},\"inLanguage\":\"de\",\"potentialAction\":[{\"@type\":\"ReadAction\",\"target\":[\"https:\\\/\\\/www.vendtra.com\\\/de\\\/konzept\\\/\"]}]},{\"@type\":\"BreadcrumbList\",\"@id\":\"https:\\\/\\\/www.vendtra.com\\\/de\\\/konzept\\\/#breadcrumb\",\"itemListElement\":[{\"@type\":\"ListItem\",\"position\":1,\"name\":\"Startseite\",\"item\":\"https:\\\/\\\/www.vendtra.com\\\/de\\\/\"},{\"@type\":\"ListItem\",\"position\":2,\"name\":\"Konzept\"}]},{\"@type\":\"WebSite\",\"@id\":\"https:\\\/\\\/www.vendtra.com\\\/#website\",\"url\":\"https:\\\/\\\/www.vendtra.com\\\/\",\"name\":\"VENDTRA\",\"description\":\"Messe der Vending- und Kaffeewirtschaft Deutschland\",\"publisher\":{\"@id\":\"https:\\\/\\\/www.vendtra.com\\\/#organization\"},\"potentialAction\":[{\"@type\":\"SearchAction\",\"target\":{\"@type\":\"EntryPoint\",\"urlTemplate\":\"https:\\\/\\\/www.vendtra.com\\\/?s={search_term_string}\"},\"query-input\":{\"@type\":\"PropertyValueSpecification\",\"valueRequired\":true,\"valueName\":\"search_term_string\"}}],\"inLanguage\":\"de\"},{\"@type\":\"Organization\",\"@id\":\"https:\\\/\\\/www.vendtra.com\\\/#organization\",\"name\":\"VENDTRA\",\"url\":\"https:\\\/\\\/www.vendtra.com\\\/\",\"logo\":{\"@type\":\"ImageObject\",\"inLanguage\":\"de\",\"@id\":\"https:\\\/\\\/www.vendtra.com\\\/#\\\/schema\\\/logo\\\/image\\\/\",\"url\":\"https:\\\/\\\/www.vendtra.com\\\/wp-content\\\/uploads\\\/2021\\\/01\\\/vendtra_apple_ipad_retina.png\",\"contentUrl\":\"https:\\\/\\\/www.vendtra.com\\\/wp-content\\\/uploads\\\/2021\\\/01\\\/vendtra_apple_ipad_retina.png\",\"width\":167,\"height\":167,\"caption\":\"VENDTRA\"},\"image\":{\"@id\":\"https:\\\/\\\/www.vendtra.com\\\/#\\\/schema\\\/logo\\\/image\\\/\"},\"sameAs\":[\"https:\\\/\\\/www.facebook.com\\\/vendingreport\\\/?ref=pages_you_manage\"]}]}<\/script>\n<!-- \/ Yoast SEO plugin. -->","yoast_head_json":{"title":"VENDTRA","description":"Vending Trade Festival, Germany","robots":{"index":"index","follow":"follow","max-snippet":"max-snippet:-1","max-image-preview":"max-image-preview:large","max-video-preview":"max-video-preview:-1"},"canonical":"https:\/\/www.vendtra.com\/de\/konzept\/","og_locale":"de_DE","og_type":"article","og_title":"VENDTRA","og_description":"Vending Trade Festival, Germany","og_url":"https:\/\/www.vendtra.com\/de\/konzept\/","og_site_name":"VENDTRA","article_publisher":"https:\/\/www.facebook.com\/vendingreport\/?ref=pages_you_manage","article_modified_time":"2026-04-28T15:41:22+00:00","twitter_card":"summary_large_image","twitter_misc":{"Gesch\u00e4tzte Lesezeit":"6\u00a0Minuten"},"schema":{"@context":"https:\/\/schema.org","@graph":[{"@type":"WebPage","@id":"https:\/\/www.vendtra.com\/de\/konzept\/","url":"https:\/\/www.vendtra.com\/de\/konzept\/","name":"VENDTRA","isPartOf":{"@id":"https:\/\/www.vendtra.com\/#website"},"datePublished":"2021-12-10T15:34:03+00:00","dateModified":"2026-04-28T15:41:22+00:00","description":"Vending Trade Festival, Germany","breadcrumb":{"@id":"https:\/\/www.vendtra.com\/de\/konzept\/#breadcrumb"},"inLanguage":"de","potentialAction":[{"@type":"ReadAction","target":["https:\/\/www.vendtra.com\/de\/konzept\/"]}]},{"@type":"BreadcrumbList","@id":"https:\/\/www.vendtra.com\/de\/konzept\/#breadcrumb","itemListElement":[{"@type":"ListItem","position":1,"name":"Startseite","item":"https:\/\/www.vendtra.com\/de\/"},{"@type":"ListItem","position":2,"name":"Konzept"}]},{"@type":"WebSite","@id":"https:\/\/www.vendtra.com\/#website","url":"https:\/\/www.vendtra.com\/","name":"VENDTRA","description":"Messe der Vending- und Kaffeewirtschaft Deutschland","publisher":{"@id":"https:\/\/www.vendtra.com\/#organization"},"potentialAction":[{"@type":"SearchAction","target":{"@type":"EntryPoint","urlTemplate":"https:\/\/www.vendtra.com\/?s={search_term_string}"},"query-input":{"@type":"PropertyValueSpecification","valueRequired":true,"valueName":"search_term_string"}}],"inLanguage":"de"},{"@type":"Organization","@id":"https:\/\/www.vendtra.com\/#organization","name":"VENDTRA","url":"https:\/\/www.vendtra.com\/","logo":{"@type":"ImageObject","inLanguage":"de","@id":"https:\/\/www.vendtra.com\/#\/schema\/logo\/image\/","url":"https:\/\/www.vendtra.com\/wp-content\/uploads\/2021\/01\/vendtra_apple_ipad_retina.png","contentUrl":"https:\/\/www.vendtra.com\/wp-content\/uploads\/2021\/01\/vendtra_apple_ipad_retina.png","width":167,"height":167,"caption":"VENDTRA"},"image":{"@id":"https:\/\/www.vendtra.com\/#\/schema\/logo\/image\/"},"sameAs":["https:\/\/www.facebook.com\/vendingreport\/?ref=pages_you_manage"]}]}},"_links":{"self":[{"href":"https:\/\/www.vendtra.com\/de\/wp-json\/wp\/v2\/pages\/5249","targetHints":{"allow":["GET"]}}],"collection":[{"href":"https:\/\/www.vendtra.com\/de\/wp-json\/wp\/v2\/pages"}],"about":[{"href":"https:\/\/www.vendtra.com\/de\/wp-json\/wp\/v2\/types\/page"}],"author":[{"embeddable":true,"href":"https:\/\/www.vendtra.com\/de\/wp-json\/wp\/v2\/users\/1"}],"replies":[{"embeddable":true,"href":"https:\/\/www.vendtra.com\/de\/wp-json\/wp\/v2\/comments?post=5249"}],"version-history":[{"count":15,"href":"https:\/\/www.vendtra.com\/de\/wp-json\/wp\/v2\/pages\/5249\/revisions"}],"predecessor-version":[{"id":7900,"href":"https:\/\/www.vendtra.com\/de\/wp-json\/wp\/v2\/pages\/5249\/revisions\/7900"}],"wp:featuredmedia":[{"embeddable":true,"href":"https:\/\/www.vendtra.com\/de\/wp-json\/"}],"wp:attachment":[{"href":"https:\/\/www.vendtra.com\/de\/wp-json\/wp\/v2\/media?parent=5249"}],"curies":[{"name":"wp","href":"https:\/\/api.w.org\/{rel}","templated":true}]}}